{"id":84034,"date":"2025-04-18T09:32:38","date_gmt":"2025-04-18T08:32:38","guid":{"rendered":"https:\/\/inmocosta.com\/properties\/casa-adossada-a-la-tranquil%c2%b7la-zona-de-la-torre-gran-lestartit\/"},"modified":"2025-10-01T11:00:08","modified_gmt":"2025-10-01T10:00:08","slug":"casa-adosada-en-la-tranquila-zona-de-la-torre-gran-lestartit","status":"publish","type":"estate_property","link":"https:\/\/inmocosta.com\/es\/properties\/casa-adosada-en-la-tranquila-zona-de-la-torre-gran-lestartit\/","title":{"rendered":"Casa adosada en la tranquila zona de la Torre Gran, L&#8217;Estartit."},"content":{"rendered":"<p>[vc_row][vc_column][vc_column_text]<\/p>\n<h3>Casa adosada en la tranquila zona de la Torre Gran, L&#8217;Estartit.<\/h3>\n<p>Acogedora casa adosada situada en la comunidad residencial de Torre Bonica, dentro de la urbanizaci\u00f3n de Torre Gran, en L&#8217;Estartit. Se trata de un entorno tranquilo y bien cuidado, ideal para disfrutar de la naturaleza y la calma de la Costa Brava.<\/p>\n<p>Dispone de una agradable comunidad con una piscina comunitaria y un \u00e1rea de aparcamiento con plaza privada asignada a cada vecino.<\/p>\n<p>La propiedad cuenta con una parcela de unos 260 m\u00b2, que rodea a tres fachadas de la vivienda \u2014la otra medianera linda con otra casa adosada. La superficie construida es de 77 m2.<\/p>\n<p>Se distribuye en un amplio jard\u00edn exterior, un peque\u00f1o porche de entrada, un sal\u00f3n-comedor con cocina abierta y salida directa a la parte posterior de la casa, donde encontramos una zona de barbacoa. Dispone de tres dormitorios dobles y un ba\u00f1o completo.<\/p>\n<p>En la zona posterior de la casa, donde se encuentra la barbacoa, linda con una bonita \u00e1rea boscosa que forma parte del Parque Natural del Montgr\u00ed, ofreciendo un entorno privilegiado para relajarse y disfrutar de la naturaleza.<\/p>\n<p>La casa se encuentra en buen estado de conservaci\u00f3n y mantiene su estilo original[\/vc_column_text][\/vc_column][\/vc_row][vc_row][vc_column][vc_separator][\/vc_column][\/vc_row][vc_row][vc_column][vc_custom_heading text=\u00bbVisita Virtual:\u00bb font_container=\u00bbtag:h2|text_align:left|color:%23d0b08c\u00bb][\/vc_column][\/vc_row][vc_row][vc_column][vc_raw_html]JTNDaWZyYW1lJTIwd2lkdGglM0QlMjc3MjUlMjclMjBoZWlnaHQlM0QlMjc0NTAlMjclMjBzcmMlM0QlMjdodHRwcyUzQSUyRiUyRm5vZGFsdmlldy5jb20lMkZzJTJGMVc3Rl9fbW8xRUR3UWd4cW13U2M4cCUyNyUyMGZyYW1lYm9yZGVyJTNEJTI3MCUyNyUyMGFsbG93ZnVsbHNjcmVlbiUyMGFsbG93JTNEJTI3eHItc3BhdGlhbC10cmFja2luZyUyNyUzRSUzQyUyRmlmcmFtZSUzRQ==[\/vc_raw_html][\/vc_column][\/vc_row]<\/p>\n","protected":false},"excerpt":{"rendered":"<p>[vc_row][vc_column][vc_column_text] Casa adosada en la tranquila zona de la Torre Gran, L&#8217;Estartit. Acogedora casa adosada situada en la comunidad residencial de Torre Bonica, dentro de la urbanizaci\u00f3n de Torre Gran, en L&#8217;Estartit. Se trata de un entorno tranquilo y bien cuidado, ideal para disfrutar de la naturaleza y la calma de la Costa Brava. Dispone de una agradable comunidad con una piscina comunitaria y &#8230;<\/p>\n","protected":false},"featured_media":83995,"comment_status":"closed","ping_status":"closed","template":"","property_category":[136],"property_action_category":[154],"property_city":[184],"property_area":[210],"property_county_state":[75,74],"property_features":[3169,3106,3151,3185,3195,3094,3135,3202,3097,3126,3172,3121],"property_status":[3161],"class_list":["post-84034","estate_property","type-estate_property","status-publish","has-post-thumbnail","hentry","property_category-casa","property_action_category-en-venta","property_city-lestartit-es","property_area-torre-gran","property_county_state-baix-emporda","property_county_state-costa-brava","property_features-back-yard-es","property_features-balcony-es","property_features-big-windows-with-nature-views-es","property_features-community-swimming-pool-es","property_features-fenced-yard-es","property_features-fireplace-es","property_features-fitted-wardrobe-es","property_features-front-yard-es","property_features-mountain-views-es","property_features-parking-place-es","property_features-quiet-location-es","property_features-terrace-es","property_status-venut-vendido-vendue-sold-es"],"yoast_head":"<!-- This site is optimized with the Yoast SEO plugin v21.8 - https:\/\/yoast.com\/wordpress\/plugins\/seo\/ -->\n<title>Casa adosada en la tranquila zona de la Torre Gran, L&#039;Estartit. - Inmocosta API l&#039;Estartit -<\/title>\n<meta name=\"description\" content=\"Casa adosada en venta situada en la tranquila zona de la Torre Gran, L&#039;Estartit. - InmoCosta API Estartit.\" \/>\n<meta name=\"robots\" content=\"index, follow, max-snippet:-1, max-image-preview:large, max-video-preview:-1\" \/>\n<link rel=\"canonical\" href=\"https:\/\/inmocosta.com\/es\/properties\/casa-adosada-en-la-tranquila-zona-de-la-torre-gran-lestartit\/\" \/>\n<meta property=\"og:locale\" content=\"es_ES\" \/>\n<meta property=\"og:type\" content=\"article\" \/>\n<meta property=\"og:title\" content=\"Casa adosada en la tranquila zona de la Torre Gran, L&#039;Estartit. - Inmocosta API l&#039;Estartit -\" \/>\n<meta property=\"og:description\" content=\"Casa adosada en venta situada en la tranquila zona de la Torre Gran, L&#039;Estartit. - InmoCosta API Estartit.\" \/>\n<meta property=\"og:url\" content=\"https:\/\/inmocosta.com\/es\/properties\/casa-adosada-en-la-tranquila-zona-de-la-torre-gran-lestartit\/\" \/>\n<meta property=\"og:site_name\" content=\"Inmocosta API l&#039;Estartit -\" \/>\n<meta property=\"article:publisher\" content=\"https:\/\/www.facebook.com\/inmocostaapi\/\" \/>\n<meta property=\"article:modified_time\" content=\"2025-10-01T10:00:08+00:00\" \/>\n<meta property=\"og:image\" content=\"https:\/\/inmocosta.com\/wp-content\/uploads\/2025\/04\/2272-Torre-Bonica-InmoCosta-API-Estartit-Jardi-1.jpg\" \/>\n\t<meta property=\"og:image:width\" content=\"800\" \/>\n\t<meta property=\"og:image:height\" content=\"600\" \/>\n\t<meta property=\"og:image:type\" content=\"image\/jpeg\" \/>\n<meta name=\"twitter:card\" content=\"summary_large_image\" \/>\n<meta name=\"twitter:label1\" content=\"Tiempo de lectura\" \/>\n\t<meta name=\"twitter:data1\" content=\"2 minutos\" \/>\n<script type=\"application\/ld+json\" class=\"yoast-schema-graph\">{\"@context\":\"https:\/\/schema.org\",\"@graph\":[{\"@type\":\"WebPage\",\"@id\":\"https:\/\/inmocosta.com\/es\/properties\/casa-adosada-en-la-tranquila-zona-de-la-torre-gran-lestartit\/\",\"url\":\"https:\/\/inmocosta.com\/es\/properties\/casa-adosada-en-la-tranquila-zona-de-la-torre-gran-lestartit\/\",\"name\":\"Casa adosada en la tranquila zona de la Torre Gran, L'Estartit. - Inmocosta API l&#039;Estartit -\",\"isPartOf\":{\"@id\":\"https:\/\/inmocosta.com\/es\/#website\"},\"datePublished\":\"2025-04-18T08:32:38+00:00\",\"dateModified\":\"2025-10-01T10:00:08+00:00\",\"description\":\"Casa adosada en venta situada en la tranquila zona de la Torre Gran, L'Estartit. - InmoCosta API Estartit.\",\"breadcrumb\":{\"@id\":\"https:\/\/inmocosta.com\/es\/properties\/casa-adosada-en-la-tranquila-zona-de-la-torre-gran-lestartit\/#breadcrumb\"},\"inLanguage\":\"es\",\"potentialAction\":[{\"@type\":\"ReadAction\",\"target\":[\"https:\/\/inmocosta.com\/es\/properties\/casa-adosada-en-la-tranquila-zona-de-la-torre-gran-lestartit\/\"]}]},{\"@type\":\"BreadcrumbList\",\"@id\":\"https:\/\/inmocosta.com\/es\/properties\/casa-adosada-en-la-tranquila-zona-de-la-torre-gran-lestartit\/#breadcrumb\",\"itemListElement\":[{\"@type\":\"ListItem\",\"position\":1,\"name\":\"Home\",\"item\":\"https:\/\/inmocosta.com\/es\/\"},{\"@type\":\"ListItem\",\"position\":2,\"name\":\"Propiedades\",\"item\":\"https:\/\/inmocosta.com\/es\/properties\/\"},{\"@type\":\"ListItem\",\"position\":3,\"name\":\"Casa adosada en la tranquila zona de la Torre Gran, L&#8217;Estartit.\"}]},{\"@type\":\"WebSite\",\"@id\":\"https:\/\/inmocosta.com\/es\/#website\",\"url\":\"https:\/\/inmocosta.com\/es\/\",\"name\":\"Inmocosta API l&#039;Estartit -\",\"description\":\"Ag\u00e8ncia immobiliaria dedicada exclusivament a la compra venda d\u00b4immobles . L&#039;assessorem en la compra del seu habitatge. Comprar cases, pisos, apartaments.\",\"publisher\":{\"@id\":\"https:\/\/inmocosta.com\/es\/#organization\"},\"potentialAction\":[{\"@type\":\"SearchAction\",\"target\":{\"@type\":\"EntryPoint\",\"urlTemplate\":\"https:\/\/inmocosta.com\/es\/?s={search_term_string}\"},\"query-input\":\"required name=search_term_string\"}],\"inLanguage\":\"es\"},{\"@type\":\"Organization\",\"@id\":\"https:\/\/inmocosta.com\/es\/#organization\",\"name\":\"Inmocosta API L'Estartit\",\"url\":\"https:\/\/inmocosta.com\/es\/\",\"logo\":{\"@type\":\"ImageObject\",\"inLanguage\":\"es\",\"@id\":\"https:\/\/inmocosta.com\/es\/#\/schema\/logo\/image\/\",\"url\":\"https:\/\/inmocosta.com\/wp-content\/uploads\/2025\/01\/imatge_usuari.png\",\"contentUrl\":\"https:\/\/inmocosta.com\/wp-content\/uploads\/2025\/01\/imatge_usuari.png\",\"width\":500,\"height\":500,\"caption\":\"Inmocosta API L'Estartit\"},\"image\":{\"@id\":\"https:\/\/inmocosta.com\/es\/#\/schema\/logo\/image\/\"},\"sameAs\":[\"https:\/\/www.facebook.com\/inmocostaapi\/\",\"https:\/\/www.instagram.com\/inmocosta_api\/\",\"https:\/\/www.youtube.com\/channel\/UCidmbkY6BpJG9MA_OQUZgYQ\"]}]}<\/script>\n<!-- \/ Yoast SEO plugin. -->","yoast_head_json":{"title":"Casa adosada en la tranquila zona de la Torre Gran, L'Estartit. - Inmocosta API l&#039;Estartit -","description":"Casa adosada en venta situada en la tranquila zona de la Torre Gran, L'Estartit. - InmoCosta API Estartit.","robots":{"index":"index","follow":"follow","max-snippet":"max-snippet:-1","max-image-preview":"max-image-preview:large","max-video-preview":"max-video-preview:-1"},"canonical":"https:\/\/inmocosta.com\/es\/properties\/casa-adosada-en-la-tranquila-zona-de-la-torre-gran-lestartit\/","og_locale":"es_ES","og_type":"article","og_title":"Casa adosada en la tranquila zona de la Torre Gran, L'Estartit. - Inmocosta API l&#039;Estartit -","og_description":"Casa adosada en venta situada en la tranquila zona de la Torre Gran, L'Estartit. - InmoCosta API Estartit.","og_url":"https:\/\/inmocosta.com\/es\/properties\/casa-adosada-en-la-tranquila-zona-de-la-torre-gran-lestartit\/","og_site_name":"Inmocosta API l&#039;Estartit -","article_publisher":"https:\/\/www.facebook.com\/inmocostaapi\/","article_modified_time":"2025-10-01T10:00:08+00:00","og_image":[{"width":800,"height":600,"url":"https:\/\/inmocosta.com\/wp-content\/uploads\/2025\/04\/2272-Torre-Bonica-InmoCosta-API-Estartit-Jardi-1.jpg","type":"image\/jpeg"}],"twitter_card":"summary_large_image","twitter_misc":{"Tiempo de lectura":"2 minutos"},"schema":{"@context":"https:\/\/schema.org","@graph":[{"@type":"WebPage","@id":"https:\/\/inmocosta.com\/es\/properties\/casa-adosada-en-la-tranquila-zona-de-la-torre-gran-lestartit\/","url":"https:\/\/inmocosta.com\/es\/properties\/casa-adosada-en-la-tranquila-zona-de-la-torre-gran-lestartit\/","name":"Casa adosada en la tranquila zona de la Torre Gran, L'Estartit. - Inmocosta API l&#039;Estartit -","isPartOf":{"@id":"https:\/\/inmocosta.com\/es\/#website"},"datePublished":"2025-04-18T08:32:38+00:00","dateModified":"2025-10-01T10:00:08+00:00","description":"Casa adosada en venta situada en la tranquila zona de la Torre Gran, L'Estartit. - InmoCosta API Estartit.","breadcrumb":{"@id":"https:\/\/inmocosta.com\/es\/properties\/casa-adosada-en-la-tranquila-zona-de-la-torre-gran-lestartit\/#breadcrumb"},"inLanguage":"es","potentialAction":[{"@type":"ReadAction","target":["https:\/\/inmocosta.com\/es\/properties\/casa-adosada-en-la-tranquila-zona-de-la-torre-gran-lestartit\/"]}]},{"@type":"BreadcrumbList","@id":"https:\/\/inmocosta.com\/es\/properties\/casa-adosada-en-la-tranquila-zona-de-la-torre-gran-lestartit\/#breadcrumb","itemListElement":[{"@type":"ListItem","position":1,"name":"Home","item":"https:\/\/inmocosta.com\/es\/"},{"@type":"ListItem","position":2,"name":"Propiedades","item":"https:\/\/inmocosta.com\/es\/properties\/"},{"@type":"ListItem","position":3,"name":"Casa adosada en la tranquila zona de la Torre Gran, L&#8217;Estartit."}]},{"@type":"WebSite","@id":"https:\/\/inmocosta.com\/es\/#website","url":"https:\/\/inmocosta.com\/es\/","name":"Inmocosta API l&#039;Estartit -","description":"Ag\u00e8ncia immobiliaria dedicada exclusivament a la compra venda d\u00b4immobles . L&#039;assessorem en la compra del seu habitatge. Comprar cases, pisos, apartaments.","publisher":{"@id":"https:\/\/inmocosta.com\/es\/#organization"},"potentialAction":[{"@type":"SearchAction","target":{"@type":"EntryPoint","urlTemplate":"https:\/\/inmocosta.com\/es\/?s={search_term_string}"},"query-input":"required name=search_term_string"}],"inLanguage":"es"},{"@type":"Organization","@id":"https:\/\/inmocosta.com\/es\/#organization","name":"Inmocosta API L'Estartit","url":"https:\/\/inmocosta.com\/es\/","logo":{"@type":"ImageObject","inLanguage":"es","@id":"https:\/\/inmocosta.com\/es\/#\/schema\/logo\/image\/","url":"https:\/\/inmocosta.com\/wp-content\/uploads\/2025\/01\/imatge_usuari.png","contentUrl":"https:\/\/inmocosta.com\/wp-content\/uploads\/2025\/01\/imatge_usuari.png","width":500,"height":500,"caption":"Inmocosta API L'Estartit"},"image":{"@id":"https:\/\/inmocosta.com\/es\/#\/schema\/logo\/image\/"},"sameAs":["https:\/\/www.facebook.com\/inmocostaapi\/","https:\/\/www.instagram.com\/inmocosta_api\/","https:\/\/www.youtube.com\/channel\/UCidmbkY6BpJG9MA_OQUZgYQ"]}]}},"_links":{"self":[{"href":"https:\/\/inmocosta.com\/es\/wp-json\/wp\/v2\/estate_property\/84034","targetHints":{"allow":["GET"]}}],"collection":[{"href":"https:\/\/inmocosta.com\/es\/wp-json\/wp\/v2\/estate_property"}],"about":[{"href":"https:\/\/inmocosta.com\/es\/wp-json\/wp\/v2\/types\/estate_property"}],"replies":[{"embeddable":true,"href":"https:\/\/inmocosta.com\/es\/wp-json\/wp\/v2\/comments?post=84034"}],"wp:featuredmedia":[{"embeddable":true,"href":"https:\/\/inmocosta.com\/es\/wp-json\/wp\/v2\/media\/83995"}],"wp:attachment":[{"href":"https:\/\/inmocosta.com\/es\/wp-json\/wp\/v2\/media?parent=84034"}],"wp:term":[{"taxonomy":"property_category","embeddable":true,"href":"https:\/\/inmocosta.com\/es\/wp-json\/wp\/v2\/property_category?post=84034"},{"taxonomy":"property_action_category","embeddable":true,"href":"https:\/\/inmocosta.com\/es\/wp-json\/wp\/v2\/property_action_category?post=84034"},{"taxonomy":"property_city","embeddable":true,"href":"https:\/\/inmocosta.com\/es\/wp-json\/wp\/v2\/property_city?post=84034"},{"taxonomy":"property_area","embeddable":true,"href":"https:\/\/inmocosta.com\/es\/wp-json\/wp\/v2\/property_area?post=84034"},{"taxonomy":"property_county_state","embeddable":true,"href":"https:\/\/inmocosta.com\/es\/wp-json\/wp\/v2\/property_county_state?post=84034"},{"taxonomy":"property_features","embeddable":true,"href":"https:\/\/inmocosta.com\/es\/wp-json\/wp\/v2\/property_features?post=84034"},{"taxonomy":"property_status","embeddable":true,"href":"https:\/\/inmocosta.com\/es\/wp-json\/wp\/v2\/property_status?post=84034"}],"curies":[{"name":"wp","href":"https:\/\/api.w.org\/{rel}","templated":true}]}}