{"id":85410,"date":"2025-10-06T13:59:51","date_gmt":"2025-10-06T12:59:51","guid":{"rendered":"https:\/\/inmocosta.com\/properties\/terreny-edificable-en-venda-a-parlava-baix-emporda\/"},"modified":"2025-10-29T14:55:21","modified_gmt":"2025-10-29T13:55:21","slug":"terreno-edificable-en-venta-en-parlava-baix-emporda","status":"publish","type":"estate_property","link":"https:\/\/inmocosta.com\/es\/properties\/terreno-edificable-en-venta-en-parlava-baix-emporda\/","title":{"rendered":"Terreno edificable en venta en Parlav\u00e0, Baix Empord\u00e0."},"content":{"rendered":"<p>[vc_row][vc_column][vc_column_text]<\/p>\n<h3>Terreno edificable en venta en Parlav\u00e0, Baix Empord\u00e0.<\/h3>\n<p>Se vende parcela de terreno edificable en Parlav\u00e0, situada en una tranquila zona residencial del pueblo, perfecta para quienes buscan disfrutar de la paz y la cercan\u00eda a la naturaleza.<\/p>\n<p>La parcela tiene una superficie de 487 metros cuadrados.<\/p>\n<p>Seg\u00fan la normativa urban\u00edstica, se permite la edificaci\u00f3n de una vivienda unifamiliar con una superficie construida maxima de 350 metros cuadrados.<\/p>\n<p>Si desean m\u00e1s informaci\u00f3n sobre este terreno y sus opciones de edificaci\u00f3n, no duden en contactar con nosotras.[\/vc_column_text][\/vc_column][\/vc_row]<\/p>\n","protected":false},"excerpt":{"rendered":"<p>[vc_row][vc_column][vc_column_text] Terreno edificable en venta en Parlav\u00e0, Baix Empord\u00e0. Se vende parcela de terreno edificable en Parlav\u00e0, situada en una tranquila zona residencial del pueblo, perfecta para quienes buscan disfrutar de la paz y la cercan\u00eda a la naturaleza. La parcela tiene una superficie de 487 metros cuadrados. Seg\u00fan la normativa urban\u00edstica, se permite la edificaci\u00f3n de una vivienda unifamiliar con una superficie construida &#8230;<\/p>\n","protected":false},"featured_media":86658,"comment_status":"closed","ping_status":"closed","template":"","property_category":[135,136,141],"property_action_category":[154],"property_city":[3194],"property_area":[3181],"property_county_state":[75],"property_features":[],"property_status":[],"class_list":["post-85410","estate_property","type-estate_property","status-publish","has-post-thumbnail","hentry","property_category-apartamento","property_category-casa","property_category-terreno","property_action_category-en-venta","property_city-parlava-es","property_area-zona-residencial-es","property_county_state-baix-emporda"],"yoast_head":"<!-- This site is optimized with the Yoast SEO plugin v21.8 - https:\/\/yoast.com\/wordpress\/plugins\/seo\/ -->\n<title>Terreno edificable en venta en Parlav\u00e0, Baix Empord\u00e0. - Inmocosta API l&#039;Estartit -<\/title>\n<meta name=\"description\" content=\"Terreno edificable en venta situado en el pueblo de Parlav\u00e0, Baix Empord\u00e0.. - InmoCosta API Estartit.\" \/>\n<meta name=\"robots\" content=\"index, follow, max-snippet:-1, max-image-preview:large, max-video-preview:-1\" \/>\n<link rel=\"canonical\" href=\"https:\/\/inmocosta.com\/es\/properties\/terreno-edificable-en-venta-en-parlava-baix-emporda\/\" \/>\n<meta property=\"og:locale\" content=\"es_ES\" \/>\n<meta property=\"og:type\" content=\"article\" \/>\n<meta property=\"og:title\" content=\"Terreno edificable en venta en Parlav\u00e0, Baix Empord\u00e0. - Inmocosta API l&#039;Estartit -\" \/>\n<meta property=\"og:description\" content=\"Terreno edificable en venta situado en el pueblo de Parlav\u00e0, Baix Empord\u00e0.. - InmoCosta API Estartit.\" \/>\n<meta property=\"og:url\" content=\"https:\/\/inmocosta.com\/es\/properties\/terreno-edificable-en-venta-en-parlava-baix-emporda\/\" \/>\n<meta property=\"og:site_name\" content=\"Inmocosta API l&#039;Estartit -\" \/>\n<meta property=\"article:publisher\" content=\"https:\/\/www.facebook.com\/inmocostaapi\/\" \/>\n<meta property=\"article:modified_time\" content=\"2025-10-29T13:55:21+00:00\" \/>\n<meta property=\"og:image\" content=\"https:\/\/inmocosta.com\/wp-content\/uploads\/2025\/10\/Captura-de-pantalla-2025-10-03-a-les-12.38.57-scaled.jpeg\" \/>\n\t<meta property=\"og:image:width\" content=\"2560\" \/>\n\t<meta property=\"og:image:height\" content=\"1193\" \/>\n\t<meta property=\"og:image:type\" content=\"image\/jpeg\" \/>\n<meta name=\"twitter:card\" content=\"summary_large_image\" \/>\n<meta name=\"twitter:label1\" content=\"Tiempo de lectura\" \/>\n\t<meta name=\"twitter:data1\" content=\"1 minuto\" \/>\n<script type=\"application\/ld+json\" class=\"yoast-schema-graph\">{\"@context\":\"https:\/\/schema.org\",\"@graph\":[{\"@type\":\"WebPage\",\"@id\":\"https:\/\/inmocosta.com\/es\/properties\/terreno-edificable-en-venta-en-parlava-baix-emporda\/\",\"url\":\"https:\/\/inmocosta.com\/es\/properties\/terreno-edificable-en-venta-en-parlava-baix-emporda\/\",\"name\":\"Terreno edificable en venta en Parlav\u00e0, Baix Empord\u00e0. - Inmocosta API l&#039;Estartit -\",\"isPartOf\":{\"@id\":\"https:\/\/inmocosta.com\/es\/#website\"},\"datePublished\":\"2025-10-06T12:59:51+00:00\",\"dateModified\":\"2025-10-29T13:55:21+00:00\",\"description\":\"Terreno edificable en venta situado en el pueblo de Parlav\u00e0, Baix Empord\u00e0.. - InmoCosta API Estartit.\",\"breadcrumb\":{\"@id\":\"https:\/\/inmocosta.com\/es\/properties\/terreno-edificable-en-venta-en-parlava-baix-emporda\/#breadcrumb\"},\"inLanguage\":\"es\",\"potentialAction\":[{\"@type\":\"ReadAction\",\"target\":[\"https:\/\/inmocosta.com\/es\/properties\/terreno-edificable-en-venta-en-parlava-baix-emporda\/\"]}]},{\"@type\":\"BreadcrumbList\",\"@id\":\"https:\/\/inmocosta.com\/es\/properties\/terreno-edificable-en-venta-en-parlava-baix-emporda\/#breadcrumb\",\"itemListElement\":[{\"@type\":\"ListItem\",\"position\":1,\"name\":\"Home\",\"item\":\"https:\/\/inmocosta.com\/es\/\"},{\"@type\":\"ListItem\",\"position\":2,\"name\":\"Propiedades\",\"item\":\"https:\/\/inmocosta.com\/es\/properties\/\"},{\"@type\":\"ListItem\",\"position\":3,\"name\":\"Terreno edificable en venta en Parlav\u00e0, Baix Empord\u00e0.\"}]},{\"@type\":\"WebSite\",\"@id\":\"https:\/\/inmocosta.com\/es\/#website\",\"url\":\"https:\/\/inmocosta.com\/es\/\",\"name\":\"Inmocosta API l&#039;Estartit -\",\"description\":\"Ag\u00e8ncia immobiliaria dedicada exclusivament a la compra venda d\u00b4immobles . L&#039;assessorem en la compra del seu habitatge. Comprar cases, pisos, apartaments.\",\"publisher\":{\"@id\":\"https:\/\/inmocosta.com\/es\/#organization\"},\"potentialAction\":[{\"@type\":\"SearchAction\",\"target\":{\"@type\":\"EntryPoint\",\"urlTemplate\":\"https:\/\/inmocosta.com\/es\/?s={search_term_string}\"},\"query-input\":\"required name=search_term_string\"}],\"inLanguage\":\"es\"},{\"@type\":\"Organization\",\"@id\":\"https:\/\/inmocosta.com\/es\/#organization\",\"name\":\"Inmocosta API L'Estartit\",\"url\":\"https:\/\/inmocosta.com\/es\/\",\"logo\":{\"@type\":\"ImageObject\",\"inLanguage\":\"es\",\"@id\":\"https:\/\/inmocosta.com\/es\/#\/schema\/logo\/image\/\",\"url\":\"https:\/\/inmocosta.com\/wp-content\/uploads\/2025\/01\/imatge_usuari.png\",\"contentUrl\":\"https:\/\/inmocosta.com\/wp-content\/uploads\/2025\/01\/imatge_usuari.png\",\"width\":500,\"height\":500,\"caption\":\"Inmocosta API L'Estartit\"},\"image\":{\"@id\":\"https:\/\/inmocosta.com\/es\/#\/schema\/logo\/image\/\"},\"sameAs\":[\"https:\/\/www.facebook.com\/inmocostaapi\/\",\"https:\/\/www.instagram.com\/inmocosta_api\/\",\"https:\/\/www.youtube.com\/channel\/UCidmbkY6BpJG9MA_OQUZgYQ\"]}]}<\/script>\n<!-- \/ Yoast SEO plugin. -->","yoast_head_json":{"title":"Terreno edificable en venta en Parlav\u00e0, Baix Empord\u00e0. - Inmocosta API l&#039;Estartit -","description":"Terreno edificable en venta situado en el pueblo de Parlav\u00e0, Baix Empord\u00e0.. - InmoCosta API Estartit.","robots":{"index":"index","follow":"follow","max-snippet":"max-snippet:-1","max-image-preview":"max-image-preview:large","max-video-preview":"max-video-preview:-1"},"canonical":"https:\/\/inmocosta.com\/es\/properties\/terreno-edificable-en-venta-en-parlava-baix-emporda\/","og_locale":"es_ES","og_type":"article","og_title":"Terreno edificable en venta en Parlav\u00e0, Baix Empord\u00e0. - Inmocosta API l&#039;Estartit -","og_description":"Terreno edificable en venta situado en el pueblo de Parlav\u00e0, Baix Empord\u00e0.. - InmoCosta API Estartit.","og_url":"https:\/\/inmocosta.com\/es\/properties\/terreno-edificable-en-venta-en-parlava-baix-emporda\/","og_site_name":"Inmocosta API l&#039;Estartit -","article_publisher":"https:\/\/www.facebook.com\/inmocostaapi\/","article_modified_time":"2025-10-29T13:55:21+00:00","og_image":[{"width":2560,"height":1193,"url":"https:\/\/inmocosta.com\/wp-content\/uploads\/2025\/10\/Captura-de-pantalla-2025-10-03-a-les-12.38.57-scaled.jpeg","type":"image\/jpeg"}],"twitter_card":"summary_large_image","twitter_misc":{"Tiempo de lectura":"1 minuto"},"schema":{"@context":"https:\/\/schema.org","@graph":[{"@type":"WebPage","@id":"https:\/\/inmocosta.com\/es\/properties\/terreno-edificable-en-venta-en-parlava-baix-emporda\/","url":"https:\/\/inmocosta.com\/es\/properties\/terreno-edificable-en-venta-en-parlava-baix-emporda\/","name":"Terreno edificable en venta en Parlav\u00e0, Baix Empord\u00e0. - Inmocosta API l&#039;Estartit -","isPartOf":{"@id":"https:\/\/inmocosta.com\/es\/#website"},"datePublished":"2025-10-06T12:59:51+00:00","dateModified":"2025-10-29T13:55:21+00:00","description":"Terreno edificable en venta situado en el pueblo de Parlav\u00e0, Baix Empord\u00e0.. - InmoCosta API Estartit.","breadcrumb":{"@id":"https:\/\/inmocosta.com\/es\/properties\/terreno-edificable-en-venta-en-parlava-baix-emporda\/#breadcrumb"},"inLanguage":"es","potentialAction":[{"@type":"ReadAction","target":["https:\/\/inmocosta.com\/es\/properties\/terreno-edificable-en-venta-en-parlava-baix-emporda\/"]}]},{"@type":"BreadcrumbList","@id":"https:\/\/inmocosta.com\/es\/properties\/terreno-edificable-en-venta-en-parlava-baix-emporda\/#breadcrumb","itemListElement":[{"@type":"ListItem","position":1,"name":"Home","item":"https:\/\/inmocosta.com\/es\/"},{"@type":"ListItem","position":2,"name":"Propiedades","item":"https:\/\/inmocosta.com\/es\/properties\/"},{"@type":"ListItem","position":3,"name":"Terreno edificable en venta en Parlav\u00e0, Baix Empord\u00e0."}]},{"@type":"WebSite","@id":"https:\/\/inmocosta.com\/es\/#website","url":"https:\/\/inmocosta.com\/es\/","name":"Inmocosta API l&#039;Estartit -","description":"Ag\u00e8ncia immobiliaria dedicada exclusivament a la compra venda d\u00b4immobles . L&#039;assessorem en la compra del seu habitatge. Comprar cases, pisos, apartaments.","publisher":{"@id":"https:\/\/inmocosta.com\/es\/#organization"},"potentialAction":[{"@type":"SearchAction","target":{"@type":"EntryPoint","urlTemplate":"https:\/\/inmocosta.com\/es\/?s={search_term_string}"},"query-input":"required name=search_term_string"}],"inLanguage":"es"},{"@type":"Organization","@id":"https:\/\/inmocosta.com\/es\/#organization","name":"Inmocosta API L'Estartit","url":"https:\/\/inmocosta.com\/es\/","logo":{"@type":"ImageObject","inLanguage":"es","@id":"https:\/\/inmocosta.com\/es\/#\/schema\/logo\/image\/","url":"https:\/\/inmocosta.com\/wp-content\/uploads\/2025\/01\/imatge_usuari.png","contentUrl":"https:\/\/inmocosta.com\/wp-content\/uploads\/2025\/01\/imatge_usuari.png","width":500,"height":500,"caption":"Inmocosta API L'Estartit"},"image":{"@id":"https:\/\/inmocosta.com\/es\/#\/schema\/logo\/image\/"},"sameAs":["https:\/\/www.facebook.com\/inmocostaapi\/","https:\/\/www.instagram.com\/inmocosta_api\/","https:\/\/www.youtube.com\/channel\/UCidmbkY6BpJG9MA_OQUZgYQ"]}]}},"_links":{"self":[{"href":"https:\/\/inmocosta.com\/es\/wp-json\/wp\/v2\/estate_property\/85410","targetHints":{"allow":["GET"]}}],"collection":[{"href":"https:\/\/inmocosta.com\/es\/wp-json\/wp\/v2\/estate_property"}],"about":[{"href":"https:\/\/inmocosta.com\/es\/wp-json\/wp\/v2\/types\/estate_property"}],"replies":[{"embeddable":true,"href":"https:\/\/inmocosta.com\/es\/wp-json\/wp\/v2\/comments?post=85410"}],"wp:featuredmedia":[{"embeddable":true,"href":"https:\/\/inmocosta.com\/es\/wp-json\/wp\/v2\/media\/86658"}],"wp:attachment":[{"href":"https:\/\/inmocosta.com\/es\/wp-json\/wp\/v2\/media?parent=85410"}],"wp:term":[{"taxonomy":"property_category","embeddable":true,"href":"https:\/\/inmocosta.com\/es\/wp-json\/wp\/v2\/property_category?post=85410"},{"taxonomy":"property_action_category","embeddable":true,"href":"https:\/\/inmocosta.com\/es\/wp-json\/wp\/v2\/property_action_category?post=85410"},{"taxonomy":"property_city","embeddable":true,"href":"https:\/\/inmocosta.com\/es\/wp-json\/wp\/v2\/property_city?post=85410"},{"taxonomy":"property_area","embeddable":true,"href":"https:\/\/inmocosta.com\/es\/wp-json\/wp\/v2\/property_area?post=85410"},{"taxonomy":"property_county_state","embeddable":true,"href":"https:\/\/inmocosta.com\/es\/wp-json\/wp\/v2\/property_county_state?post=85410"},{"taxonomy":"property_features","embeddable":true,"href":"https:\/\/inmocosta.com\/es\/wp-json\/wp\/v2\/property_features?post=85410"},{"taxonomy":"property_status","embeddable":true,"href":"https:\/\/inmocosta.com\/es\/wp-json\/wp\/v2\/property_status?post=85410"}],"curies":[{"name":"wp","href":"https:\/\/api.w.org\/{rel}","templated":true}]}}