{"id":85629,"date":"2025-10-21T10:52:27","date_gmt":"2025-10-21T09:52:27","guid":{"rendered":"https:\/\/inmocosta.com\/properties\/apartament-duplex-en-venda-a-cala-la-fosca-palamos\/"},"modified":"2025-10-29T14:39:45","modified_gmt":"2025-10-29T13:39:45","slug":"finca-rural-unica-en-venta-en-taravaus-girona-2","status":"publish","type":"estate_property","link":"https:\/\/inmocosta.com\/es\/properties\/finca-rural-unica-en-venta-en-taravaus-girona-2\/","title":{"rendered":"Apartamento d\u00faplex en venta en Cala la Fosca, Palam\u00f3s."},"content":{"rendered":"<p>[vc_row][vc_column][vc_column_text]<\/p>\n<h3>Apartamento d\u00faplex en venta en Cala la Fosca, Palam\u00f3s.<\/h3>\n<p>Precioso apartamento tipo d\u00faplex en segunda l\u00ednea de mar, situado en la tranquila zona de Cala la Fosca, en Palam\u00f3s, a tan solo 50 metros de la playa.<\/p>\n<p>La vivienda cuenta con una superficie construida de 123 metros cuadrados distribuidos en dos plantas.<\/p>\n<p>En la planta principal encontramos un amplio recibidor, dos dormitorios dobles, un ba\u00f1o completo, cocina independiente con un pasaplatos que comunica con el espacioso sal\u00f3n-comedor, el cual da acceso a una agradable terraza orientada al su que recibe sol durante casi todo el d\u00eda.<\/p>\n<p>En la primera planta superior se encuentran otros dos dormitorios, uno doble y otro individual, ambos con salida una amplia terraza. En esta misma planta hay tambi\u00e9n el segundo ba\u00f1o completo con plato de ducha.<\/p>\n<p>El precio incluye una plaza de aparcamiento privada en el s\u00f3tano del edificio y un trastero ideal para guardar bicicletas o material de playa.<\/p>\n<p>Una excelente oportunidad tanto como segunda residencia junto al mar como para vivir durante todo el a\u00f1o.[\/vc_column_text][\/vc_column][\/vc_row][vc_row][vc_column][vc_separator][\/vc_column][\/vc_row][vc_row][vc_column][vc_custom_heading text=\u00bbVisita Virtual:\u00bb font_container=\u00bbtag:h2|text_align:left|color:%23d0b08c\u00bb][\/vc_column][\/vc_row][vc_row][vc_column][vc_raw_html]JTNDaWZyYW1lJTIwd2lkdGglM0QlMjc3MjUlMjclMjBoZWlnaHQlM0QlMjc0NTAlMjclMjBzcmMlM0QlMjdodHRwcyUzQSUyRiUyRm5vZGFsdmlldy5jb20lMkZzJTJGMzdYVkJuX2MxN3FPclJCcF9LZ0lDQiUyNyUyMGZyYW1lYm9yZGVyJTNEJTI3MCUyNyUyMGFsbG93ZnVsbHNjcmVlbiUyMGFsbG93JTNEJTI3eHItc3BhdGlhbC10cmFja2luZyUyNyUzRSUzQyUyRmlmcmFtZSUzRQ==[\/vc_raw_html][\/vc_column][\/vc_row]<\/p>\n","protected":false},"excerpt":{"rendered":"<p>[vc_row][vc_column][vc_column_text] Apartamento d\u00faplex en venta en Cala la Fosca, Palam\u00f3s. Precioso apartamento tipo d\u00faplex en segunda l\u00ednea de mar, situado en la tranquila zona de Cala la Fosca, en Palam\u00f3s, a tan solo 50 metros de la playa. La vivienda cuenta con una superficie construida de 123 metros cuadrados distribuidos en dos plantas. En la planta principal encontramos un amplio recibidor, dos dormitorios dobles, &#8230;<\/p>\n","protected":false},"featured_media":85534,"comment_status":"closed","ping_status":"closed","template":"","property_category":[135],"property_action_category":[154],"property_city":[3270],"property_area":[3271],"property_county_state":[75,74],"property_features":[3174,3220,3106,3175,3135,3115,3182,3129,3145,3126,3172,3183,3121],"property_status":[],"class_list":["post-85629","estate_property","type-estate_property","status-publish","has-post-thumbnail","hentry","property_category-apartamento","property_action_category-en-venta","property_city-palamos-es","property_area-cala-la-fosca-es","property_county_state-baix-emporda","property_county_state-costa-brava","property_features-alarm-es","property_features-attic-es","property_features-balcony-es","property_features-double-glass-windows-es","property_features-fitted-wardrobe-es","property_features-furnished-es","property_features-garage-es","property_features-heating-es","property_features-large-rooms-es","property_features-parking-place-es","property_features-quiet-location-es","property_features-storage-es","property_features-terrace-es"],"yoast_head":"<!-- This site is optimized with the Yoast SEO plugin v21.8 - https:\/\/yoast.com\/wordpress\/plugins\/seo\/ -->\n<title>Apartamento d\u00faplex en venta en Cala la Fosca, Palam\u00f3s. - Inmocosta API l&#039;Estartit -<\/title>\n<meta name=\"description\" content=\"Apartamento d\u00faplex en venta, al lado del mar, situado en Cala La Fosca, Palam\u00f3s. - InmoCosta API Estartit.\" \/>\n<meta name=\"robots\" content=\"index, follow, max-snippet:-1, max-image-preview:large, max-video-preview:-1\" \/>\n<link rel=\"canonical\" href=\"https:\/\/inmocosta.com\/es\/properties\/finca-rural-unica-en-venta-en-taravaus-girona-2\/\" \/>\n<meta property=\"og:locale\" content=\"es_ES\" \/>\n<meta property=\"og:type\" content=\"article\" \/>\n<meta property=\"og:title\" content=\"Apartamento d\u00faplex en venta en Cala la Fosca, Palam\u00f3s. - Inmocosta API l&#039;Estartit -\" \/>\n<meta property=\"og:description\" content=\"Apartamento d\u00faplex en venta, al lado del mar, situado en Cala La Fosca, Palam\u00f3s. - InmoCosta API Estartit.\" \/>\n<meta property=\"og:url\" content=\"https:\/\/inmocosta.com\/es\/properties\/finca-rural-unica-en-venta-en-taravaus-girona-2\/\" \/>\n<meta property=\"og:site_name\" content=\"Inmocosta API l&#039;Estartit -\" \/>\n<meta property=\"article:publisher\" content=\"https:\/\/www.facebook.com\/inmocostaapi\/\" \/>\n<meta property=\"article:modified_time\" content=\"2025-10-29T13:39:45+00:00\" \/>\n<meta property=\"og:image\" content=\"https:\/\/inmocosta.com\/wp-content\/uploads\/2025\/10\/2293-La-Fosca-InmoCosta-API-Estartit-Terrassa-pb.jpg\" \/>\n\t<meta property=\"og:image:width\" content=\"800\" \/>\n\t<meta property=\"og:image:height\" content=\"600\" \/>\n\t<meta property=\"og:image:type\" content=\"image\/jpeg\" \/>\n<meta name=\"twitter:card\" content=\"summary_large_image\" \/>\n<meta name=\"twitter:label1\" content=\"Tiempo de lectura\" \/>\n\t<meta name=\"twitter:data1\" content=\"2 minutos\" \/>\n<script type=\"application\/ld+json\" class=\"yoast-schema-graph\">{\"@context\":\"https:\/\/schema.org\",\"@graph\":[{\"@type\":\"WebPage\",\"@id\":\"https:\/\/inmocosta.com\/es\/properties\/finca-rural-unica-en-venta-en-taravaus-girona-2\/\",\"url\":\"https:\/\/inmocosta.com\/es\/properties\/finca-rural-unica-en-venta-en-taravaus-girona-2\/\",\"name\":\"Apartamento d\u00faplex en venta en Cala la Fosca, Palam\u00f3s. - Inmocosta API l&#039;Estartit -\",\"isPartOf\":{\"@id\":\"https:\/\/inmocosta.com\/es\/#website\"},\"datePublished\":\"2025-10-21T09:52:27+00:00\",\"dateModified\":\"2025-10-29T13:39:45+00:00\",\"description\":\"Apartamento d\u00faplex en venta, al lado del mar, situado en Cala La Fosca, Palam\u00f3s. - InmoCosta API Estartit.\",\"breadcrumb\":{\"@id\":\"https:\/\/inmocosta.com\/es\/properties\/finca-rural-unica-en-venta-en-taravaus-girona-2\/#breadcrumb\"},\"inLanguage\":\"es\",\"potentialAction\":[{\"@type\":\"ReadAction\",\"target\":[\"https:\/\/inmocosta.com\/es\/properties\/finca-rural-unica-en-venta-en-taravaus-girona-2\/\"]}]},{\"@type\":\"BreadcrumbList\",\"@id\":\"https:\/\/inmocosta.com\/es\/properties\/finca-rural-unica-en-venta-en-taravaus-girona-2\/#breadcrumb\",\"itemListElement\":[{\"@type\":\"ListItem\",\"position\":1,\"name\":\"Home\",\"item\":\"https:\/\/inmocosta.com\/es\/\"},{\"@type\":\"ListItem\",\"position\":2,\"name\":\"Propiedades\",\"item\":\"https:\/\/inmocosta.com\/es\/properties\/\"},{\"@type\":\"ListItem\",\"position\":3,\"name\":\"Apartamento d\u00faplex en venta en Cala la Fosca, Palam\u00f3s.\"}]},{\"@type\":\"WebSite\",\"@id\":\"https:\/\/inmocosta.com\/es\/#website\",\"url\":\"https:\/\/inmocosta.com\/es\/\",\"name\":\"Inmocosta API l&#039;Estartit -\",\"description\":\"Ag\u00e8ncia immobiliaria dedicada exclusivament a la compra venda d\u00b4immobles . L&#039;assessorem en la compra del seu habitatge. Comprar cases, pisos, apartaments.\",\"publisher\":{\"@id\":\"https:\/\/inmocosta.com\/es\/#organization\"},\"potentialAction\":[{\"@type\":\"SearchAction\",\"target\":{\"@type\":\"EntryPoint\",\"urlTemplate\":\"https:\/\/inmocosta.com\/es\/?s={search_term_string}\"},\"query-input\":\"required name=search_term_string\"}],\"inLanguage\":\"es\"},{\"@type\":\"Organization\",\"@id\":\"https:\/\/inmocosta.com\/es\/#organization\",\"name\":\"Inmocosta API L'Estartit\",\"url\":\"https:\/\/inmocosta.com\/es\/\",\"logo\":{\"@type\":\"ImageObject\",\"inLanguage\":\"es\",\"@id\":\"https:\/\/inmocosta.com\/es\/#\/schema\/logo\/image\/\",\"url\":\"https:\/\/inmocosta.com\/wp-content\/uploads\/2025\/01\/imatge_usuari.png\",\"contentUrl\":\"https:\/\/inmocosta.com\/wp-content\/uploads\/2025\/01\/imatge_usuari.png\",\"width\":500,\"height\":500,\"caption\":\"Inmocosta API L'Estartit\"},\"image\":{\"@id\":\"https:\/\/inmocosta.com\/es\/#\/schema\/logo\/image\/\"},\"sameAs\":[\"https:\/\/www.facebook.com\/inmocostaapi\/\",\"https:\/\/www.instagram.com\/inmocosta_api\/\",\"https:\/\/www.youtube.com\/channel\/UCidmbkY6BpJG9MA_OQUZgYQ\"]}]}<\/script>\n<!-- \/ Yoast SEO plugin. -->","yoast_head_json":{"title":"Apartamento d\u00faplex en venta en Cala la Fosca, Palam\u00f3s. - Inmocosta API l&#039;Estartit -","description":"Apartamento d\u00faplex en venta, al lado del mar, situado en Cala La Fosca, Palam\u00f3s. - InmoCosta API Estartit.","robots":{"index":"index","follow":"follow","max-snippet":"max-snippet:-1","max-image-preview":"max-image-preview:large","max-video-preview":"max-video-preview:-1"},"canonical":"https:\/\/inmocosta.com\/es\/properties\/finca-rural-unica-en-venta-en-taravaus-girona-2\/","og_locale":"es_ES","og_type":"article","og_title":"Apartamento d\u00faplex en venta en Cala la Fosca, Palam\u00f3s. - Inmocosta API l&#039;Estartit -","og_description":"Apartamento d\u00faplex en venta, al lado del mar, situado en Cala La Fosca, Palam\u00f3s. - InmoCosta API Estartit.","og_url":"https:\/\/inmocosta.com\/es\/properties\/finca-rural-unica-en-venta-en-taravaus-girona-2\/","og_site_name":"Inmocosta API l&#039;Estartit -","article_publisher":"https:\/\/www.facebook.com\/inmocostaapi\/","article_modified_time":"2025-10-29T13:39:45+00:00","og_image":[{"width":800,"height":600,"url":"https:\/\/inmocosta.com\/wp-content\/uploads\/2025\/10\/2293-La-Fosca-InmoCosta-API-Estartit-Terrassa-pb.jpg","type":"image\/jpeg"}],"twitter_card":"summary_large_image","twitter_misc":{"Tiempo de lectura":"2 minutos"},"schema":{"@context":"https:\/\/schema.org","@graph":[{"@type":"WebPage","@id":"https:\/\/inmocosta.com\/es\/properties\/finca-rural-unica-en-venta-en-taravaus-girona-2\/","url":"https:\/\/inmocosta.com\/es\/properties\/finca-rural-unica-en-venta-en-taravaus-girona-2\/","name":"Apartamento d\u00faplex en venta en Cala la Fosca, Palam\u00f3s. - Inmocosta API l&#039;Estartit -","isPartOf":{"@id":"https:\/\/inmocosta.com\/es\/#website"},"datePublished":"2025-10-21T09:52:27+00:00","dateModified":"2025-10-29T13:39:45+00:00","description":"Apartamento d\u00faplex en venta, al lado del mar, situado en Cala La Fosca, Palam\u00f3s. - InmoCosta API Estartit.","breadcrumb":{"@id":"https:\/\/inmocosta.com\/es\/properties\/finca-rural-unica-en-venta-en-taravaus-girona-2\/#breadcrumb"},"inLanguage":"es","potentialAction":[{"@type":"ReadAction","target":["https:\/\/inmocosta.com\/es\/properties\/finca-rural-unica-en-venta-en-taravaus-girona-2\/"]}]},{"@type":"BreadcrumbList","@id":"https:\/\/inmocosta.com\/es\/properties\/finca-rural-unica-en-venta-en-taravaus-girona-2\/#breadcrumb","itemListElement":[{"@type":"ListItem","position":1,"name":"Home","item":"https:\/\/inmocosta.com\/es\/"},{"@type":"ListItem","position":2,"name":"Propiedades","item":"https:\/\/inmocosta.com\/es\/properties\/"},{"@type":"ListItem","position":3,"name":"Apartamento d\u00faplex en venta en Cala la Fosca, Palam\u00f3s."}]},{"@type":"WebSite","@id":"https:\/\/inmocosta.com\/es\/#website","url":"https:\/\/inmocosta.com\/es\/","name":"Inmocosta API l&#039;Estartit -","description":"Ag\u00e8ncia immobiliaria dedicada exclusivament a la compra venda d\u00b4immobles . L&#039;assessorem en la compra del seu habitatge. Comprar cases, pisos, apartaments.","publisher":{"@id":"https:\/\/inmocosta.com\/es\/#organization"},"potentialAction":[{"@type":"SearchAction","target":{"@type":"EntryPoint","urlTemplate":"https:\/\/inmocosta.com\/es\/?s={search_term_string}"},"query-input":"required name=search_term_string"}],"inLanguage":"es"},{"@type":"Organization","@id":"https:\/\/inmocosta.com\/es\/#organization","name":"Inmocosta API L'Estartit","url":"https:\/\/inmocosta.com\/es\/","logo":{"@type":"ImageObject","inLanguage":"es","@id":"https:\/\/inmocosta.com\/es\/#\/schema\/logo\/image\/","url":"https:\/\/inmocosta.com\/wp-content\/uploads\/2025\/01\/imatge_usuari.png","contentUrl":"https:\/\/inmocosta.com\/wp-content\/uploads\/2025\/01\/imatge_usuari.png","width":500,"height":500,"caption":"Inmocosta API L'Estartit"},"image":{"@id":"https:\/\/inmocosta.com\/es\/#\/schema\/logo\/image\/"},"sameAs":["https:\/\/www.facebook.com\/inmocostaapi\/","https:\/\/www.instagram.com\/inmocosta_api\/","https:\/\/www.youtube.com\/channel\/UCidmbkY6BpJG9MA_OQUZgYQ"]}]}},"_links":{"self":[{"href":"https:\/\/inmocosta.com\/es\/wp-json\/wp\/v2\/estate_property\/85629","targetHints":{"allow":["GET"]}}],"collection":[{"href":"https:\/\/inmocosta.com\/es\/wp-json\/wp\/v2\/estate_property"}],"about":[{"href":"https:\/\/inmocosta.com\/es\/wp-json\/wp\/v2\/types\/estate_property"}],"replies":[{"embeddable":true,"href":"https:\/\/inmocosta.com\/es\/wp-json\/wp\/v2\/comments?post=85629"}],"wp:featuredmedia":[{"embeddable":true,"href":"https:\/\/inmocosta.com\/es\/wp-json\/wp\/v2\/media\/85534"}],"wp:attachment":[{"href":"https:\/\/inmocosta.com\/es\/wp-json\/wp\/v2\/media?parent=85629"}],"wp:term":[{"taxonomy":"property_category","embeddable":true,"href":"https:\/\/inmocosta.com\/es\/wp-json\/wp\/v2\/property_category?post=85629"},{"taxonomy":"property_action_category","embeddable":true,"href":"https:\/\/inmocosta.com\/es\/wp-json\/wp\/v2\/property_action_category?post=85629"},{"taxonomy":"property_city","embeddable":true,"href":"https:\/\/inmocosta.com\/es\/wp-json\/wp\/v2\/property_city?post=85629"},{"taxonomy":"property_area","embeddable":true,"href":"https:\/\/inmocosta.com\/es\/wp-json\/wp\/v2\/property_area?post=85629"},{"taxonomy":"property_county_state","embeddable":true,"href":"https:\/\/inmocosta.com\/es\/wp-json\/wp\/v2\/property_county_state?post=85629"},{"taxonomy":"property_features","embeddable":true,"href":"https:\/\/inmocosta.com\/es\/wp-json\/wp\/v2\/property_features?post=85629"},{"taxonomy":"property_status","embeddable":true,"href":"https:\/\/inmocosta.com\/es\/wp-json\/wp\/v2\/property_status?post=85629"}],"curies":[{"name":"wp","href":"https:\/\/api.w.org\/{rel}","templated":true}]}}