{"id":87009,"date":"2026-04-18T10:24:56","date_gmt":"2026-04-18T09:24:56","guid":{"rendered":"https:\/\/inmocosta.com\/properties\/casa-amb-parcel%c2%b7la-privada-vistes-al-mar-i-molta-tranquil%c2%b7litat\/"},"modified":"2026-04-20T14:46:08","modified_gmt":"2026-04-20T13:46:08","slug":"casa-con-parcela-privada-vistas-al-mar-y-mucha-tranquilidad","status":"publish","type":"estate_property","link":"https:\/\/inmocosta.com\/es\/properties\/casa-con-parcela-privada-vistas-al-mar-y-mucha-tranquilidad\/","title":{"rendered":"Casa con parcela privada, vistas y mucha tranquilidad"},"content":{"rendered":"<p>[vc_row][vc_column][vc_column_text]<\/p>\n<h3>Casa amb parcel\u00b7la privada, vistes i molta tranquil\u00b7litat<\/h3>\n<div class=\"flex flex-col text-sm pb-25\">\n<section class=\"text-token-text-primary w-full focus:outline-none [--shadow-height:45px] has-data-writing-block:pointer-events-none has-data-writing-block:-mt-(--shadow-height) has-data-writing-block:pt-(--shadow-height) [&amp;:has([data-writing-block])&gt;*]:pointer-events-auto scroll-mt-[calc(var(--header-height)+min(200px,max(70px,20svh)))]\" dir=\"auto\" data-turn-id=\"request-WEB:2b49c7fe-67e0-4c51-8263-ebe42711e58a-10\" data-testid=\"conversation-turn-22\" data-scroll-anchor=\"true\" data-turn=\"assistant\">\n<div class=\"text-base my-auto mx-auto pb-10 [--thread-content-margin:var(--thread-content-margin-xs,calc(var(--spacing)*4))] @w-sm\/main:[--thread-content-margin:var(--thread-content-margin-sm,calc(var(--spacing)*6))] @w-lg\/main:[--thread-content-margin:var(--thread-content-margin-lg,calc(var(--spacing)*16))] px-(--thread-content-margin)\">\n<div class=\"[--thread-content-max-width:40rem] @w-lg\/main:[--thread-content-max-width:48rem] mx-auto max-w-(--thread-content-max-width) flex-1 group\/turn-messages focus-visible:outline-hidden relative flex w-full min-w-0 flex-col agent-turn\">\n<div class=\"flex max-w-full flex-col gap-4 grow\">\n<div class=\"min-h-8 text-message relative flex w-full flex-col items-end gap-2 text-start break-words whitespace-normal outline-none keyboard-focused:focus-ring [.text-message+&amp;]:mt-1\" dir=\"auto\" tabindex=\"0\" data-message-author-role=\"assistant\" data-message-id=\"f22f0dcc-3fce-428e-9c54-916bb4d7caad\" data-message-model-slug=\"gpt-5-3-mini\" data-turn-start-message=\"true\">\n<div class=\"flex w-full flex-col gap-1 empty:hidden\">\n<div class=\"markdown prose dark:prose-invert w-full wrap-break-word light markdown-new-styling\">\n<p data-start=\"0\" data-end=\"52\">Totalmente reformada e ideal para vivir todo el a\u00f1o.<\/p>\n<p data-start=\"54\" data-end=\"160\">Nada m\u00e1s entrar en la parcela privada encontramos una amplia zona de aparcamiento privado con una p\u00e9rgola.<\/p>\n<p data-start=\"162\" data-end=\"574\">La casa se compone de planta baja con una cocina totalmente reformada y un acceso muy c\u00f3modo al sal\u00f3n. Desde el sal\u00f3n se aprecia una chimenea encastrada y una zona muy confortable con salida directa a la terraza. Esta terraza da acceso a un amplio jard\u00edn que rodea la casa. En la parcela encontramos un jacuzzi que se ilumina por la noche y diferentes espacios para crear una terraza de verano con vistas al mar.<\/p>\n<p data-start=\"576\" data-end=\"665\">En la planta superior hay un dormitorio con armarios empotrados, terraza y vistas al mar.<\/p>\n<p data-start=\"667\" data-end=\"733\">Tambi\u00e9n dispone de un ba\u00f1o completo y otro dormitorio con literas.<\/p>\n<p data-start=\"735\" data-end=\"867\" data-is-last-node=\"\" data-is-only-node=\"\">Es una casa totalmente preparada para vivir todo el a\u00f1o, tanto por su ubicaci\u00f3n como por las comodidades e independencia que ofrece.<\/p>\n<\/div>\n<\/div>\n<\/div>\n<\/div>\n<div class=\"z-0 flex min-h-[46px] justify-start\"><\/div>\n<div class=\"mt-3 w-full empty:hidden\">\n<div class=\"text-center\"><\/div>\n<\/div>\n<\/div>\n<\/div>\n<\/section>\n<\/div>\n<div class=\"pointer-events-none h-px w-px absolute bottom-0\" aria-hidden=\"true\" data-edge=\"true\"><\/div>\n<p>[\/vc_column_text][\/vc_column][\/vc_row][vc_row][vc_column][vc_separator color=\u00bbcustom\u00bb accent_color=\u00bb#d0b08c\u00bb][\/vc_column][\/vc_row][vc_row][vc_column][vc_custom_heading text=\u00bbVisita Virtual\u00bb][\/vc_column][\/vc_row][vc_row][vc_column][vc_raw_html]JTNDaWZyYW1lJTIwd2lkdGglM0QlMjc3MjUlMjclMjBoZWlnaHQlM0QlMjc0NTAlMjclMjBzcmMlM0QlMjdodHRwcyUzQSUyRiUyRm5vZGFsdmlldy5jb20lMkZzJTJGMWx2RFVKcXN2QkNRUmN4WVhrSlVjMyUyNyUyMGZyYW1lYm9yZGVyJTNEJTI3MCUyNyUyMGFsbG93ZnVsbHNjcmVlbiUyMGFsbG93JTNEJTI3eHItc3BhdGlhbC10cmFja2luZyUyNyUzRSUzQyUyRmlmcmFtZSUzRQ==[\/vc_raw_html][\/vc_column][\/vc_row]<\/p>\n","protected":false},"excerpt":{"rendered":"<p>[vc_row][vc_column][vc_column_text] Casa amb parcel\u00b7la privada, vistes i molta tranquil\u00b7litat Totalmente reformada e ideal para vivir todo el a\u00f1o. Nada m\u00e1s entrar en la parcela privada encontramos una amplia zona de aparcamiento privado con una p\u00e9rgola. La casa se compone de planta baja con una cocina totalmente reformada y un acceso muy c\u00f3modo al sal\u00f3n. Desde el sal\u00f3n se aprecia una chimenea encastrada y una &#8230;<\/p>\n","protected":false},"featured_media":86898,"comment_status":"closed","ping_status":"closed","template":"","property_category":[136],"property_action_category":[154],"property_city":[184],"property_area":[418],"property_county_state":[75],"property_features":[3124,3106,3170,3151,3211,3175,3212,3126,3201,3172,3133,3121],"property_status":[],"class_list":["post-87009","estate_property","type-estate_property","status-publish","has-post-thumbnail","hentry","property_category-casa","property_action_category-en-venta","property_city-lestartit-es","property_area-torre-vella-es-ca-es","property_county_state-baix-emporda","property_features-air-aconditioning-es","property_features-balcony-es","property_features-bbq-es","property_features-big-windows-with-nature-views-es","property_features-chill-out-area-es","property_features-double-glass-windows-es","property_features-jacuzzi-es","property_features-parking-place-es","property_features-private-space-es","property_features-quiet-location-es","property_features-reformed-es","property_features-terrace-es"],"yoast_head":"<!-- This site is optimized with the Yoast SEO plugin v21.8 - https:\/\/yoast.com\/wordpress\/plugins\/seo\/ -->\n<title>Casa con parcela privada, vistas y mucha tranquilidad - Inmocosta API l&#039;Estartit -<\/title>\n<meta name=\"description\" content=\"Casa reformada con una gran parcela privada, vistas al mar, jard\u00edn y jacuzzi, con 2 dormitorios y terraza. Inmocosta API\" \/>\n<meta name=\"robots\" content=\"index, follow, max-snippet:-1, max-image-preview:large, max-video-preview:-1\" \/>\n<link rel=\"canonical\" href=\"https:\/\/inmocosta.com\/es\/properties\/casa-con-parcela-privada-vistas-al-mar-y-mucha-tranquilidad\/\" \/>\n<meta property=\"og:locale\" content=\"es_ES\" \/>\n<meta property=\"og:type\" content=\"article\" \/>\n<meta property=\"og:title\" content=\"Casa con parcela privada, vistas y mucha tranquilidad - Inmocosta API l&#039;Estartit -\" \/>\n<meta property=\"og:description\" content=\"Casa reformada con una gran parcela privada, vistas al mar, jard\u00edn y jacuzzi, con 2 dormitorios y terraza. Inmocosta API\" \/>\n<meta property=\"og:url\" content=\"https:\/\/inmocosta.com\/es\/properties\/casa-con-parcela-privada-vistas-al-mar-y-mucha-tranquilidad\/\" \/>\n<meta property=\"og:site_name\" content=\"Inmocosta API l&#039;Estartit -\" \/>\n<meta property=\"article:publisher\" content=\"https:\/\/www.facebook.com\/inmocostaapi\/\" \/>\n<meta property=\"article:modified_time\" content=\"2026-04-20T13:46:08+00:00\" \/>\n<meta property=\"og:image\" content=\"https:\/\/inmocosta.com\/wp-content\/uploads\/2026\/04\/2311-Inmocosta-API-Passatge-Viena-Zona-Enjardinada-6.jpg\" \/>\n\t<meta property=\"og:image:width\" content=\"800\" \/>\n\t<meta property=\"og:image:height\" content=\"600\" \/>\n\t<meta property=\"og:image:type\" content=\"image\/jpeg\" \/>\n<meta name=\"twitter:card\" content=\"summary_large_image\" \/>\n<meta name=\"twitter:label1\" content=\"Tiempo de lectura\" \/>\n\t<meta name=\"twitter:data1\" content=\"2 minutos\" \/>\n<script type=\"application\/ld+json\" class=\"yoast-schema-graph\">{\"@context\":\"https:\/\/schema.org\",\"@graph\":[{\"@type\":\"WebPage\",\"@id\":\"https:\/\/inmocosta.com\/es\/properties\/casa-con-parcela-privada-vistas-al-mar-y-mucha-tranquilidad\/\",\"url\":\"https:\/\/inmocosta.com\/es\/properties\/casa-con-parcela-privada-vistas-al-mar-y-mucha-tranquilidad\/\",\"name\":\"Casa con parcela privada, vistas y mucha tranquilidad - Inmocosta API l&#039;Estartit -\",\"isPartOf\":{\"@id\":\"https:\/\/inmocosta.com\/es\/#website\"},\"datePublished\":\"2026-04-18T09:24:56+00:00\",\"dateModified\":\"2026-04-20T13:46:08+00:00\",\"description\":\"Casa reformada con una gran parcela privada, vistas al mar, jard\u00edn y jacuzzi, con 2 dormitorios y terraza. Inmocosta API\",\"breadcrumb\":{\"@id\":\"https:\/\/inmocosta.com\/es\/properties\/casa-con-parcela-privada-vistas-al-mar-y-mucha-tranquilidad\/#breadcrumb\"},\"inLanguage\":\"es\",\"potentialAction\":[{\"@type\":\"ReadAction\",\"target\":[\"https:\/\/inmocosta.com\/es\/properties\/casa-con-parcela-privada-vistas-al-mar-y-mucha-tranquilidad\/\"]}]},{\"@type\":\"BreadcrumbList\",\"@id\":\"https:\/\/inmocosta.com\/es\/properties\/casa-con-parcela-privada-vistas-al-mar-y-mucha-tranquilidad\/#breadcrumb\",\"itemListElement\":[{\"@type\":\"ListItem\",\"position\":1,\"name\":\"Home\",\"item\":\"https:\/\/inmocosta.com\/es\/\"},{\"@type\":\"ListItem\",\"position\":2,\"name\":\"Propiedades\",\"item\":\"https:\/\/inmocosta.com\/es\/properties\/\"},{\"@type\":\"ListItem\",\"position\":3,\"name\":\"Casa con parcela privada, vistas y mucha tranquilidad\"}]},{\"@type\":\"WebSite\",\"@id\":\"https:\/\/inmocosta.com\/es\/#website\",\"url\":\"https:\/\/inmocosta.com\/es\/\",\"name\":\"Inmocosta API l&#039;Estartit -\",\"description\":\"Ag\u00e8ncia immobiliaria dedicada exclusivament a la compra venda d\u00b4immobles . L&#039;assessorem en la compra del seu habitatge. Comprar cases, pisos, apartaments.\",\"publisher\":{\"@id\":\"https:\/\/inmocosta.com\/es\/#organization\"},\"potentialAction\":[{\"@type\":\"SearchAction\",\"target\":{\"@type\":\"EntryPoint\",\"urlTemplate\":\"https:\/\/inmocosta.com\/es\/?s={search_term_string}\"},\"query-input\":\"required name=search_term_string\"}],\"inLanguage\":\"es\"},{\"@type\":\"Organization\",\"@id\":\"https:\/\/inmocosta.com\/es\/#organization\",\"name\":\"Inmocosta API L'Estartit\",\"url\":\"https:\/\/inmocosta.com\/es\/\",\"logo\":{\"@type\":\"ImageObject\",\"inLanguage\":\"es\",\"@id\":\"https:\/\/inmocosta.com\/es\/#\/schema\/logo\/image\/\",\"url\":\"https:\/\/inmocosta.com\/wp-content\/uploads\/2025\/01\/imatge_usuari.png\",\"contentUrl\":\"https:\/\/inmocosta.com\/wp-content\/uploads\/2025\/01\/imatge_usuari.png\",\"width\":500,\"height\":500,\"caption\":\"Inmocosta API L'Estartit\"},\"image\":{\"@id\":\"https:\/\/inmocosta.com\/es\/#\/schema\/logo\/image\/\"},\"sameAs\":[\"https:\/\/www.facebook.com\/inmocostaapi\/\",\"https:\/\/www.instagram.com\/inmocosta_api\/\",\"https:\/\/www.youtube.com\/channel\/UCidmbkY6BpJG9MA_OQUZgYQ\"]}]}<\/script>\n<!-- \/ Yoast SEO plugin. -->","yoast_head_json":{"title":"Casa con parcela privada, vistas y mucha tranquilidad - Inmocosta API l&#039;Estartit -","description":"Casa reformada con una gran parcela privada, vistas al mar, jard\u00edn y jacuzzi, con 2 dormitorios y terraza. Inmocosta API","robots":{"index":"index","follow":"follow","max-snippet":"max-snippet:-1","max-image-preview":"max-image-preview:large","max-video-preview":"max-video-preview:-1"},"canonical":"https:\/\/inmocosta.com\/es\/properties\/casa-con-parcela-privada-vistas-al-mar-y-mucha-tranquilidad\/","og_locale":"es_ES","og_type":"article","og_title":"Casa con parcela privada, vistas y mucha tranquilidad - Inmocosta API l&#039;Estartit -","og_description":"Casa reformada con una gran parcela privada, vistas al mar, jard\u00edn y jacuzzi, con 2 dormitorios y terraza. Inmocosta API","og_url":"https:\/\/inmocosta.com\/es\/properties\/casa-con-parcela-privada-vistas-al-mar-y-mucha-tranquilidad\/","og_site_name":"Inmocosta API l&#039;Estartit -","article_publisher":"https:\/\/www.facebook.com\/inmocostaapi\/","article_modified_time":"2026-04-20T13:46:08+00:00","og_image":[{"width":800,"height":600,"url":"https:\/\/inmocosta.com\/wp-content\/uploads\/2026\/04\/2311-Inmocosta-API-Passatge-Viena-Zona-Enjardinada-6.jpg","type":"image\/jpeg"}],"twitter_card":"summary_large_image","twitter_misc":{"Tiempo de lectura":"2 minutos"},"schema":{"@context":"https:\/\/schema.org","@graph":[{"@type":"WebPage","@id":"https:\/\/inmocosta.com\/es\/properties\/casa-con-parcela-privada-vistas-al-mar-y-mucha-tranquilidad\/","url":"https:\/\/inmocosta.com\/es\/properties\/casa-con-parcela-privada-vistas-al-mar-y-mucha-tranquilidad\/","name":"Casa con parcela privada, vistas y mucha tranquilidad - Inmocosta API l&#039;Estartit -","isPartOf":{"@id":"https:\/\/inmocosta.com\/es\/#website"},"datePublished":"2026-04-18T09:24:56+00:00","dateModified":"2026-04-20T13:46:08+00:00","description":"Casa reformada con una gran parcela privada, vistas al mar, jard\u00edn y jacuzzi, con 2 dormitorios y terraza. Inmocosta API","breadcrumb":{"@id":"https:\/\/inmocosta.com\/es\/properties\/casa-con-parcela-privada-vistas-al-mar-y-mucha-tranquilidad\/#breadcrumb"},"inLanguage":"es","potentialAction":[{"@type":"ReadAction","target":["https:\/\/inmocosta.com\/es\/properties\/casa-con-parcela-privada-vistas-al-mar-y-mucha-tranquilidad\/"]}]},{"@type":"BreadcrumbList","@id":"https:\/\/inmocosta.com\/es\/properties\/casa-con-parcela-privada-vistas-al-mar-y-mucha-tranquilidad\/#breadcrumb","itemListElement":[{"@type":"ListItem","position":1,"name":"Home","item":"https:\/\/inmocosta.com\/es\/"},{"@type":"ListItem","position":2,"name":"Propiedades","item":"https:\/\/inmocosta.com\/es\/properties\/"},{"@type":"ListItem","position":3,"name":"Casa con parcela privada, vistas y mucha tranquilidad"}]},{"@type":"WebSite","@id":"https:\/\/inmocosta.com\/es\/#website","url":"https:\/\/inmocosta.com\/es\/","name":"Inmocosta API l&#039;Estartit -","description":"Ag\u00e8ncia immobiliaria dedicada exclusivament a la compra venda d\u00b4immobles . L&#039;assessorem en la compra del seu habitatge. Comprar cases, pisos, apartaments.","publisher":{"@id":"https:\/\/inmocosta.com\/es\/#organization"},"potentialAction":[{"@type":"SearchAction","target":{"@type":"EntryPoint","urlTemplate":"https:\/\/inmocosta.com\/es\/?s={search_term_string}"},"query-input":"required name=search_term_string"}],"inLanguage":"es"},{"@type":"Organization","@id":"https:\/\/inmocosta.com\/es\/#organization","name":"Inmocosta API L'Estartit","url":"https:\/\/inmocosta.com\/es\/","logo":{"@type":"ImageObject","inLanguage":"es","@id":"https:\/\/inmocosta.com\/es\/#\/schema\/logo\/image\/","url":"https:\/\/inmocosta.com\/wp-content\/uploads\/2025\/01\/imatge_usuari.png","contentUrl":"https:\/\/inmocosta.com\/wp-content\/uploads\/2025\/01\/imatge_usuari.png","width":500,"height":500,"caption":"Inmocosta API L'Estartit"},"image":{"@id":"https:\/\/inmocosta.com\/es\/#\/schema\/logo\/image\/"},"sameAs":["https:\/\/www.facebook.com\/inmocostaapi\/","https:\/\/www.instagram.com\/inmocosta_api\/","https:\/\/www.youtube.com\/channel\/UCidmbkY6BpJG9MA_OQUZgYQ"]}]}},"_links":{"self":[{"href":"https:\/\/inmocosta.com\/es\/wp-json\/wp\/v2\/estate_property\/87009","targetHints":{"allow":["GET"]}}],"collection":[{"href":"https:\/\/inmocosta.com\/es\/wp-json\/wp\/v2\/estate_property"}],"about":[{"href":"https:\/\/inmocosta.com\/es\/wp-json\/wp\/v2\/types\/estate_property"}],"replies":[{"embeddable":true,"href":"https:\/\/inmocosta.com\/es\/wp-json\/wp\/v2\/comments?post=87009"}],"wp:featuredmedia":[{"embeddable":true,"href":"https:\/\/inmocosta.com\/es\/wp-json\/wp\/v2\/media\/86898"}],"wp:attachment":[{"href":"https:\/\/inmocosta.com\/es\/wp-json\/wp\/v2\/media?parent=87009"}],"wp:term":[{"taxonomy":"property_category","embeddable":true,"href":"https:\/\/inmocosta.com\/es\/wp-json\/wp\/v2\/property_category?post=87009"},{"taxonomy":"property_action_category","embeddable":true,"href":"https:\/\/inmocosta.com\/es\/wp-json\/wp\/v2\/property_action_category?post=87009"},{"taxonomy":"property_city","embeddable":true,"href":"https:\/\/inmocosta.com\/es\/wp-json\/wp\/v2\/property_city?post=87009"},{"taxonomy":"property_area","embeddable":true,"href":"https:\/\/inmocosta.com\/es\/wp-json\/wp\/v2\/property_area?post=87009"},{"taxonomy":"property_county_state","embeddable":true,"href":"https:\/\/inmocosta.com\/es\/wp-json\/wp\/v2\/property_county_state?post=87009"},{"taxonomy":"property_features","embeddable":true,"href":"https:\/\/inmocosta.com\/es\/wp-json\/wp\/v2\/property_features?post=87009"},{"taxonomy":"property_status","embeddable":true,"href":"https:\/\/inmocosta.com\/es\/wp-json\/wp\/v2\/property_status?post=87009"}],"curies":[{"name":"wp","href":"https:\/\/api.w.org\/{rel}","templated":true}]}}