{"id":80601,"date":"2024-02-22T16:19:26","date_gmt":"2024-02-22T15:19:26","guid":{"rendered":"https:\/\/inmocosta.com\/properties\/apartament-a-primera-linia-de-mar-a-els-griells-lestartit\/"},"modified":"2024-05-02T13:19:35","modified_gmt":"2024-05-02T12:19:35","slug":"appartement-en-bord-de-mer-a-els-griells-lestartit","status":"publish","type":"estate_property","link":"https:\/\/inmocosta.com\/fr\/properties\/appartement-en-bord-de-mer-a-els-griells-lestartit\/","title":{"rendered":"Appartement en bord de mer \u00e0 Els Griells, L&rsquo;Estartit."},"content":{"rendered":"<p>[vc_row][vc_column][vc_column_text]<\/p>\n<h3>Appartement en bord de mer \u00e0 Els Griells, L&rsquo;Estartit.<\/h3>\n<p>Cet appartement spacieux et lumineux b\u00e9n\u00e9ficie d&rsquo;un emplacement privil\u00e9gi\u00e9 en bord de mer dans le quartier Els Griells de L&rsquo;Estartit. Situ\u00e9 \u00e0 quelques pas de la plage et \u00e0 environ 15 minutes \u00e0 pied du centre ville de L&rsquo;Estartit<\/p>\n<p>Situ\u00e9 dans un immeuble avec un grand espace commun, il dispose d&rsquo;\u00e9quipements tels qu&rsquo;une piscine, un grand jardin entourant la piscine, des vues captivantes sur la mer et un acc\u00e8s direct \u00e0 la plage et \u00e0 la promenade.<\/p>\n<p>D&rsquo;une superficie construite de 79 m\u00b2, l&rsquo;appartement est distribu\u00e9 en : une entr\u00e9e, deux chambres doubles, une salle de bain compl\u00e8te, une salle de bain compl\u00e8te suppl\u00e9mentaire avec une petite buanderie attenante et une cuisine ouverte menant au salon-salle \u00e0 manger, qui a acc\u00e8s \u00e0 la terrasse.<\/p>\n<p>La terrasse, d&rsquo;environ 8 m\u00b2, offre une vue sur la mer et surplombe l&rsquo;espace commun, accessible uniquement depuis le salon-salle \u00e0 manger.<\/p>\n<p>L&rsquo;appartement a \u00e9t\u00e9 r\u00e9nov\u00e9 et est en bon \u00e9tat. Il est \u00e9quip\u00e9 de fen\u00eatres PVC double vitrage ainsi que de deux syst\u00e8mes de climatisation\/pompe \u00e0 chaleur.[\/vc_column_text][\/vc_column][\/vc_row][vc_row][vc_column][vc_separator][\/vc_column][\/vc_row][vc_row][vc_column][vc_custom_heading text=\u00a0\u00bbTour Virtuel:\u00a0\u00bb font_container=\u00a0\u00bbtag:h2|text_align:left|color:%23d0b08c\u00a0\u00bb][\/vc_column][\/vc_row][vc_row][vc_column][vc_raw_html]JTNDaWZyYW1lJTIwd2lkdGglM0QlMjc3MjUlMjclMjBoZWlnaHQlM0QlMjc0NTAlMjclMjBzcmMlM0QlMjdodHRwcyUzQSUyRiUyRm5vZGFsdmlldy5jb20lMkZzJTJGMFRqSmNoXzFyNVpRM2ZGNl9GUlB1NSUyNyUyMGZyYW1lYm9yZGVyJTNEJTI3MCUyNyUyMGFsbG93ZnVsbHNjcmVlbiUyMGFsbG93JTNEJTI3eHItc3BhdGlhbC10cmFja2luZyUyNyUzRSUzQyUyRmlmcmFtZSUzRQ==[\/vc_raw_html][\/vc_column][\/vc_row]<\/p>\n","protected":false},"excerpt":{"rendered":"<p>[vc_row][vc_column][vc_column_text] Appartement en bord de mer \u00e0 Els Griells, L&rsquo;Estartit. Cet appartement spacieux et lumineux b\u00e9n\u00e9ficie d&rsquo;un emplacement privil\u00e9gi\u00e9 en bord de mer dans le quartier Els Griells de L&rsquo;Estartit. Situ\u00e9 \u00e0 quelques pas de la plage et \u00e0 environ 15 minutes \u00e0 pied du centre ville de L&rsquo;Estartit Situ\u00e9 dans un immeuble avec un grand espace commun, il dispose d&rsquo;\u00e9quipements tels qu&rsquo;une piscine, &#8230;<\/p>\n","protected":false},"featured_media":80598,"comment_status":"closed","ping_status":"closed","template":"","property_category":[147,434,2605,282],"property_action_category":[156],"property_city":[163],"property_area":[227],"property_county_state":[75,74],"property_features":[3123,3105,3184,3138,3168,3091,3156,3120],"property_status":[3231],"class_list":["post-80601","estate_property","type-estate_property","status-publish","has-post-thumbnail","hentry","property_category-appartement","property_category-primera-linea-fr","property_category-piscine-communautaire","property_category-vue-sur-mer-a-visiter-sans-plus-attendre","property_action_category-en-vente","property_city-lestartit","property_area-els-griells-fr","property_county_state-baix-emporda","property_county_state-costa-brava","property_features-air-aconditioning-fr","property_features-balcony-fr","property_features-community-swimming-pool-fr","property_features-double-glass-windows-fr","property_features-fitted-wardrobe-fr","property_features-ocean-view-fr","property_features-sea-front-fr","property_features-terrace-fr","property_status-reservat-reservado-reserve-reserved-fr"],"yoast_head":"<!-- This site is optimized with the Yoast SEO plugin v21.8 - https:\/\/yoast.com\/wordpress\/plugins\/seo\/ -->\n<title>Appartement en bord de mer \u00e0 Els Griells, L&#039;Estartit. - Inmocosta API l&#039;Estartit<\/title>\n<meta name=\"description\" content=\"Appartement en bord de mer, situ\u00e9e dans la quartier Els Griells de L&#039;Estartit. - Inmocosta API Estartit\" \/>\n<meta name=\"robots\" content=\"index, follow, max-snippet:-1, max-image-preview:large, max-video-preview:-1\" \/>\n<link rel=\"canonical\" href=\"https:\/\/inmocosta.com\/fr\/properties\/appartement-en-bord-de-mer-a-els-griells-lestartit\/\" \/>\n<meta property=\"og:locale\" content=\"fr_FR\" \/>\n<meta property=\"og:type\" content=\"article\" \/>\n<meta property=\"og:title\" content=\"Appartement en bord de mer \u00e0 Els Griells, L&#039;Estartit. - Inmocosta API l&#039;Estartit\" \/>\n<meta property=\"og:description\" content=\"Appartement en bord de mer, situ\u00e9e dans la quartier Els Griells de L&#039;Estartit. - Inmocosta API Estartit\" \/>\n<meta property=\"og:url\" content=\"https:\/\/inmocosta.com\/fr\/properties\/appartement-en-bord-de-mer-a-els-griells-lestartit\/\" \/>\n<meta property=\"og:site_name\" content=\"- Inmocosta API l&#039;Estartit\" \/>\n<meta property=\"article:publisher\" content=\"https:\/\/www.facebook.com\/inmocostaapi\/\" \/>\n<meta property=\"article:modified_time\" content=\"2024-05-02T12:19:35+00:00\" \/>\n<meta property=\"og:image\" content=\"https:\/\/inmocosta.com\/wp-content\/uploads\/2024\/02\/2225-Argonavis-Inmocosta-API-Estartit-Vistes-scaled.jpg\" \/>\n\t<meta property=\"og:image:width\" content=\"2560\" \/>\n\t<meta property=\"og:image:height\" content=\"1920\" \/>\n\t<meta property=\"og:image:type\" content=\"image\/jpeg\" \/>\n<meta name=\"twitter:card\" content=\"summary_large_image\" \/>\n<meta name=\"twitter:label1\" content=\"Dur\u00e9e de lecture estim\u00e9e\" \/>\n\t<meta name=\"twitter:data1\" content=\"2 minutes\" \/>\n<script type=\"application\/ld+json\" class=\"yoast-schema-graph\">{\"@context\":\"https:\/\/schema.org\",\"@graph\":[{\"@type\":\"WebPage\",\"@id\":\"https:\/\/inmocosta.com\/fr\/properties\/appartement-en-bord-de-mer-a-els-griells-lestartit\/\",\"url\":\"https:\/\/inmocosta.com\/fr\/properties\/appartement-en-bord-de-mer-a-els-griells-lestartit\/\",\"name\":\"Appartement en bord de mer \u00e0 Els Griells, L'Estartit. - Inmocosta API l&#039;Estartit\",\"isPartOf\":{\"@id\":\"https:\/\/inmocosta.com\/fr\/#website\"},\"datePublished\":\"2024-02-22T15:19:26+00:00\",\"dateModified\":\"2024-05-02T12:19:35+00:00\",\"description\":\"Appartement en bord de mer, situ\u00e9e dans la quartier Els Griells de L'Estartit. - Inmocosta API Estartit\",\"breadcrumb\":{\"@id\":\"https:\/\/inmocosta.com\/fr\/properties\/appartement-en-bord-de-mer-a-els-griells-lestartit\/#breadcrumb\"},\"inLanguage\":\"fr-FR\",\"potentialAction\":[{\"@type\":\"ReadAction\",\"target\":[\"https:\/\/inmocosta.com\/fr\/properties\/appartement-en-bord-de-mer-a-els-griells-lestartit\/\"]}]},{\"@type\":\"BreadcrumbList\",\"@id\":\"https:\/\/inmocosta.com\/fr\/properties\/appartement-en-bord-de-mer-a-els-griells-lestartit\/#breadcrumb\",\"itemListElement\":[{\"@type\":\"ListItem\",\"position\":1,\"name\":\"Home\",\"item\":\"https:\/\/inmocosta.com\/fr\/\"},{\"@type\":\"ListItem\",\"position\":2,\"name\":\"Propri\u00e9t\u00e9s\",\"item\":\"https:\/\/inmocosta.com\/fr\/properties\/\"},{\"@type\":\"ListItem\",\"position\":3,\"name\":\"Appartement en bord de mer \u00e0 Els Griells, L&#8217;Estartit.\"}]},{\"@type\":\"WebSite\",\"@id\":\"https:\/\/inmocosta.com\/fr\/#website\",\"url\":\"https:\/\/inmocosta.com\/fr\/\",\"name\":\"- Inmocosta API l&#039;Estartit\",\"description\":\"Ag\u00e8ncia immobiliaria dedicada exclusivament a la compra venda d\u00b4immobles . L&#039;assessorem en la compra del seu habitatge. Comprar cases, pisos, apartaments.\",\"publisher\":{\"@id\":\"https:\/\/inmocosta.com\/fr\/#organization\"},\"potentialAction\":[{\"@type\":\"SearchAction\",\"target\":{\"@type\":\"EntryPoint\",\"urlTemplate\":\"https:\/\/inmocosta.com\/fr\/?s={search_term_string}\"},\"query-input\":\"required name=search_term_string\"}],\"inLanguage\":\"fr-FR\"},{\"@type\":\"Organization\",\"@id\":\"https:\/\/inmocosta.com\/fr\/#organization\",\"name\":\"Inmocosta API L'Estartit\",\"url\":\"https:\/\/inmocosta.com\/fr\/\",\"logo\":{\"@type\":\"ImageObject\",\"inLanguage\":\"fr-FR\",\"@id\":\"https:\/\/inmocosta.com\/fr\/#\/schema\/logo\/image\/\",\"url\":\"https:\/\/inmocosta.com\/wp-content\/uploads\/2025\/01\/imatge_usuari.png\",\"contentUrl\":\"https:\/\/inmocosta.com\/wp-content\/uploads\/2025\/01\/imatge_usuari.png\",\"width\":500,\"height\":500,\"caption\":\"Inmocosta API L'Estartit\"},\"image\":{\"@id\":\"https:\/\/inmocosta.com\/fr\/#\/schema\/logo\/image\/\"},\"sameAs\":[\"https:\/\/www.facebook.com\/inmocostaapi\/\",\"https:\/\/www.instagram.com\/inmocosta_api\/\",\"https:\/\/www.youtube.com\/channel\/UCidmbkY6BpJG9MA_OQUZgYQ\"]}]}<\/script>\n<!-- \/ Yoast SEO plugin. -->","yoast_head_json":{"title":"Appartement en bord de mer \u00e0 Els Griells, L'Estartit. - Inmocosta API l&#039;Estartit","description":"Appartement en bord de mer, situ\u00e9e dans la quartier Els Griells de L'Estartit. - Inmocosta API Estartit","robots":{"index":"index","follow":"follow","max-snippet":"max-snippet:-1","max-image-preview":"max-image-preview:large","max-video-preview":"max-video-preview:-1"},"canonical":"https:\/\/inmocosta.com\/fr\/properties\/appartement-en-bord-de-mer-a-els-griells-lestartit\/","og_locale":"fr_FR","og_type":"article","og_title":"Appartement en bord de mer \u00e0 Els Griells, L'Estartit. - Inmocosta API l&#039;Estartit","og_description":"Appartement en bord de mer, situ\u00e9e dans la quartier Els Griells de L'Estartit. - Inmocosta API Estartit","og_url":"https:\/\/inmocosta.com\/fr\/properties\/appartement-en-bord-de-mer-a-els-griells-lestartit\/","og_site_name":"- Inmocosta API l&#039;Estartit","article_publisher":"https:\/\/www.facebook.com\/inmocostaapi\/","article_modified_time":"2024-05-02T12:19:35+00:00","og_image":[{"width":2560,"height":1920,"url":"https:\/\/inmocosta.com\/wp-content\/uploads\/2024\/02\/2225-Argonavis-Inmocosta-API-Estartit-Vistes-scaled.jpg","type":"image\/jpeg"}],"twitter_card":"summary_large_image","twitter_misc":{"Dur\u00e9e de lecture estim\u00e9e":"2 minutes"},"schema":{"@context":"https:\/\/schema.org","@graph":[{"@type":"WebPage","@id":"https:\/\/inmocosta.com\/fr\/properties\/appartement-en-bord-de-mer-a-els-griells-lestartit\/","url":"https:\/\/inmocosta.com\/fr\/properties\/appartement-en-bord-de-mer-a-els-griells-lestartit\/","name":"Appartement en bord de mer \u00e0 Els Griells, L'Estartit. - Inmocosta API l&#039;Estartit","isPartOf":{"@id":"https:\/\/inmocosta.com\/fr\/#website"},"datePublished":"2024-02-22T15:19:26+00:00","dateModified":"2024-05-02T12:19:35+00:00","description":"Appartement en bord de mer, situ\u00e9e dans la quartier Els Griells de L'Estartit. - Inmocosta API Estartit","breadcrumb":{"@id":"https:\/\/inmocosta.com\/fr\/properties\/appartement-en-bord-de-mer-a-els-griells-lestartit\/#breadcrumb"},"inLanguage":"fr-FR","potentialAction":[{"@type":"ReadAction","target":["https:\/\/inmocosta.com\/fr\/properties\/appartement-en-bord-de-mer-a-els-griells-lestartit\/"]}]},{"@type":"BreadcrumbList","@id":"https:\/\/inmocosta.com\/fr\/properties\/appartement-en-bord-de-mer-a-els-griells-lestartit\/#breadcrumb","itemListElement":[{"@type":"ListItem","position":1,"name":"Home","item":"https:\/\/inmocosta.com\/fr\/"},{"@type":"ListItem","position":2,"name":"Propri\u00e9t\u00e9s","item":"https:\/\/inmocosta.com\/fr\/properties\/"},{"@type":"ListItem","position":3,"name":"Appartement en bord de mer \u00e0 Els Griells, L&#8217;Estartit."}]},{"@type":"WebSite","@id":"https:\/\/inmocosta.com\/fr\/#website","url":"https:\/\/inmocosta.com\/fr\/","name":"- Inmocosta API l&#039;Estartit","description":"Ag\u00e8ncia immobiliaria dedicada exclusivament a la compra venda d\u00b4immobles . L&#039;assessorem en la compra del seu habitatge. Comprar cases, pisos, apartaments.","publisher":{"@id":"https:\/\/inmocosta.com\/fr\/#organization"},"potentialAction":[{"@type":"SearchAction","target":{"@type":"EntryPoint","urlTemplate":"https:\/\/inmocosta.com\/fr\/?s={search_term_string}"},"query-input":"required name=search_term_string"}],"inLanguage":"fr-FR"},{"@type":"Organization","@id":"https:\/\/inmocosta.com\/fr\/#organization","name":"Inmocosta API L'Estartit","url":"https:\/\/inmocosta.com\/fr\/","logo":{"@type":"ImageObject","inLanguage":"fr-FR","@id":"https:\/\/inmocosta.com\/fr\/#\/schema\/logo\/image\/","url":"https:\/\/inmocosta.com\/wp-content\/uploads\/2025\/01\/imatge_usuari.png","contentUrl":"https:\/\/inmocosta.com\/wp-content\/uploads\/2025\/01\/imatge_usuari.png","width":500,"height":500,"caption":"Inmocosta API L'Estartit"},"image":{"@id":"https:\/\/inmocosta.com\/fr\/#\/schema\/logo\/image\/"},"sameAs":["https:\/\/www.facebook.com\/inmocostaapi\/","https:\/\/www.instagram.com\/inmocosta_api\/","https:\/\/www.youtube.com\/channel\/UCidmbkY6BpJG9MA_OQUZgYQ"]}]}},"_links":{"self":[{"href":"https:\/\/inmocosta.com\/fr\/wp-json\/wp\/v2\/estate_property\/80601","targetHints":{"allow":["GET"]}}],"collection":[{"href":"https:\/\/inmocosta.com\/fr\/wp-json\/wp\/v2\/estate_property"}],"about":[{"href":"https:\/\/inmocosta.com\/fr\/wp-json\/wp\/v2\/types\/estate_property"}],"replies":[{"embeddable":true,"href":"https:\/\/inmocosta.com\/fr\/wp-json\/wp\/v2\/comments?post=80601"}],"wp:featuredmedia":[{"embeddable":true,"href":"https:\/\/inmocosta.com\/fr\/wp-json\/wp\/v2\/media\/80598"}],"wp:attachment":[{"href":"https:\/\/inmocosta.com\/fr\/wp-json\/wp\/v2\/media?parent=80601"}],"wp:term":[{"taxonomy":"property_category","embeddable":true,"href":"https:\/\/inmocosta.com\/fr\/wp-json\/wp\/v2\/property_category?post=80601"},{"taxonomy":"property_action_category","embeddable":true,"href":"https:\/\/inmocosta.com\/fr\/wp-json\/wp\/v2\/property_action_category?post=80601"},{"taxonomy":"property_city","embeddable":true,"href":"https:\/\/inmocosta.com\/fr\/wp-json\/wp\/v2\/property_city?post=80601"},{"taxonomy":"property_area","embeddable":true,"href":"https:\/\/inmocosta.com\/fr\/wp-json\/wp\/v2\/property_area?post=80601"},{"taxonomy":"property_county_state","embeddable":true,"href":"https:\/\/inmocosta.com\/fr\/wp-json\/wp\/v2\/property_county_state?post=80601"},{"taxonomy":"property_features","embeddable":true,"href":"https:\/\/inmocosta.com\/fr\/wp-json\/wp\/v2\/property_features?post=80601"},{"taxonomy":"property_status","embeddable":true,"href":"https:\/\/inmocosta.com\/fr\/wp-json\/wp\/v2\/property_status?post=80601"}],"curies":[{"name":"wp","href":"https:\/\/api.w.org\/{rel}","templated":true}]}}