{"id":83358,"date":"2025-02-14T15:42:12","date_gmt":"2025-02-14T14:42:12","guid":{"rendered":"https:\/\/inmocosta.com\/properties\/apartament-totalment-renovat-al-centre-de-lestartit\/"},"modified":"2025-02-17T11:52:37","modified_gmt":"2025-02-17T10:52:37","slug":"appartement-entierement-renove-au-centre-de-lestartit","status":"publish","type":"estate_property","link":"https:\/\/inmocosta.com\/fr\/properties\/appartement-entierement-renove-au-centre-de-lestartit\/","title":{"rendered":"Appartement enti\u00e8rement r\u00e9nov\u00e9 au centre de l&rsquo;Estartit."},"content":{"rendered":"<p>[vc_row][vc_column][vc_column_text]<\/p>\n<h3 data-start=\"17\" data-end=\"76\">Appartement enti\u00e8rement r\u00e9nov\u00e9 au centre de l&rsquo;Estartit.<\/h3>\n<p data-start=\"17\" data-end=\"76\">Appartement r\u00e9nov\u00e9 au centre de l&rsquo;Estartit, \u00e0 quelques pas de la place de l&rsquo;\u00e9glise, de la rue commer\u00e7ante et \u00e0 seulement 350 m\u00e8tres de la plage et de la promenade.<\/p>\n<p data-start=\"17\" data-end=\"76\">Avec une surface construite de 85 m\u00b2, il se compose d&rsquo;un salon-salle \u00e0 manger lumineux avec acc\u00e8s \u00e0 un balcon, d&rsquo;une cuisine ouverte enti\u00e8rement \u00e9quip\u00e9e, de deux chambres doubles avec placards int\u00e9gr\u00e9s, de deux chambres individuelles (dont une avec acc\u00e8s \u00e0 un deuxi\u00e8me balcon), d&rsquo;une salle de bain compl\u00e8te avec douche et d&rsquo;un WC suppl\u00e9mentaire.<\/p>\n<p data-start=\"17\" data-end=\"76\">Le balcon principal, accessible depuis le salon-salle \u00e0 manger, offre une vue sur la rue et ses environs, tandis que le deuxi\u00e8me balcon, accessible depuis l&rsquo;une des chambres, est utilis\u00e9 comme espace buanderie.<\/p>\n<p data-start=\"17\" data-end=\"76\">Le logement a \u00e9t\u00e9 enti\u00e8rement r\u00e9nov\u00e9 et est en excellent \u00e9tat. Il est vendu partiellement meubl\u00e9 et \u00e9quip\u00e9 de la climatisation avec pompe \u00e0 chaleur, de fen\u00eatres en PVC \u00e0 double vitrage et\u00a0sol en c\u00e9ramique. Il a \u00e9galement le droit de construire au-dessus.<\/p>\n<p>[\/vc_column_text][\/vc_column][\/vc_row][vc_row][vc_column][vc_separator][\/vc_column][\/vc_row][vc_row][vc_column][vc_custom_heading text=\u00a0\u00bbTour Virtuel:\u00a0\u00bb font_container=\u00a0\u00bbtag:h2|text_align:left|color:%23d0b08c\u00a0\u00bb][\/vc_column][\/vc_row][vc_row][vc_column][vc_raw_html]JTNDaWZyYW1lJTIwd2lkdGglM0QlMjc3MjUlMjclMjBoZWlnaHQlM0QlMjc0NTAlMjclMjBzcmMlM0QlMjdodHRwcyUzQSUyRiUyRm5vZGFsdmlldy5jb20lMkZzJTJGMnE0ZVRkMTg1N1pCd2VnakMyTkppdCUyNyUyMGZyYW1lYm9yZGVyJTNEJTI3MCUyNyUyMGFsbG93ZnVsbHNjcmVlbiUyMGFsbG93JTNEJTI3eHItc3BhdGlhbC10cmFja2luZyUyNyUzRSUzQyUyRmlmcmFtZSUzRQ==[\/vc_raw_html][\/vc_column][\/vc_row]<\/p>\n","protected":false},"excerpt":{"rendered":"<p>[vc_row][vc_column][vc_column_text] Appartement enti\u00e8rement r\u00e9nov\u00e9 au centre de l&rsquo;Estartit. Appartement r\u00e9nov\u00e9 au centre de l&rsquo;Estartit, \u00e0 quelques pas de la place de l&rsquo;\u00e9glise, de la rue commer\u00e7ante et \u00e0 seulement 350 m\u00e8tres de la plage et de la promenade. Avec une surface construite de 85 m\u00b2, il se compose d&rsquo;un salon-salle \u00e0 manger lumineux avec acc\u00e8s \u00e0 un balcon, d&rsquo;une cuisine ouverte enti\u00e8rement \u00e9quip\u00e9e, de &#8230;<\/p>\n","protected":false},"featured_media":83351,"comment_status":"closed","ping_status":"closed","template":"","property_category":[147],"property_action_category":[156],"property_city":[163],"property_area":[226],"property_county_state":[75,74],"property_features":[3123,3105,3153,3138,3168,3114,3132],"property_status":[],"class_list":["post-83358","estate_property","type-estate_property","status-publish","has-post-thumbnail","hentry","property_category-appartement","property_action_category-en-vente","property_city-lestartit","property_area-centre","property_county_state-baix-emporda","property_county_state-costa-brava","property_features-air-aconditioning-fr","property_features-balcony-fr","property_features-center-of-the-village-fr","property_features-double-glass-windows-fr","property_features-fitted-wardrobe-fr","property_features-furnished-fr","property_features-reformed-fr"],"yoast_head":"<!-- This site is optimized with the Yoast SEO plugin v21.8 - https:\/\/yoast.com\/wordpress\/plugins\/seo\/ -->\n<title>Appartement enti\u00e8rement r\u00e9nov\u00e9 au centre de l&#039;Estartit. - Inmocosta API l&#039;Estartit<\/title>\n<meta name=\"description\" content=\"Appartement enti\u00e8rement r\u00e9nov\u00e9 situ\u00e9e au centre de l&#039;Estartit, \u00e0 350 m\u00e8tres de la plage et de la promenade. - InmoCosta API Estartit.\" \/>\n<meta name=\"robots\" content=\"index, follow, max-snippet:-1, max-image-preview:large, max-video-preview:-1\" \/>\n<link rel=\"canonical\" href=\"https:\/\/inmocosta.com\/fr\/properties\/appartement-entierement-renove-au-centre-de-lestartit\/\" \/>\n<meta property=\"og:locale\" content=\"fr_FR\" \/>\n<meta property=\"og:type\" content=\"article\" \/>\n<meta property=\"og:title\" content=\"Appartement enti\u00e8rement r\u00e9nov\u00e9 au centre de l&#039;Estartit. - Inmocosta API l&#039;Estartit\" \/>\n<meta property=\"og:description\" content=\"Appartement enti\u00e8rement r\u00e9nov\u00e9 situ\u00e9e au centre de l&#039;Estartit, \u00e0 350 m\u00e8tres de la plage et de la promenade. - InmoCosta API Estartit.\" \/>\n<meta property=\"og:url\" content=\"https:\/\/inmocosta.com\/fr\/properties\/appartement-entierement-renove-au-centre-de-lestartit\/\" \/>\n<meta property=\"og:site_name\" content=\"- Inmocosta API l&#039;Estartit\" \/>\n<meta property=\"article:publisher\" content=\"https:\/\/www.facebook.com\/inmocostaapi\/\" \/>\n<meta property=\"article:modified_time\" content=\"2025-02-17T10:52:37+00:00\" \/>\n<meta property=\"og:image\" content=\"https:\/\/inmocosta.com\/wp-content\/uploads\/2025\/02\/2260-Carretera-de-Torroella-20-InmoCosta-API-Estartit-Sala-d_estar-i-menjador.jpg\" \/>\n\t<meta property=\"og:image:width\" content=\"800\" \/>\n\t<meta property=\"og:image:height\" content=\"600\" \/>\n\t<meta property=\"og:image:type\" content=\"image\/jpeg\" \/>\n<meta name=\"twitter:card\" content=\"summary_large_image\" \/>\n<meta name=\"twitter:label1\" content=\"Dur\u00e9e de lecture estim\u00e9e\" \/>\n\t<meta name=\"twitter:data1\" content=\"1 minute\" \/>\n<script type=\"application\/ld+json\" class=\"yoast-schema-graph\">{\"@context\":\"https:\/\/schema.org\",\"@graph\":[{\"@type\":\"WebPage\",\"@id\":\"https:\/\/inmocosta.com\/fr\/properties\/appartement-entierement-renove-au-centre-de-lestartit\/\",\"url\":\"https:\/\/inmocosta.com\/fr\/properties\/appartement-entierement-renove-au-centre-de-lestartit\/\",\"name\":\"Appartement enti\u00e8rement r\u00e9nov\u00e9 au centre de l'Estartit. - Inmocosta API l&#039;Estartit\",\"isPartOf\":{\"@id\":\"https:\/\/inmocosta.com\/fr\/#website\"},\"datePublished\":\"2025-02-14T14:42:12+00:00\",\"dateModified\":\"2025-02-17T10:52:37+00:00\",\"description\":\"Appartement enti\u00e8rement r\u00e9nov\u00e9 situ\u00e9e au centre de l'Estartit, \u00e0 350 m\u00e8tres de la plage et de la promenade. - InmoCosta API Estartit.\",\"breadcrumb\":{\"@id\":\"https:\/\/inmocosta.com\/fr\/properties\/appartement-entierement-renove-au-centre-de-lestartit\/#breadcrumb\"},\"inLanguage\":\"fr-FR\",\"potentialAction\":[{\"@type\":\"ReadAction\",\"target\":[\"https:\/\/inmocosta.com\/fr\/properties\/appartement-entierement-renove-au-centre-de-lestartit\/\"]}]},{\"@type\":\"BreadcrumbList\",\"@id\":\"https:\/\/inmocosta.com\/fr\/properties\/appartement-entierement-renove-au-centre-de-lestartit\/#breadcrumb\",\"itemListElement\":[{\"@type\":\"ListItem\",\"position\":1,\"name\":\"Home\",\"item\":\"https:\/\/inmocosta.com\/fr\/\"},{\"@type\":\"ListItem\",\"position\":2,\"name\":\"Propri\u00e9t\u00e9s\",\"item\":\"https:\/\/inmocosta.com\/fr\/properties\/\"},{\"@type\":\"ListItem\",\"position\":3,\"name\":\"Appartement enti\u00e8rement r\u00e9nov\u00e9 au centre de l&#8217;Estartit.\"}]},{\"@type\":\"WebSite\",\"@id\":\"https:\/\/inmocosta.com\/fr\/#website\",\"url\":\"https:\/\/inmocosta.com\/fr\/\",\"name\":\"- Inmocosta API l&#039;Estartit\",\"description\":\"Ag\u00e8ncia immobiliaria dedicada exclusivament a la compra venda d\u00b4immobles . L&#039;assessorem en la compra del seu habitatge. Comprar cases, pisos, apartaments.\",\"publisher\":{\"@id\":\"https:\/\/inmocosta.com\/fr\/#organization\"},\"potentialAction\":[{\"@type\":\"SearchAction\",\"target\":{\"@type\":\"EntryPoint\",\"urlTemplate\":\"https:\/\/inmocosta.com\/fr\/?s={search_term_string}\"},\"query-input\":\"required name=search_term_string\"}],\"inLanguage\":\"fr-FR\"},{\"@type\":\"Organization\",\"@id\":\"https:\/\/inmocosta.com\/fr\/#organization\",\"name\":\"Inmocosta API L'Estartit\",\"url\":\"https:\/\/inmocosta.com\/fr\/\",\"logo\":{\"@type\":\"ImageObject\",\"inLanguage\":\"fr-FR\",\"@id\":\"https:\/\/inmocosta.com\/fr\/#\/schema\/logo\/image\/\",\"url\":\"https:\/\/inmocosta.com\/wp-content\/uploads\/2025\/01\/imatge_usuari.png\",\"contentUrl\":\"https:\/\/inmocosta.com\/wp-content\/uploads\/2025\/01\/imatge_usuari.png\",\"width\":500,\"height\":500,\"caption\":\"Inmocosta API L'Estartit\"},\"image\":{\"@id\":\"https:\/\/inmocosta.com\/fr\/#\/schema\/logo\/image\/\"},\"sameAs\":[\"https:\/\/www.facebook.com\/inmocostaapi\/\",\"https:\/\/www.instagram.com\/inmocosta_api\/\",\"https:\/\/www.youtube.com\/channel\/UCidmbkY6BpJG9MA_OQUZgYQ\"]}]}<\/script>\n<!-- \/ Yoast SEO plugin. -->","yoast_head_json":{"title":"Appartement enti\u00e8rement r\u00e9nov\u00e9 au centre de l'Estartit. - Inmocosta API l&#039;Estartit","description":"Appartement enti\u00e8rement r\u00e9nov\u00e9 situ\u00e9e au centre de l'Estartit, \u00e0 350 m\u00e8tres de la plage et de la promenade. - InmoCosta API Estartit.","robots":{"index":"index","follow":"follow","max-snippet":"max-snippet:-1","max-image-preview":"max-image-preview:large","max-video-preview":"max-video-preview:-1"},"canonical":"https:\/\/inmocosta.com\/fr\/properties\/appartement-entierement-renove-au-centre-de-lestartit\/","og_locale":"fr_FR","og_type":"article","og_title":"Appartement enti\u00e8rement r\u00e9nov\u00e9 au centre de l'Estartit. - Inmocosta API l&#039;Estartit","og_description":"Appartement enti\u00e8rement r\u00e9nov\u00e9 situ\u00e9e au centre de l'Estartit, \u00e0 350 m\u00e8tres de la plage et de la promenade. - InmoCosta API Estartit.","og_url":"https:\/\/inmocosta.com\/fr\/properties\/appartement-entierement-renove-au-centre-de-lestartit\/","og_site_name":"- Inmocosta API l&#039;Estartit","article_publisher":"https:\/\/www.facebook.com\/inmocostaapi\/","article_modified_time":"2025-02-17T10:52:37+00:00","og_image":[{"width":800,"height":600,"url":"https:\/\/inmocosta.com\/wp-content\/uploads\/2025\/02\/2260-Carretera-de-Torroella-20-InmoCosta-API-Estartit-Sala-d_estar-i-menjador.jpg","type":"image\/jpeg"}],"twitter_card":"summary_large_image","twitter_misc":{"Dur\u00e9e de lecture estim\u00e9e":"1 minute"},"schema":{"@context":"https:\/\/schema.org","@graph":[{"@type":"WebPage","@id":"https:\/\/inmocosta.com\/fr\/properties\/appartement-entierement-renove-au-centre-de-lestartit\/","url":"https:\/\/inmocosta.com\/fr\/properties\/appartement-entierement-renove-au-centre-de-lestartit\/","name":"Appartement enti\u00e8rement r\u00e9nov\u00e9 au centre de l'Estartit. - Inmocosta API l&#039;Estartit","isPartOf":{"@id":"https:\/\/inmocosta.com\/fr\/#website"},"datePublished":"2025-02-14T14:42:12+00:00","dateModified":"2025-02-17T10:52:37+00:00","description":"Appartement enti\u00e8rement r\u00e9nov\u00e9 situ\u00e9e au centre de l'Estartit, \u00e0 350 m\u00e8tres de la plage et de la promenade. - InmoCosta API Estartit.","breadcrumb":{"@id":"https:\/\/inmocosta.com\/fr\/properties\/appartement-entierement-renove-au-centre-de-lestartit\/#breadcrumb"},"inLanguage":"fr-FR","potentialAction":[{"@type":"ReadAction","target":["https:\/\/inmocosta.com\/fr\/properties\/appartement-entierement-renove-au-centre-de-lestartit\/"]}]},{"@type":"BreadcrumbList","@id":"https:\/\/inmocosta.com\/fr\/properties\/appartement-entierement-renove-au-centre-de-lestartit\/#breadcrumb","itemListElement":[{"@type":"ListItem","position":1,"name":"Home","item":"https:\/\/inmocosta.com\/fr\/"},{"@type":"ListItem","position":2,"name":"Propri\u00e9t\u00e9s","item":"https:\/\/inmocosta.com\/fr\/properties\/"},{"@type":"ListItem","position":3,"name":"Appartement enti\u00e8rement r\u00e9nov\u00e9 au centre de l&#8217;Estartit."}]},{"@type":"WebSite","@id":"https:\/\/inmocosta.com\/fr\/#website","url":"https:\/\/inmocosta.com\/fr\/","name":"- Inmocosta API l&#039;Estartit","description":"Ag\u00e8ncia immobiliaria dedicada exclusivament a la compra venda d\u00b4immobles . L&#039;assessorem en la compra del seu habitatge. Comprar cases, pisos, apartaments.","publisher":{"@id":"https:\/\/inmocosta.com\/fr\/#organization"},"potentialAction":[{"@type":"SearchAction","target":{"@type":"EntryPoint","urlTemplate":"https:\/\/inmocosta.com\/fr\/?s={search_term_string}"},"query-input":"required name=search_term_string"}],"inLanguage":"fr-FR"},{"@type":"Organization","@id":"https:\/\/inmocosta.com\/fr\/#organization","name":"Inmocosta API L'Estartit","url":"https:\/\/inmocosta.com\/fr\/","logo":{"@type":"ImageObject","inLanguage":"fr-FR","@id":"https:\/\/inmocosta.com\/fr\/#\/schema\/logo\/image\/","url":"https:\/\/inmocosta.com\/wp-content\/uploads\/2025\/01\/imatge_usuari.png","contentUrl":"https:\/\/inmocosta.com\/wp-content\/uploads\/2025\/01\/imatge_usuari.png","width":500,"height":500,"caption":"Inmocosta API L'Estartit"},"image":{"@id":"https:\/\/inmocosta.com\/fr\/#\/schema\/logo\/image\/"},"sameAs":["https:\/\/www.facebook.com\/inmocostaapi\/","https:\/\/www.instagram.com\/inmocosta_api\/","https:\/\/www.youtube.com\/channel\/UCidmbkY6BpJG9MA_OQUZgYQ"]}]}},"_links":{"self":[{"href":"https:\/\/inmocosta.com\/fr\/wp-json\/wp\/v2\/estate_property\/83358","targetHints":{"allow":["GET"]}}],"collection":[{"href":"https:\/\/inmocosta.com\/fr\/wp-json\/wp\/v2\/estate_property"}],"about":[{"href":"https:\/\/inmocosta.com\/fr\/wp-json\/wp\/v2\/types\/estate_property"}],"replies":[{"embeddable":true,"href":"https:\/\/inmocosta.com\/fr\/wp-json\/wp\/v2\/comments?post=83358"}],"wp:featuredmedia":[{"embeddable":true,"href":"https:\/\/inmocosta.com\/fr\/wp-json\/wp\/v2\/media\/83351"}],"wp:attachment":[{"href":"https:\/\/inmocosta.com\/fr\/wp-json\/wp\/v2\/media?parent=83358"}],"wp:term":[{"taxonomy":"property_category","embeddable":true,"href":"https:\/\/inmocosta.com\/fr\/wp-json\/wp\/v2\/property_category?post=83358"},{"taxonomy":"property_action_category","embeddable":true,"href":"https:\/\/inmocosta.com\/fr\/wp-json\/wp\/v2\/property_action_category?post=83358"},{"taxonomy":"property_city","embeddable":true,"href":"https:\/\/inmocosta.com\/fr\/wp-json\/wp\/v2\/property_city?post=83358"},{"taxonomy":"property_area","embeddable":true,"href":"https:\/\/inmocosta.com\/fr\/wp-json\/wp\/v2\/property_area?post=83358"},{"taxonomy":"property_county_state","embeddable":true,"href":"https:\/\/inmocosta.com\/fr\/wp-json\/wp\/v2\/property_county_state?post=83358"},{"taxonomy":"property_features","embeddable":true,"href":"https:\/\/inmocosta.com\/fr\/wp-json\/wp\/v2\/property_features?post=83358"},{"taxonomy":"property_status","embeddable":true,"href":"https:\/\/inmocosta.com\/fr\/wp-json\/wp\/v2\/property_status?post=83358"}],"curies":[{"name":"wp","href":"https:\/\/api.w.org\/{rel}","templated":true}]}}