{"id":84033,"date":"2025-04-18T09:32:38","date_gmt":"2025-04-18T08:32:38","guid":{"rendered":"https:\/\/inmocosta.com\/properties\/casa-adossada-a-la-tranquil%c2%b7la-zona-de-la-torre-gran-lestartit\/"},"modified":"2025-10-01T11:00:55","modified_gmt":"2025-10-01T10:00:55","slug":"maison-mitoyenne-dans-le-quartier-calme-de-torre-gran-lestartit","status":"publish","type":"estate_property","link":"https:\/\/inmocosta.com\/fr\/properties\/maison-mitoyenne-dans-le-quartier-calme-de-torre-gran-lestartit\/","title":{"rendered":"Maison mitoyenne dans le quartier calme de Torre Gran, L&rsquo;Estartit."},"content":{"rendered":"<p>[vc_row][vc_column][vc_column_text]<\/p>\n<h3>Maison mitoyenne dans le quartier calme de Torre Gran, L&rsquo;Estartit.<\/h3>\n<p>Maison mitoyenne situ\u00e9e dans la r\u00e9sidence Torre Bonica, au sein de l\u2019urbanisation de Torre Gran, \u00e0 L\u2019Estartit. Il s\u2019agit d\u2019un environnement calme et bien entretenu, id\u00e9al pour profiter de la nature et de la tranquillit\u00e9 de la Costa Brava.<\/p>\n<p>La communaut\u00e9 dispose d\u2019un agr\u00e9able espace commun avec piscine ainsi que d\u2019un parking priv\u00e9, avec une place attribu\u00e9e \u00e0 chaque r\u00e9sident.<\/p>\n<p>La propri\u00e9t\u00e9 b\u00e9n\u00e9ficie d\u2019un terrain d\u2019environ 260 m\u00b2, entourant trois fa\u00e7ades de la maison ; la quatri\u00e8me mitoyennet\u00e9 est partag\u00e9e avec une autre habitation. La surface construite est de 77 m\u00b2.<\/p>\n<p>La maison se compose d\u2019un grand jardin, d\u2019un petit porche \u00e0 l\u2019entr\u00e9e, d\u2019un salon-salle \u00e0 manger avec cuisine ouverte et acc\u00e8s direct \u00e0 l\u2019arri\u00e8re de la maison, o\u00f9 se trouve un espace barbecue. Elle comprend trois chambres doubles et une salle de bain compl\u00e8te.<\/p>\n<p>\u00c0 l\u2019arri\u00e8re, la maison donne sur une belle zone bois\u00e9e, faisant partie du parc naturel du Montgr\u00ed, offrant ainsi un cadre privil\u00e9gi\u00e9 pour se d\u00e9tendre et profiter de la nature.<\/p>\n<p>La maison est en bon \u00e9tat et conserve son style d\u2019origine.[\/vc_column_text][\/vc_column][\/vc_row][vc_row][vc_column][vc_separator][\/vc_column][\/vc_row][vc_row][vc_column][vc_custom_heading text=\u00a0\u00bbTour Virtuel:\u00a0\u00bb font_container=\u00a0\u00bbtag:h2|text_align:left|color:%23d0b08c\u00a0\u00bb][\/vc_column][\/vc_row][vc_row][vc_column][vc_raw_html]JTNDaWZyYW1lJTIwd2lkdGglM0QlMjc3MjUlMjclMjBoZWlnaHQlM0QlMjc0NTAlMjclMjBzcmMlM0QlMjdodHRwcyUzQSUyRiUyRm5vZGFsdmlldy5jb20lMkZzJTJGMVc3Rl9fbW8xRUR3UWd4cW13U2M4cCUyNyUyMGZyYW1lYm9yZGVyJTNEJTI3MCUyNyUyMGFsbG93ZnVsbHNjcmVlbiUyMGFsbG93JTNEJTI3eHItc3BhdGlhbC10cmFja2luZyUyNyUzRSUzQyUyRmlmcmFtZSUzRQ==[\/vc_raw_html][\/vc_column][\/vc_row]<\/p>\n","protected":false},"excerpt":{"rendered":"<p>[vc_row][vc_column][vc_column_text] Maison mitoyenne dans le quartier calme de Torre Gran, L&rsquo;Estartit. Maison mitoyenne situ\u00e9e dans la r\u00e9sidence Torre Bonica, au sein de l\u2019urbanisation de Torre Gran, \u00e0 L\u2019Estartit. Il s\u2019agit d\u2019un environnement calme et bien entretenu, id\u00e9al pour profiter de la nature et de la tranquillit\u00e9 de la Costa Brava. La communaut\u00e9 dispose d\u2019un agr\u00e9able espace commun avec piscine ainsi que d\u2019un parking priv\u00e9, &#8230;<\/p>\n","protected":false},"featured_media":83994,"comment_status":"closed","ping_status":"closed","template":"","property_category":[146],"property_action_category":[156],"property_city":[163],"property_area":[234],"property_county_state":[75,74],"property_features":[3165,3105,3150,3184,3190,3167,3168,3229,3096,3186,3171,3120],"property_status":[3162],"class_list":["post-84033","estate_property","type-estate_property","status-publish","has-post-thumbnail","hentry","property_category-maison","property_action_category-en-vente","property_city-lestartit","property_area-torre-gran-fr","property_county_state-baix-emporda","property_county_state-costa-brava","property_features-back-yard-fr","property_features-balcony-fr","property_features-big-windows-with-nature-views-fr","property_features-community-swimming-pool-fr","property_features-fenced-yard-fr","property_features-fireplace-fr","property_features-fitted-wardrobe-fr","property_features-front-yard-fr","property_features-mountain-views-fr","property_features-parking-place-fr","property_features-quiet-location-fr","property_features-terrace-fr","property_status-venut-vendido-vendue-sold-fr"],"yoast_head":"<!-- This site is optimized with the Yoast SEO plugin v21.8 - https:\/\/yoast.com\/wordpress\/plugins\/seo\/ -->\n<title>Maison mitoyenne dans le quartier calme de Torre Gran, L&#039;Estartit. - Inmocosta API l&#039;Estartit<\/title>\n<meta name=\"description\" content=\"Casa adossada en venda situada a la tranquil\u00b7la zona de la Torre Gran a L&#039;Estartit. - InmoCosta API Estartit.\" \/>\n<meta name=\"robots\" content=\"index, follow, max-snippet:-1, max-image-preview:large, max-video-preview:-1\" \/>\n<link rel=\"canonical\" href=\"https:\/\/inmocosta.com\/fr\/properties\/maison-mitoyenne-dans-le-quartier-calme-de-torre-gran-lestartit\/\" \/>\n<meta property=\"og:locale\" content=\"fr_FR\" \/>\n<meta property=\"og:type\" content=\"article\" \/>\n<meta property=\"og:title\" content=\"Maison mitoyenne dans le quartier calme de Torre Gran, L&#039;Estartit. - Inmocosta API l&#039;Estartit\" \/>\n<meta property=\"og:description\" content=\"Casa adossada en venda situada a la tranquil\u00b7la zona de la Torre Gran a L&#039;Estartit. - InmoCosta API Estartit.\" \/>\n<meta property=\"og:url\" content=\"https:\/\/inmocosta.com\/fr\/properties\/maison-mitoyenne-dans-le-quartier-calme-de-torre-gran-lestartit\/\" \/>\n<meta property=\"og:site_name\" content=\"- Inmocosta API l&#039;Estartit\" \/>\n<meta property=\"article:publisher\" content=\"https:\/\/www.facebook.com\/inmocostaapi\/\" \/>\n<meta property=\"article:modified_time\" content=\"2025-10-01T10:00:55+00:00\" \/>\n<meta property=\"og:image\" content=\"https:\/\/inmocosta.com\/wp-content\/uploads\/2025\/04\/2272-Torre-Bonica-InmoCosta-API-Estartit-Jardi-1.jpg\" \/>\n\t<meta property=\"og:image:width\" content=\"800\" \/>\n\t<meta property=\"og:image:height\" content=\"600\" \/>\n\t<meta property=\"og:image:type\" content=\"image\/jpeg\" \/>\n<meta name=\"twitter:card\" content=\"summary_large_image\" \/>\n<meta name=\"twitter:label1\" content=\"Dur\u00e9e de lecture estim\u00e9e\" \/>\n\t<meta name=\"twitter:data1\" content=\"2 minutes\" \/>\n<script type=\"application\/ld+json\" class=\"yoast-schema-graph\">{\"@context\":\"https:\/\/schema.org\",\"@graph\":[{\"@type\":\"WebPage\",\"@id\":\"https:\/\/inmocosta.com\/fr\/properties\/maison-mitoyenne-dans-le-quartier-calme-de-torre-gran-lestartit\/\",\"url\":\"https:\/\/inmocosta.com\/fr\/properties\/maison-mitoyenne-dans-le-quartier-calme-de-torre-gran-lestartit\/\",\"name\":\"Maison mitoyenne dans le quartier calme de Torre Gran, L'Estartit. - Inmocosta API l&#039;Estartit\",\"isPartOf\":{\"@id\":\"https:\/\/inmocosta.com\/fr\/#website\"},\"datePublished\":\"2025-04-18T08:32:38+00:00\",\"dateModified\":\"2025-10-01T10:00:55+00:00\",\"description\":\"Casa adossada en venda situada a la tranquil\u00b7la zona de la Torre Gran a L'Estartit. - InmoCosta API Estartit.\",\"breadcrumb\":{\"@id\":\"https:\/\/inmocosta.com\/fr\/properties\/maison-mitoyenne-dans-le-quartier-calme-de-torre-gran-lestartit\/#breadcrumb\"},\"inLanguage\":\"fr-FR\",\"potentialAction\":[{\"@type\":\"ReadAction\",\"target\":[\"https:\/\/inmocosta.com\/fr\/properties\/maison-mitoyenne-dans-le-quartier-calme-de-torre-gran-lestartit\/\"]}]},{\"@type\":\"BreadcrumbList\",\"@id\":\"https:\/\/inmocosta.com\/fr\/properties\/maison-mitoyenne-dans-le-quartier-calme-de-torre-gran-lestartit\/#breadcrumb\",\"itemListElement\":[{\"@type\":\"ListItem\",\"position\":1,\"name\":\"Home\",\"item\":\"https:\/\/inmocosta.com\/fr\/\"},{\"@type\":\"ListItem\",\"position\":2,\"name\":\"Propri\u00e9t\u00e9s\",\"item\":\"https:\/\/inmocosta.com\/fr\/properties\/\"},{\"@type\":\"ListItem\",\"position\":3,\"name\":\"Maison mitoyenne dans le quartier calme de Torre Gran, L&#8217;Estartit.\"}]},{\"@type\":\"WebSite\",\"@id\":\"https:\/\/inmocosta.com\/fr\/#website\",\"url\":\"https:\/\/inmocosta.com\/fr\/\",\"name\":\"- Inmocosta API l&#039;Estartit\",\"description\":\"Ag\u00e8ncia immobiliaria dedicada exclusivament a la compra venda d\u00b4immobles . L&#039;assessorem en la compra del seu habitatge. Comprar cases, pisos, apartaments.\",\"publisher\":{\"@id\":\"https:\/\/inmocosta.com\/fr\/#organization\"},\"potentialAction\":[{\"@type\":\"SearchAction\",\"target\":{\"@type\":\"EntryPoint\",\"urlTemplate\":\"https:\/\/inmocosta.com\/fr\/?s={search_term_string}\"},\"query-input\":\"required name=search_term_string\"}],\"inLanguage\":\"fr-FR\"},{\"@type\":\"Organization\",\"@id\":\"https:\/\/inmocosta.com\/fr\/#organization\",\"name\":\"Inmocosta API L'Estartit\",\"url\":\"https:\/\/inmocosta.com\/fr\/\",\"logo\":{\"@type\":\"ImageObject\",\"inLanguage\":\"fr-FR\",\"@id\":\"https:\/\/inmocosta.com\/fr\/#\/schema\/logo\/image\/\",\"url\":\"https:\/\/inmocosta.com\/wp-content\/uploads\/2025\/01\/imatge_usuari.png\",\"contentUrl\":\"https:\/\/inmocosta.com\/wp-content\/uploads\/2025\/01\/imatge_usuari.png\",\"width\":500,\"height\":500,\"caption\":\"Inmocosta API L'Estartit\"},\"image\":{\"@id\":\"https:\/\/inmocosta.com\/fr\/#\/schema\/logo\/image\/\"},\"sameAs\":[\"https:\/\/www.facebook.com\/inmocostaapi\/\",\"https:\/\/www.instagram.com\/inmocosta_api\/\",\"https:\/\/www.youtube.com\/channel\/UCidmbkY6BpJG9MA_OQUZgYQ\"]}]}<\/script>\n<!-- \/ Yoast SEO plugin. -->","yoast_head_json":{"title":"Maison mitoyenne dans le quartier calme de Torre Gran, L'Estartit. - Inmocosta API l&#039;Estartit","description":"Casa adossada en venda situada a la tranquil\u00b7la zona de la Torre Gran a L'Estartit. - InmoCosta API Estartit.","robots":{"index":"index","follow":"follow","max-snippet":"max-snippet:-1","max-image-preview":"max-image-preview:large","max-video-preview":"max-video-preview:-1"},"canonical":"https:\/\/inmocosta.com\/fr\/properties\/maison-mitoyenne-dans-le-quartier-calme-de-torre-gran-lestartit\/","og_locale":"fr_FR","og_type":"article","og_title":"Maison mitoyenne dans le quartier calme de Torre Gran, L'Estartit. - Inmocosta API l&#039;Estartit","og_description":"Casa adossada en venda situada a la tranquil\u00b7la zona de la Torre Gran a L'Estartit. - InmoCosta API Estartit.","og_url":"https:\/\/inmocosta.com\/fr\/properties\/maison-mitoyenne-dans-le-quartier-calme-de-torre-gran-lestartit\/","og_site_name":"- Inmocosta API l&#039;Estartit","article_publisher":"https:\/\/www.facebook.com\/inmocostaapi\/","article_modified_time":"2025-10-01T10:00:55+00:00","og_image":[{"width":800,"height":600,"url":"https:\/\/inmocosta.com\/wp-content\/uploads\/2025\/04\/2272-Torre-Bonica-InmoCosta-API-Estartit-Jardi-1.jpg","type":"image\/jpeg"}],"twitter_card":"summary_large_image","twitter_misc":{"Dur\u00e9e de lecture estim\u00e9e":"2 minutes"},"schema":{"@context":"https:\/\/schema.org","@graph":[{"@type":"WebPage","@id":"https:\/\/inmocosta.com\/fr\/properties\/maison-mitoyenne-dans-le-quartier-calme-de-torre-gran-lestartit\/","url":"https:\/\/inmocosta.com\/fr\/properties\/maison-mitoyenne-dans-le-quartier-calme-de-torre-gran-lestartit\/","name":"Maison mitoyenne dans le quartier calme de Torre Gran, L'Estartit. - Inmocosta API l&#039;Estartit","isPartOf":{"@id":"https:\/\/inmocosta.com\/fr\/#website"},"datePublished":"2025-04-18T08:32:38+00:00","dateModified":"2025-10-01T10:00:55+00:00","description":"Casa adossada en venda situada a la tranquil\u00b7la zona de la Torre Gran a L'Estartit. - InmoCosta API Estartit.","breadcrumb":{"@id":"https:\/\/inmocosta.com\/fr\/properties\/maison-mitoyenne-dans-le-quartier-calme-de-torre-gran-lestartit\/#breadcrumb"},"inLanguage":"fr-FR","potentialAction":[{"@type":"ReadAction","target":["https:\/\/inmocosta.com\/fr\/properties\/maison-mitoyenne-dans-le-quartier-calme-de-torre-gran-lestartit\/"]}]},{"@type":"BreadcrumbList","@id":"https:\/\/inmocosta.com\/fr\/properties\/maison-mitoyenne-dans-le-quartier-calme-de-torre-gran-lestartit\/#breadcrumb","itemListElement":[{"@type":"ListItem","position":1,"name":"Home","item":"https:\/\/inmocosta.com\/fr\/"},{"@type":"ListItem","position":2,"name":"Propri\u00e9t\u00e9s","item":"https:\/\/inmocosta.com\/fr\/properties\/"},{"@type":"ListItem","position":3,"name":"Maison mitoyenne dans le quartier calme de Torre Gran, L&#8217;Estartit."}]},{"@type":"WebSite","@id":"https:\/\/inmocosta.com\/fr\/#website","url":"https:\/\/inmocosta.com\/fr\/","name":"- Inmocosta API l&#039;Estartit","description":"Ag\u00e8ncia immobiliaria dedicada exclusivament a la compra venda d\u00b4immobles . L&#039;assessorem en la compra del seu habitatge. Comprar cases, pisos, apartaments.","publisher":{"@id":"https:\/\/inmocosta.com\/fr\/#organization"},"potentialAction":[{"@type":"SearchAction","target":{"@type":"EntryPoint","urlTemplate":"https:\/\/inmocosta.com\/fr\/?s={search_term_string}"},"query-input":"required name=search_term_string"}],"inLanguage":"fr-FR"},{"@type":"Organization","@id":"https:\/\/inmocosta.com\/fr\/#organization","name":"Inmocosta API L'Estartit","url":"https:\/\/inmocosta.com\/fr\/","logo":{"@type":"ImageObject","inLanguage":"fr-FR","@id":"https:\/\/inmocosta.com\/fr\/#\/schema\/logo\/image\/","url":"https:\/\/inmocosta.com\/wp-content\/uploads\/2025\/01\/imatge_usuari.png","contentUrl":"https:\/\/inmocosta.com\/wp-content\/uploads\/2025\/01\/imatge_usuari.png","width":500,"height":500,"caption":"Inmocosta API L'Estartit"},"image":{"@id":"https:\/\/inmocosta.com\/fr\/#\/schema\/logo\/image\/"},"sameAs":["https:\/\/www.facebook.com\/inmocostaapi\/","https:\/\/www.instagram.com\/inmocosta_api\/","https:\/\/www.youtube.com\/channel\/UCidmbkY6BpJG9MA_OQUZgYQ"]}]}},"_links":{"self":[{"href":"https:\/\/inmocosta.com\/fr\/wp-json\/wp\/v2\/estate_property\/84033","targetHints":{"allow":["GET"]}}],"collection":[{"href":"https:\/\/inmocosta.com\/fr\/wp-json\/wp\/v2\/estate_property"}],"about":[{"href":"https:\/\/inmocosta.com\/fr\/wp-json\/wp\/v2\/types\/estate_property"}],"replies":[{"embeddable":true,"href":"https:\/\/inmocosta.com\/fr\/wp-json\/wp\/v2\/comments?post=84033"}],"wp:featuredmedia":[{"embeddable":true,"href":"https:\/\/inmocosta.com\/fr\/wp-json\/wp\/v2\/media\/83994"}],"wp:attachment":[{"href":"https:\/\/inmocosta.com\/fr\/wp-json\/wp\/v2\/media?parent=84033"}],"wp:term":[{"taxonomy":"property_category","embeddable":true,"href":"https:\/\/inmocosta.com\/fr\/wp-json\/wp\/v2\/property_category?post=84033"},{"taxonomy":"property_action_category","embeddable":true,"href":"https:\/\/inmocosta.com\/fr\/wp-json\/wp\/v2\/property_action_category?post=84033"},{"taxonomy":"property_city","embeddable":true,"href":"https:\/\/inmocosta.com\/fr\/wp-json\/wp\/v2\/property_city?post=84033"},{"taxonomy":"property_area","embeddable":true,"href":"https:\/\/inmocosta.com\/fr\/wp-json\/wp\/v2\/property_area?post=84033"},{"taxonomy":"property_county_state","embeddable":true,"href":"https:\/\/inmocosta.com\/fr\/wp-json\/wp\/v2\/property_county_state?post=84033"},{"taxonomy":"property_features","embeddable":true,"href":"https:\/\/inmocosta.com\/fr\/wp-json\/wp\/v2\/property_features?post=84033"},{"taxonomy":"property_status","embeddable":true,"href":"https:\/\/inmocosta.com\/fr\/wp-json\/wp\/v2\/property_status?post=84033"}],"curies":[{"name":"wp","href":"https:\/\/api.w.org\/{rel}","templated":true}]}}