{"id":84294,"date":"2025-05-07T08:22:17","date_gmt":"2025-05-07T07:22:17","guid":{"rendered":"https:\/\/inmocosta.com\/properties\/estudi-a-pocs-metres-de-la-platja-a-els-griells-lestartit\/"},"modified":"2025-05-28T13:35:06","modified_gmt":"2025-05-28T12:35:06","slug":"studio-a-quelques-metres-de-la-plage-a-els-griells-lestartit","status":"publish","type":"estate_property","link":"https:\/\/inmocosta.com\/fr\/properties\/studio-a-quelques-metres-de-la-plage-a-els-griells-lestartit\/","title":{"rendered":"Studio \u00e0 quelques m\u00e8tres de la plage, \u00e0 Els Griells, L\u2019Estartit."},"content":{"rendered":"<p>[vc_row][vc_column][vc_column_text]<\/p>\n<h3>Studio \u00e0 quelques m\u00e8tres de la plage, \u00e0 Els Griells, L\u2019Estartit.<\/h3>\n<p>Studio situ\u00e9 au rez-de-chauss\u00e9e d\u2019un immeuble dans le quartier calme d\u2019Els Griells, \u00e0 L\u2019Estartit, \u00e0 moins de 100 m\u00e8tres de la plage et de la promenade maritime.<\/p>\n<p>Il fait partie de la r\u00e9sidence Tamarindos, qui dispose d\u2019une piscine communautaire et de vastes espaces verts entourant la zone de baignade, id\u00e9aux pour se d\u00e9tendre et profiter de l\u2019environnement.<\/p>\n<p>Avec une surface construite d\u2019environ 35 m\u00e8tres carr\u00e9s, le studio se compose d\u2019un hall d\u2019entr\u00e9e, d\u2019une salle de bain compl\u00e8te avec baignoire, d\u2019une cuisine ouverte, et d\u2019un espace ouvert regroupant le salon, la salle \u00e0 manger et la chambre. Depuis cette pi\u00e8ce, on acc\u00e8de \u00e0 une terrasse priv\u00e9e avec sortie directe vers la zone de la piscine.<\/p>\n<p>Le bien est en bon \u00e9tat de conservation et est vendu meubl\u00e9. Il ne dispose pas de licence touristique.[\/vc_column_text][\/vc_column][\/vc_row][vc_row][vc_column][vc_separator][\/vc_column][\/vc_row][vc_row][vc_column][vc_custom_heading text=\u00a0\u00bbTour Virtuel:\u00a0\u00bb font_container=\u00a0\u00bbtag:h2|text_align:left|color:%23d0b08c\u00a0\u00bb][\/vc_column][\/vc_row][vc_row][vc_column][vc_raw_html]JTNDaWZyYW1lJTIwd2lkdGglM0QlMjc3MjUlMjclMjBoZWlnaHQlM0QlMjc0NTAlMjclMjBzcmMlM0QlMjdodHRwcyUzQSUyRiUyRm5vZGFsdmlldy5jb20lMkZzJTJGMWpoMG1PaTZmRUlQS3poUm9zZnhfdSUyNyUyMGZyYW1lYm9yZGVyJTNEJTI3MCUyNyUyMGFsbG93ZnVsbHNjcmVlbiUyMGFsbG93JTNEJTI3eHItc3BhdGlhbC10cmFja2luZyUyNyUzRSUzQyUyRmlmcmFtZSUzRQ==[\/vc_raw_html][\/vc_column][\/vc_row]<\/p>\n","protected":false},"excerpt":{"rendered":"<p>[vc_row][vc_column][vc_column_text] Studio \u00e0 quelques m\u00e8tres de la plage, \u00e0 Els Griells, L\u2019Estartit. Studio situ\u00e9 au rez-de-chauss\u00e9e d\u2019un immeuble dans le quartier calme d\u2019Els Griells, \u00e0 L\u2019Estartit, \u00e0 moins de 100 m\u00e8tres de la plage et de la promenade maritime. Il fait partie de la r\u00e9sidence Tamarindos, qui dispose d\u2019une piscine communautaire et de vastes espaces verts entourant la zone de baignade, id\u00e9aux pour se &#8230;<\/p>\n","protected":false},"featured_media":84392,"comment_status":"closed","ping_status":"closed","template":"","property_category":[147],"property_action_category":[156],"property_city":[163],"property_area":[227],"property_county_state":[75,74],"property_features":[3184,3138,3168,3114,3120],"property_status":[3162],"class_list":["post-84294","estate_property","type-estate_property","status-publish","has-post-thumbnail","hentry","property_category-appartement","property_action_category-en-vente","property_city-lestartit","property_area-els-griells-fr","property_county_state-baix-emporda","property_county_state-costa-brava","property_features-community-swimming-pool-fr","property_features-double-glass-windows-fr","property_features-fitted-wardrobe-fr","property_features-furnished-fr","property_features-terrace-fr","property_status-venut-vendido-vendue-sold-fr"],"yoast_head":"<!-- This site is optimized with the Yoast SEO plugin v21.8 - https:\/\/yoast.com\/wordpress\/plugins\/seo\/ -->\n<title>Studio \u00e0 quelques m\u00e8tres de la plage, \u00e0 Els Griells, L\u2019Estartit. - Inmocosta API l&#039;Estartit<\/title>\n<meta name=\"description\" content=\"Studio au rez-de-chauss\u00e9e, \u00e0 quelques m\u00e8tres de la plage, dans le quartier d&#039;Els Griells, L\u2019Estartit. - InmoCosta API Estartit\" \/>\n<meta name=\"robots\" content=\"index, follow, max-snippet:-1, max-image-preview:large, max-video-preview:-1\" \/>\n<link rel=\"canonical\" href=\"https:\/\/inmocosta.com\/fr\/properties\/studio-a-quelques-metres-de-la-plage-a-els-griells-lestartit\/\" \/>\n<meta property=\"og:locale\" content=\"fr_FR\" \/>\n<meta property=\"og:type\" content=\"article\" \/>\n<meta property=\"og:title\" content=\"Studio \u00e0 quelques m\u00e8tres de la plage, \u00e0 Els Griells, L\u2019Estartit. - Inmocosta API l&#039;Estartit\" \/>\n<meta property=\"og:description\" content=\"Studio au rez-de-chauss\u00e9e, \u00e0 quelques m\u00e8tres de la plage, dans le quartier d&#039;Els Griells, L\u2019Estartit. - InmoCosta API Estartit\" \/>\n<meta property=\"og:url\" content=\"https:\/\/inmocosta.com\/fr\/properties\/studio-a-quelques-metres-de-la-plage-a-els-griells-lestartit\/\" \/>\n<meta property=\"og:site_name\" content=\"- Inmocosta API l&#039;Estartit\" \/>\n<meta property=\"article:publisher\" content=\"https:\/\/www.facebook.com\/inmocostaapi\/\" \/>\n<meta property=\"article:modified_time\" content=\"2025-05-28T12:35:06+00:00\" \/>\n<meta property=\"og:image\" content=\"https:\/\/inmocosta.com\/wp-content\/uploads\/2025\/05\/2266-Traster-Tamarindos-Comunitat-scaled.jpg\" \/>\n\t<meta property=\"og:image:width\" content=\"2560\" \/>\n\t<meta property=\"og:image:height\" content=\"1920\" \/>\n\t<meta property=\"og:image:type\" content=\"image\/jpeg\" \/>\n<meta name=\"twitter:card\" content=\"summary_large_image\" \/>\n<meta name=\"twitter:label1\" content=\"Dur\u00e9e de lecture estim\u00e9e\" \/>\n\t<meta name=\"twitter:data1\" content=\"1 minute\" \/>\n<script type=\"application\/ld+json\" class=\"yoast-schema-graph\">{\"@context\":\"https:\/\/schema.org\",\"@graph\":[{\"@type\":\"WebPage\",\"@id\":\"https:\/\/inmocosta.com\/fr\/properties\/studio-a-quelques-metres-de-la-plage-a-els-griells-lestartit\/\",\"url\":\"https:\/\/inmocosta.com\/fr\/properties\/studio-a-quelques-metres-de-la-plage-a-els-griells-lestartit\/\",\"name\":\"Studio \u00e0 quelques m\u00e8tres de la plage, \u00e0 Els Griells, L\u2019Estartit. - Inmocosta API l&#039;Estartit\",\"isPartOf\":{\"@id\":\"https:\/\/inmocosta.com\/fr\/#website\"},\"datePublished\":\"2025-05-07T07:22:17+00:00\",\"dateModified\":\"2025-05-28T12:35:06+00:00\",\"description\":\"Studio au rez-de-chauss\u00e9e, \u00e0 quelques m\u00e8tres de la plage, dans le quartier d'Els Griells, L\u2019Estartit. - InmoCosta API Estartit\",\"breadcrumb\":{\"@id\":\"https:\/\/inmocosta.com\/fr\/properties\/studio-a-quelques-metres-de-la-plage-a-els-griells-lestartit\/#breadcrumb\"},\"inLanguage\":\"fr-FR\",\"potentialAction\":[{\"@type\":\"ReadAction\",\"target\":[\"https:\/\/inmocosta.com\/fr\/properties\/studio-a-quelques-metres-de-la-plage-a-els-griells-lestartit\/\"]}]},{\"@type\":\"BreadcrumbList\",\"@id\":\"https:\/\/inmocosta.com\/fr\/properties\/studio-a-quelques-metres-de-la-plage-a-els-griells-lestartit\/#breadcrumb\",\"itemListElement\":[{\"@type\":\"ListItem\",\"position\":1,\"name\":\"Home\",\"item\":\"https:\/\/inmocosta.com\/fr\/\"},{\"@type\":\"ListItem\",\"position\":2,\"name\":\"Propri\u00e9t\u00e9s\",\"item\":\"https:\/\/inmocosta.com\/fr\/properties\/\"},{\"@type\":\"ListItem\",\"position\":3,\"name\":\"Studio \u00e0 quelques m\u00e8tres de la plage, \u00e0 Els Griells, L\u2019Estartit.\"}]},{\"@type\":\"WebSite\",\"@id\":\"https:\/\/inmocosta.com\/fr\/#website\",\"url\":\"https:\/\/inmocosta.com\/fr\/\",\"name\":\"- Inmocosta API l&#039;Estartit\",\"description\":\"Ag\u00e8ncia immobiliaria dedicada exclusivament a la compra venda d\u00b4immobles . L&#039;assessorem en la compra del seu habitatge. Comprar cases, pisos, apartaments.\",\"publisher\":{\"@id\":\"https:\/\/inmocosta.com\/fr\/#organization\"},\"potentialAction\":[{\"@type\":\"SearchAction\",\"target\":{\"@type\":\"EntryPoint\",\"urlTemplate\":\"https:\/\/inmocosta.com\/fr\/?s={search_term_string}\"},\"query-input\":\"required name=search_term_string\"}],\"inLanguage\":\"fr-FR\"},{\"@type\":\"Organization\",\"@id\":\"https:\/\/inmocosta.com\/fr\/#organization\",\"name\":\"Inmocosta API L'Estartit\",\"url\":\"https:\/\/inmocosta.com\/fr\/\",\"logo\":{\"@type\":\"ImageObject\",\"inLanguage\":\"fr-FR\",\"@id\":\"https:\/\/inmocosta.com\/fr\/#\/schema\/logo\/image\/\",\"url\":\"https:\/\/inmocosta.com\/wp-content\/uploads\/2025\/01\/imatge_usuari.png\",\"contentUrl\":\"https:\/\/inmocosta.com\/wp-content\/uploads\/2025\/01\/imatge_usuari.png\",\"width\":500,\"height\":500,\"caption\":\"Inmocosta API L'Estartit\"},\"image\":{\"@id\":\"https:\/\/inmocosta.com\/fr\/#\/schema\/logo\/image\/\"},\"sameAs\":[\"https:\/\/www.facebook.com\/inmocostaapi\/\",\"https:\/\/www.instagram.com\/inmocosta_api\/\",\"https:\/\/www.youtube.com\/channel\/UCidmbkY6BpJG9MA_OQUZgYQ\"]}]}<\/script>\n<!-- \/ Yoast SEO plugin. -->","yoast_head_json":{"title":"Studio \u00e0 quelques m\u00e8tres de la plage, \u00e0 Els Griells, L\u2019Estartit. - Inmocosta API l&#039;Estartit","description":"Studio au rez-de-chauss\u00e9e, \u00e0 quelques m\u00e8tres de la plage, dans le quartier d'Els Griells, L\u2019Estartit. - InmoCosta API Estartit","robots":{"index":"index","follow":"follow","max-snippet":"max-snippet:-1","max-image-preview":"max-image-preview:large","max-video-preview":"max-video-preview:-1"},"canonical":"https:\/\/inmocosta.com\/fr\/properties\/studio-a-quelques-metres-de-la-plage-a-els-griells-lestartit\/","og_locale":"fr_FR","og_type":"article","og_title":"Studio \u00e0 quelques m\u00e8tres de la plage, \u00e0 Els Griells, L\u2019Estartit. - Inmocosta API l&#039;Estartit","og_description":"Studio au rez-de-chauss\u00e9e, \u00e0 quelques m\u00e8tres de la plage, dans le quartier d'Els Griells, L\u2019Estartit. - InmoCosta API Estartit","og_url":"https:\/\/inmocosta.com\/fr\/properties\/studio-a-quelques-metres-de-la-plage-a-els-griells-lestartit\/","og_site_name":"- Inmocosta API l&#039;Estartit","article_publisher":"https:\/\/www.facebook.com\/inmocostaapi\/","article_modified_time":"2025-05-28T12:35:06+00:00","og_image":[{"width":2560,"height":1920,"url":"https:\/\/inmocosta.com\/wp-content\/uploads\/2025\/05\/2266-Traster-Tamarindos-Comunitat-scaled.jpg","type":"image\/jpeg"}],"twitter_card":"summary_large_image","twitter_misc":{"Dur\u00e9e de lecture estim\u00e9e":"1 minute"},"schema":{"@context":"https:\/\/schema.org","@graph":[{"@type":"WebPage","@id":"https:\/\/inmocosta.com\/fr\/properties\/studio-a-quelques-metres-de-la-plage-a-els-griells-lestartit\/","url":"https:\/\/inmocosta.com\/fr\/properties\/studio-a-quelques-metres-de-la-plage-a-els-griells-lestartit\/","name":"Studio \u00e0 quelques m\u00e8tres de la plage, \u00e0 Els Griells, L\u2019Estartit. - Inmocosta API l&#039;Estartit","isPartOf":{"@id":"https:\/\/inmocosta.com\/fr\/#website"},"datePublished":"2025-05-07T07:22:17+00:00","dateModified":"2025-05-28T12:35:06+00:00","description":"Studio au rez-de-chauss\u00e9e, \u00e0 quelques m\u00e8tres de la plage, dans le quartier d'Els Griells, L\u2019Estartit. - InmoCosta API Estartit","breadcrumb":{"@id":"https:\/\/inmocosta.com\/fr\/properties\/studio-a-quelques-metres-de-la-plage-a-els-griells-lestartit\/#breadcrumb"},"inLanguage":"fr-FR","potentialAction":[{"@type":"ReadAction","target":["https:\/\/inmocosta.com\/fr\/properties\/studio-a-quelques-metres-de-la-plage-a-els-griells-lestartit\/"]}]},{"@type":"BreadcrumbList","@id":"https:\/\/inmocosta.com\/fr\/properties\/studio-a-quelques-metres-de-la-plage-a-els-griells-lestartit\/#breadcrumb","itemListElement":[{"@type":"ListItem","position":1,"name":"Home","item":"https:\/\/inmocosta.com\/fr\/"},{"@type":"ListItem","position":2,"name":"Propri\u00e9t\u00e9s","item":"https:\/\/inmocosta.com\/fr\/properties\/"},{"@type":"ListItem","position":3,"name":"Studio \u00e0 quelques m\u00e8tres de la plage, \u00e0 Els Griells, L\u2019Estartit."}]},{"@type":"WebSite","@id":"https:\/\/inmocosta.com\/fr\/#website","url":"https:\/\/inmocosta.com\/fr\/","name":"- Inmocosta API l&#039;Estartit","description":"Ag\u00e8ncia immobiliaria dedicada exclusivament a la compra venda d\u00b4immobles . L&#039;assessorem en la compra del seu habitatge. Comprar cases, pisos, apartaments.","publisher":{"@id":"https:\/\/inmocosta.com\/fr\/#organization"},"potentialAction":[{"@type":"SearchAction","target":{"@type":"EntryPoint","urlTemplate":"https:\/\/inmocosta.com\/fr\/?s={search_term_string}"},"query-input":"required name=search_term_string"}],"inLanguage":"fr-FR"},{"@type":"Organization","@id":"https:\/\/inmocosta.com\/fr\/#organization","name":"Inmocosta API L'Estartit","url":"https:\/\/inmocosta.com\/fr\/","logo":{"@type":"ImageObject","inLanguage":"fr-FR","@id":"https:\/\/inmocosta.com\/fr\/#\/schema\/logo\/image\/","url":"https:\/\/inmocosta.com\/wp-content\/uploads\/2025\/01\/imatge_usuari.png","contentUrl":"https:\/\/inmocosta.com\/wp-content\/uploads\/2025\/01\/imatge_usuari.png","width":500,"height":500,"caption":"Inmocosta API L'Estartit"},"image":{"@id":"https:\/\/inmocosta.com\/fr\/#\/schema\/logo\/image\/"},"sameAs":["https:\/\/www.facebook.com\/inmocostaapi\/","https:\/\/www.instagram.com\/inmocosta_api\/","https:\/\/www.youtube.com\/channel\/UCidmbkY6BpJG9MA_OQUZgYQ"]}]}},"_links":{"self":[{"href":"https:\/\/inmocosta.com\/fr\/wp-json\/wp\/v2\/estate_property\/84294","targetHints":{"allow":["GET"]}}],"collection":[{"href":"https:\/\/inmocosta.com\/fr\/wp-json\/wp\/v2\/estate_property"}],"about":[{"href":"https:\/\/inmocosta.com\/fr\/wp-json\/wp\/v2\/types\/estate_property"}],"replies":[{"embeddable":true,"href":"https:\/\/inmocosta.com\/fr\/wp-json\/wp\/v2\/comments?post=84294"}],"wp:featuredmedia":[{"embeddable":true,"href":"https:\/\/inmocosta.com\/fr\/wp-json\/wp\/v2\/media\/84392"}],"wp:attachment":[{"href":"https:\/\/inmocosta.com\/fr\/wp-json\/wp\/v2\/media?parent=84294"}],"wp:term":[{"taxonomy":"property_category","embeddable":true,"href":"https:\/\/inmocosta.com\/fr\/wp-json\/wp\/v2\/property_category?post=84294"},{"taxonomy":"property_action_category","embeddable":true,"href":"https:\/\/inmocosta.com\/fr\/wp-json\/wp\/v2\/property_action_category?post=84294"},{"taxonomy":"property_city","embeddable":true,"href":"https:\/\/inmocosta.com\/fr\/wp-json\/wp\/v2\/property_city?post=84294"},{"taxonomy":"property_area","embeddable":true,"href":"https:\/\/inmocosta.com\/fr\/wp-json\/wp\/v2\/property_area?post=84294"},{"taxonomy":"property_county_state","embeddable":true,"href":"https:\/\/inmocosta.com\/fr\/wp-json\/wp\/v2\/property_county_state?post=84294"},{"taxonomy":"property_features","embeddable":true,"href":"https:\/\/inmocosta.com\/fr\/wp-json\/wp\/v2\/property_features?post=84294"},{"taxonomy":"property_status","embeddable":true,"href":"https:\/\/inmocosta.com\/fr\/wp-json\/wp\/v2\/property_status?post=84294"}],"curies":[{"name":"wp","href":"https:\/\/api.w.org\/{rel}","templated":true}]}}