{"id":84783,"date":"2025-07-05T09:24:07","date_gmt":"2025-07-05T08:24:07","guid":{"rendered":"https:\/\/inmocosta.com\/properties\/apartament-totalment-reformat-a-els-griells-lestartit\/"},"modified":"2025-07-07T13:45:24","modified_gmt":"2025-07-07T12:45:24","slug":"appartement-entierement-renove-a-els-griells-lestartit","status":"publish","type":"estate_property","link":"https:\/\/inmocosta.com\/fr\/properties\/appartement-entierement-renove-a-els-griells-lestartit\/","title":{"rendered":"Appartement enti\u00e8rement r\u00e9nov\u00e9 \u00e0 Els Griells, L&rsquo;Estartit."},"content":{"rendered":"<p>[vc_row][vc_column][vc_column_text]<\/p>\n<h3>Appartement enti\u00e8rement r\u00e9nov\u00e9 \u00e0 Els Griells, L&rsquo;Estartit.<\/h3>\n<p>Appartement enti\u00e8rement r\u00e9nov\u00e9, situ\u00e9 dans le quartier d&rsquo;Els Griells, \u00e0 moins de 150 m\u00e8tres de la plage et de la promenade maritime de L&rsquo;Estartit.<\/p>\n<p>Il se trouve au premier \u00e9tage (sans ascenseur) de la r\u00e9sidence L&rsquo;Escalada, qui dispose d&rsquo;une piscine communautaire et d&rsquo;un espace solarium.<\/p>\n<p>Le logement a une superficie construite d&rsquo;environ 62 m\u00e8tres carr\u00e9s et se compose d&rsquo;un hall d&rsquo;entr\u00e9e, d&rsquo;une cuisine ouverte, d&rsquo;un salon-salle \u00e0 manger avec acc\u00e8s au balcon, de deux chambres doubles et d&rsquo;une salle de bains compl\u00e8te avec douche.<\/p>\n<p>Le balcon, orient\u00e9 plein sud, est accessible depuis le salon-salle \u00e0 manger ainsi que depuis la chambre principale.<\/p>\n<p>L&rsquo;appartement a \u00e9t\u00e9 enti\u00e8rement r\u00e9nov\u00e9 et dispose de la climatisation avec pompe \u00e0 chaleur, de fen\u00eatres \u00e0 double vitrage, entre autres am\u00e9liorations. Il est vendu meubl\u00e9 et \u00e9quip\u00e9.[\/vc_column_text][\/vc_column][\/vc_row]<\/p>\n","protected":false},"excerpt":{"rendered":"<p>[vc_row][vc_column][vc_column_text] Appartement enti\u00e8rement r\u00e9nov\u00e9 \u00e0 Els Griells, L&rsquo;Estartit. Appartement enti\u00e8rement r\u00e9nov\u00e9, situ\u00e9 dans le quartier d&rsquo;Els Griells, \u00e0 moins de 150 m\u00e8tres de la plage et de la promenade maritime de L&rsquo;Estartit. Il se trouve au premier \u00e9tage (sans ascenseur) de la r\u00e9sidence L&rsquo;Escalada, qui dispose d&rsquo;une piscine communautaire et d&rsquo;un espace solarium. Le logement a une superficie construite d&rsquo;environ 62 m\u00e8tres carr\u00e9s et &#8230;<\/p>\n","protected":false},"featured_media":84724,"comment_status":"closed","ping_status":"closed","template":"","property_category":[147],"property_action_category":[156],"property_city":[163],"property_area":[227],"property_county_state":[75,74],"property_features":[3123,3105,3184,3138,3168,3114,3132],"property_status":[3162],"class_list":["post-84783","estate_property","type-estate_property","status-publish","has-post-thumbnail","hentry","property_category-appartement","property_action_category-en-vente","property_city-lestartit","property_area-els-griells-fr","property_county_state-baix-emporda","property_county_state-costa-brava","property_features-air-aconditioning-fr","property_features-balcony-fr","property_features-community-swimming-pool-fr","property_features-double-glass-windows-fr","property_features-fitted-wardrobe-fr","property_features-furnished-fr","property_features-reformed-fr","property_status-venut-vendido-vendue-sold-fr"],"yoast_head":"<!-- This site is optimized with the Yoast SEO plugin v21.8 - https:\/\/yoast.com\/wordpress\/plugins\/seo\/ -->\n<title>Appartement enti\u00e8rement r\u00e9nov\u00e9 \u00e0 Els Griells, L&#039;Estartit. - Inmocosta API l&#039;Estartit<\/title>\n<meta name=\"description\" content=\"Appartement enti\u00e8rement r\u00e9nov\u00e9, situ\u00e9 \u00e0 moins de 150 m\u00e8tres de la plage, dans le quartier d&#039;Els Griells, L&#039;Estartit. - InmoCosta API Estartit.\" \/>\n<meta name=\"robots\" content=\"index, follow, max-snippet:-1, max-image-preview:large, max-video-preview:-1\" \/>\n<link rel=\"canonical\" href=\"https:\/\/inmocosta.com\/fr\/properties\/appartement-entierement-renove-a-els-griells-lestartit\/\" \/>\n<meta property=\"og:locale\" content=\"fr_FR\" \/>\n<meta property=\"og:type\" content=\"article\" \/>\n<meta property=\"og:title\" content=\"Appartement enti\u00e8rement r\u00e9nov\u00e9 \u00e0 Els Griells, L&#039;Estartit. - Inmocosta API l&#039;Estartit\" \/>\n<meta property=\"og:description\" content=\"Appartement enti\u00e8rement r\u00e9nov\u00e9, situ\u00e9 \u00e0 moins de 150 m\u00e8tres de la plage, dans le quartier d&#039;Els Griells, L&#039;Estartit. - InmoCosta API Estartit.\" \/>\n<meta property=\"og:url\" content=\"https:\/\/inmocosta.com\/fr\/properties\/appartement-entierement-renove-a-els-griells-lestartit\/\" \/>\n<meta property=\"og:site_name\" content=\"- Inmocosta API l&#039;Estartit\" \/>\n<meta property=\"article:publisher\" content=\"https:\/\/www.facebook.com\/inmocostaapi\/\" \/>\n<meta property=\"article:modified_time\" content=\"2025-07-07T12:45:24+00:00\" \/>\n<meta property=\"og:image\" content=\"https:\/\/inmocosta.com\/wp-content\/uploads\/2025\/07\/2282-Escalada-64-InmoCosta-API-Estartit-Balco-3.jpg\" \/>\n\t<meta property=\"og:image:width\" content=\"800\" \/>\n\t<meta property=\"og:image:height\" content=\"600\" \/>\n\t<meta property=\"og:image:type\" content=\"image\/jpeg\" \/>\n<meta name=\"twitter:card\" content=\"summary_large_image\" \/>\n<meta name=\"twitter:label1\" content=\"Dur\u00e9e de lecture estim\u00e9e\" \/>\n\t<meta name=\"twitter:data1\" content=\"1 minute\" \/>\n<script type=\"application\/ld+json\" class=\"yoast-schema-graph\">{\"@context\":\"https:\/\/schema.org\",\"@graph\":[{\"@type\":\"WebPage\",\"@id\":\"https:\/\/inmocosta.com\/fr\/properties\/appartement-entierement-renove-a-els-griells-lestartit\/\",\"url\":\"https:\/\/inmocosta.com\/fr\/properties\/appartement-entierement-renove-a-els-griells-lestartit\/\",\"name\":\"Appartement enti\u00e8rement r\u00e9nov\u00e9 \u00e0 Els Griells, L'Estartit. - Inmocosta API l&#039;Estartit\",\"isPartOf\":{\"@id\":\"https:\/\/inmocosta.com\/fr\/#website\"},\"datePublished\":\"2025-07-05T08:24:07+00:00\",\"dateModified\":\"2025-07-07T12:45:24+00:00\",\"description\":\"Appartement enti\u00e8rement r\u00e9nov\u00e9, situ\u00e9 \u00e0 moins de 150 m\u00e8tres de la plage, dans le quartier d'Els Griells, L'Estartit. - InmoCosta API Estartit.\",\"breadcrumb\":{\"@id\":\"https:\/\/inmocosta.com\/fr\/properties\/appartement-entierement-renove-a-els-griells-lestartit\/#breadcrumb\"},\"inLanguage\":\"fr-FR\",\"potentialAction\":[{\"@type\":\"ReadAction\",\"target\":[\"https:\/\/inmocosta.com\/fr\/properties\/appartement-entierement-renove-a-els-griells-lestartit\/\"]}]},{\"@type\":\"BreadcrumbList\",\"@id\":\"https:\/\/inmocosta.com\/fr\/properties\/appartement-entierement-renove-a-els-griells-lestartit\/#breadcrumb\",\"itemListElement\":[{\"@type\":\"ListItem\",\"position\":1,\"name\":\"Home\",\"item\":\"https:\/\/inmocosta.com\/fr\/\"},{\"@type\":\"ListItem\",\"position\":2,\"name\":\"Propri\u00e9t\u00e9s\",\"item\":\"https:\/\/inmocosta.com\/fr\/properties\/\"},{\"@type\":\"ListItem\",\"position\":3,\"name\":\"Appartement enti\u00e8rement r\u00e9nov\u00e9 \u00e0 Els Griells, L&#8217;Estartit.\"}]},{\"@type\":\"WebSite\",\"@id\":\"https:\/\/inmocosta.com\/fr\/#website\",\"url\":\"https:\/\/inmocosta.com\/fr\/\",\"name\":\"- Inmocosta API l&#039;Estartit\",\"description\":\"Ag\u00e8ncia immobiliaria dedicada exclusivament a la compra venda d\u00b4immobles . L&#039;assessorem en la compra del seu habitatge. Comprar cases, pisos, apartaments.\",\"publisher\":{\"@id\":\"https:\/\/inmocosta.com\/fr\/#organization\"},\"potentialAction\":[{\"@type\":\"SearchAction\",\"target\":{\"@type\":\"EntryPoint\",\"urlTemplate\":\"https:\/\/inmocosta.com\/fr\/?s={search_term_string}\"},\"query-input\":\"required name=search_term_string\"}],\"inLanguage\":\"fr-FR\"},{\"@type\":\"Organization\",\"@id\":\"https:\/\/inmocosta.com\/fr\/#organization\",\"name\":\"Inmocosta API L'Estartit\",\"url\":\"https:\/\/inmocosta.com\/fr\/\",\"logo\":{\"@type\":\"ImageObject\",\"inLanguage\":\"fr-FR\",\"@id\":\"https:\/\/inmocosta.com\/fr\/#\/schema\/logo\/image\/\",\"url\":\"https:\/\/inmocosta.com\/wp-content\/uploads\/2025\/01\/imatge_usuari.png\",\"contentUrl\":\"https:\/\/inmocosta.com\/wp-content\/uploads\/2025\/01\/imatge_usuari.png\",\"width\":500,\"height\":500,\"caption\":\"Inmocosta API L'Estartit\"},\"image\":{\"@id\":\"https:\/\/inmocosta.com\/fr\/#\/schema\/logo\/image\/\"},\"sameAs\":[\"https:\/\/www.facebook.com\/inmocostaapi\/\",\"https:\/\/www.instagram.com\/inmocosta_api\/\",\"https:\/\/www.youtube.com\/channel\/UCidmbkY6BpJG9MA_OQUZgYQ\"]}]}<\/script>\n<!-- \/ Yoast SEO plugin. -->","yoast_head_json":{"title":"Appartement enti\u00e8rement r\u00e9nov\u00e9 \u00e0 Els Griells, L'Estartit. - Inmocosta API l&#039;Estartit","description":"Appartement enti\u00e8rement r\u00e9nov\u00e9, situ\u00e9 \u00e0 moins de 150 m\u00e8tres de la plage, dans le quartier d'Els Griells, L'Estartit. - InmoCosta API Estartit.","robots":{"index":"index","follow":"follow","max-snippet":"max-snippet:-1","max-image-preview":"max-image-preview:large","max-video-preview":"max-video-preview:-1"},"canonical":"https:\/\/inmocosta.com\/fr\/properties\/appartement-entierement-renove-a-els-griells-lestartit\/","og_locale":"fr_FR","og_type":"article","og_title":"Appartement enti\u00e8rement r\u00e9nov\u00e9 \u00e0 Els Griells, L'Estartit. - Inmocosta API l&#039;Estartit","og_description":"Appartement enti\u00e8rement r\u00e9nov\u00e9, situ\u00e9 \u00e0 moins de 150 m\u00e8tres de la plage, dans le quartier d'Els Griells, L'Estartit. - InmoCosta API Estartit.","og_url":"https:\/\/inmocosta.com\/fr\/properties\/appartement-entierement-renove-a-els-griells-lestartit\/","og_site_name":"- Inmocosta API l&#039;Estartit","article_publisher":"https:\/\/www.facebook.com\/inmocostaapi\/","article_modified_time":"2025-07-07T12:45:24+00:00","og_image":[{"width":800,"height":600,"url":"https:\/\/inmocosta.com\/wp-content\/uploads\/2025\/07\/2282-Escalada-64-InmoCosta-API-Estartit-Balco-3.jpg","type":"image\/jpeg"}],"twitter_card":"summary_large_image","twitter_misc":{"Dur\u00e9e de lecture estim\u00e9e":"1 minute"},"schema":{"@context":"https:\/\/schema.org","@graph":[{"@type":"WebPage","@id":"https:\/\/inmocosta.com\/fr\/properties\/appartement-entierement-renove-a-els-griells-lestartit\/","url":"https:\/\/inmocosta.com\/fr\/properties\/appartement-entierement-renove-a-els-griells-lestartit\/","name":"Appartement enti\u00e8rement r\u00e9nov\u00e9 \u00e0 Els Griells, L'Estartit. - Inmocosta API l&#039;Estartit","isPartOf":{"@id":"https:\/\/inmocosta.com\/fr\/#website"},"datePublished":"2025-07-05T08:24:07+00:00","dateModified":"2025-07-07T12:45:24+00:00","description":"Appartement enti\u00e8rement r\u00e9nov\u00e9, situ\u00e9 \u00e0 moins de 150 m\u00e8tres de la plage, dans le quartier d'Els Griells, L'Estartit. - InmoCosta API Estartit.","breadcrumb":{"@id":"https:\/\/inmocosta.com\/fr\/properties\/appartement-entierement-renove-a-els-griells-lestartit\/#breadcrumb"},"inLanguage":"fr-FR","potentialAction":[{"@type":"ReadAction","target":["https:\/\/inmocosta.com\/fr\/properties\/appartement-entierement-renove-a-els-griells-lestartit\/"]}]},{"@type":"BreadcrumbList","@id":"https:\/\/inmocosta.com\/fr\/properties\/appartement-entierement-renove-a-els-griells-lestartit\/#breadcrumb","itemListElement":[{"@type":"ListItem","position":1,"name":"Home","item":"https:\/\/inmocosta.com\/fr\/"},{"@type":"ListItem","position":2,"name":"Propri\u00e9t\u00e9s","item":"https:\/\/inmocosta.com\/fr\/properties\/"},{"@type":"ListItem","position":3,"name":"Appartement enti\u00e8rement r\u00e9nov\u00e9 \u00e0 Els Griells, L&#8217;Estartit."}]},{"@type":"WebSite","@id":"https:\/\/inmocosta.com\/fr\/#website","url":"https:\/\/inmocosta.com\/fr\/","name":"- Inmocosta API l&#039;Estartit","description":"Ag\u00e8ncia immobiliaria dedicada exclusivament a la compra venda d\u00b4immobles . L&#039;assessorem en la compra del seu habitatge. Comprar cases, pisos, apartaments.","publisher":{"@id":"https:\/\/inmocosta.com\/fr\/#organization"},"potentialAction":[{"@type":"SearchAction","target":{"@type":"EntryPoint","urlTemplate":"https:\/\/inmocosta.com\/fr\/?s={search_term_string}"},"query-input":"required name=search_term_string"}],"inLanguage":"fr-FR"},{"@type":"Organization","@id":"https:\/\/inmocosta.com\/fr\/#organization","name":"Inmocosta API L'Estartit","url":"https:\/\/inmocosta.com\/fr\/","logo":{"@type":"ImageObject","inLanguage":"fr-FR","@id":"https:\/\/inmocosta.com\/fr\/#\/schema\/logo\/image\/","url":"https:\/\/inmocosta.com\/wp-content\/uploads\/2025\/01\/imatge_usuari.png","contentUrl":"https:\/\/inmocosta.com\/wp-content\/uploads\/2025\/01\/imatge_usuari.png","width":500,"height":500,"caption":"Inmocosta API L'Estartit"},"image":{"@id":"https:\/\/inmocosta.com\/fr\/#\/schema\/logo\/image\/"},"sameAs":["https:\/\/www.facebook.com\/inmocostaapi\/","https:\/\/www.instagram.com\/inmocosta_api\/","https:\/\/www.youtube.com\/channel\/UCidmbkY6BpJG9MA_OQUZgYQ"]}]}},"_links":{"self":[{"href":"https:\/\/inmocosta.com\/fr\/wp-json\/wp\/v2\/estate_property\/84783","targetHints":{"allow":["GET"]}}],"collection":[{"href":"https:\/\/inmocosta.com\/fr\/wp-json\/wp\/v2\/estate_property"}],"about":[{"href":"https:\/\/inmocosta.com\/fr\/wp-json\/wp\/v2\/types\/estate_property"}],"replies":[{"embeddable":true,"href":"https:\/\/inmocosta.com\/fr\/wp-json\/wp\/v2\/comments?post=84783"}],"wp:featuredmedia":[{"embeddable":true,"href":"https:\/\/inmocosta.com\/fr\/wp-json\/wp\/v2\/media\/84724"}],"wp:attachment":[{"href":"https:\/\/inmocosta.com\/fr\/wp-json\/wp\/v2\/media?parent=84783"}],"wp:term":[{"taxonomy":"property_category","embeddable":true,"href":"https:\/\/inmocosta.com\/fr\/wp-json\/wp\/v2\/property_category?post=84783"},{"taxonomy":"property_action_category","embeddable":true,"href":"https:\/\/inmocosta.com\/fr\/wp-json\/wp\/v2\/property_action_category?post=84783"},{"taxonomy":"property_city","embeddable":true,"href":"https:\/\/inmocosta.com\/fr\/wp-json\/wp\/v2\/property_city?post=84783"},{"taxonomy":"property_area","embeddable":true,"href":"https:\/\/inmocosta.com\/fr\/wp-json\/wp\/v2\/property_area?post=84783"},{"taxonomy":"property_county_state","embeddable":true,"href":"https:\/\/inmocosta.com\/fr\/wp-json\/wp\/v2\/property_county_state?post=84783"},{"taxonomy":"property_features","embeddable":true,"href":"https:\/\/inmocosta.com\/fr\/wp-json\/wp\/v2\/property_features?post=84783"},{"taxonomy":"property_status","embeddable":true,"href":"https:\/\/inmocosta.com\/fr\/wp-json\/wp\/v2\/property_status?post=84783"}],"curies":[{"name":"wp","href":"https:\/\/api.w.org\/{rel}","templated":true}]}}