{"id":85314,"date":"2025-09-15T09:24:47","date_gmt":"2025-09-15T08:24:47","guid":{"rendered":"https:\/\/inmocosta.com\/properties\/apartament-en-venda-al-centre-de-lestartit-2\/"},"modified":"2025-09-15T10:42:14","modified_gmt":"2025-09-15T09:42:14","slug":"appartement-a-vendre-au-centre-de-lestartit","status":"publish","type":"estate_property","link":"https:\/\/inmocosta.com\/fr\/properties\/appartement-a-vendre-au-centre-de-lestartit\/","title":{"rendered":"Appartement \u00e0 vendre au centre de L&rsquo;Estartit."},"content":{"rendered":"<p>[vc_row][vc_column][vc_column_text]<\/p>\n<h3>Appartement \u00e0 vendre au centre de L&rsquo;Estartit.<\/h3>\n<p>Appartement \u00e0 vendre situ\u00e9 au centre de L&rsquo;Estartit, \u00e0 seulement 300 m\u00e8tres de la plage et de la promenade maritime, et \u00e0 quelques minutes \u00e0 pied de la place de l&rsquo;\u00e9glise et de la rue commer\u00e7ante.<\/p>\n<p>Il se trouve au troisi\u00e8me et dernier \u00e9tage et dispose d&rsquo;une surface de 43 m\u00e8tres carr\u00e9s, r\u00e9partie entre un s\u00e9jour-salle \u00e0 manger avec cuisine ouverte et acc\u00e8s au balcon, une chambre double avec armoires encastr\u00e9es et une salle de bains compl\u00e8te avec baignoire. Le balcon offre une vue partielle sur la montagne du Rocamaura.<\/p>\n<p>L&rsquo;appartement est en bon \u00e9tat, partiellement r\u00e9nov\u00e9 et \u00e9quip\u00e9 de la climatisation avec pompe \u00e0 chaleur.[\/vc_column_text][\/vc_column][\/vc_row][vc_row][vc_column][vc_separator][\/vc_column][\/vc_row][vc_row][vc_column][vc_custom_heading text=\u00a0\u00bbTour Virtuel:\u00a0\u00bb font_container=\u00a0\u00bbtag:h2|text_align:left|color:%23d0b08c\u00a0\u00bb][\/vc_column][\/vc_row][vc_row][vc_column][vc_raw_html]JTNDaWZyYW1lJTIwd2lkdGglM0QlMjc3MjUlMjclMjBoZWlnaHQlM0QlMjc0NTAlMjclMjBzcmMlM0QlMjdodHRwcyUzQSUyRiUyRm5vZGFsdmlldy5jb20lMkZzJTJGM0FWRTNvWWluMDdlQXpRM18zRFFJLSUyNyUyMGZyYW1lYm9yZGVyJTNEJTI3MCUyNyUyMGFsbG93ZnVsbHNjcmVlbiUyMGFsbG93JTNEJTI3eHItc3BhdGlhbC10cmFja2luZyUyNyUzRSUzQyUyRmlmcmFtZSUzRQ==[\/vc_raw_html][\/vc_column][\/vc_row]<\/p>\n","protected":false},"excerpt":{"rendered":"<p>[vc_row][vc_column][vc_column_text] Appartement \u00e0 vendre au centre de L&rsquo;Estartit. Appartement \u00e0 vendre situ\u00e9 au centre de L&rsquo;Estartit, \u00e0 seulement 300 m\u00e8tres de la plage et de la promenade maritime, et \u00e0 quelques minutes \u00e0 pied de la place de l&rsquo;\u00e9glise et de la rue commer\u00e7ante. Il se trouve au troisi\u00e8me et dernier \u00e9tage et dispose d&rsquo;une surface de 43 m\u00e8tres carr\u00e9s, r\u00e9partie entre un s\u00e9jour-salle &#8230;<\/p>\n","protected":false},"featured_media":85267,"comment_status":"closed","ping_status":"closed","template":"","property_category":[147],"property_action_category":[156],"property_city":[163],"property_area":[226],"property_county_state":[75,74],"property_features":[3123,3105,3153,3168,3114],"property_status":[],"class_list":["post-85314","estate_property","type-estate_property","status-publish","has-post-thumbnail","hentry","property_category-appartement","property_action_category-en-vente","property_city-lestartit","property_area-centre","property_county_state-baix-emporda","property_county_state-costa-brava","property_features-air-aconditioning-fr","property_features-balcony-fr","property_features-center-of-the-village-fr","property_features-fitted-wardrobe-fr","property_features-furnished-fr"],"yoast_head":"<!-- This site is optimized with the Yoast SEO plugin v21.8 - https:\/\/yoast.com\/wordpress\/plugins\/seo\/ -->\n<title>Appartement \u00e0 vendre au centre de L&#039;Estartit. - Inmocosta API l&#039;Estartit<\/title>\n<meta name=\"description\" content=\"Appartement \u00e0 vendre situ\u00e9e au centre de L&#039;Estartit, \u00e0 seulement 300 m\u00e8tres de la plage et de la promenade maritime. - InmoCosta API Estartit.\" \/>\n<meta name=\"robots\" content=\"index, follow, max-snippet:-1, max-image-preview:large, max-video-preview:-1\" \/>\n<link rel=\"canonical\" href=\"https:\/\/inmocosta.com\/fr\/properties\/appartement-a-vendre-au-centre-de-lestartit\/\" \/>\n<meta property=\"og:locale\" content=\"fr_FR\" \/>\n<meta property=\"og:type\" content=\"article\" \/>\n<meta property=\"og:title\" content=\"Appartement \u00e0 vendre au centre de L&#039;Estartit. - Inmocosta API l&#039;Estartit\" \/>\n<meta property=\"og:description\" content=\"Appartement \u00e0 vendre situ\u00e9e au centre de L&#039;Estartit, \u00e0 seulement 300 m\u00e8tres de la plage et de la promenade maritime. - InmoCosta API Estartit.\" \/>\n<meta property=\"og:url\" content=\"https:\/\/inmocosta.com\/fr\/properties\/appartement-a-vendre-au-centre-de-lestartit\/\" \/>\n<meta property=\"og:site_name\" content=\"- Inmocosta API l&#039;Estartit\" \/>\n<meta property=\"article:publisher\" content=\"https:\/\/www.facebook.com\/inmocostaapi\/\" \/>\n<meta property=\"article:modified_time\" content=\"2025-09-15T09:42:14+00:00\" \/>\n<meta property=\"og:image\" content=\"https:\/\/inmocosta.com\/wp-content\/uploads\/2025\/09\/2290-Montgri-3o-5a-InmoCosta-API-Estartit-Balco-1.jpeg\" \/>\n\t<meta property=\"og:image:width\" content=\"800\" \/>\n\t<meta property=\"og:image:height\" content=\"600\" \/>\n\t<meta property=\"og:image:type\" content=\"image\/jpeg\" \/>\n<meta name=\"twitter:card\" content=\"summary_large_image\" \/>\n<meta name=\"twitter:label1\" content=\"Dur\u00e9e de lecture estim\u00e9e\" \/>\n\t<meta name=\"twitter:data1\" content=\"1 minute\" \/>\n<script type=\"application\/ld+json\" class=\"yoast-schema-graph\">{\"@context\":\"https:\/\/schema.org\",\"@graph\":[{\"@type\":\"WebPage\",\"@id\":\"https:\/\/inmocosta.com\/fr\/properties\/appartement-a-vendre-au-centre-de-lestartit\/\",\"url\":\"https:\/\/inmocosta.com\/fr\/properties\/appartement-a-vendre-au-centre-de-lestartit\/\",\"name\":\"Appartement \u00e0 vendre au centre de L'Estartit. - Inmocosta API l&#039;Estartit\",\"isPartOf\":{\"@id\":\"https:\/\/inmocosta.com\/fr\/#website\"},\"datePublished\":\"2025-09-15T08:24:47+00:00\",\"dateModified\":\"2025-09-15T09:42:14+00:00\",\"description\":\"Appartement \u00e0 vendre situ\u00e9e au centre de L'Estartit, \u00e0 seulement 300 m\u00e8tres de la plage et de la promenade maritime. - InmoCosta API Estartit.\",\"breadcrumb\":{\"@id\":\"https:\/\/inmocosta.com\/fr\/properties\/appartement-a-vendre-au-centre-de-lestartit\/#breadcrumb\"},\"inLanguage\":\"fr-FR\",\"potentialAction\":[{\"@type\":\"ReadAction\",\"target\":[\"https:\/\/inmocosta.com\/fr\/properties\/appartement-a-vendre-au-centre-de-lestartit\/\"]}]},{\"@type\":\"BreadcrumbList\",\"@id\":\"https:\/\/inmocosta.com\/fr\/properties\/appartement-a-vendre-au-centre-de-lestartit\/#breadcrumb\",\"itemListElement\":[{\"@type\":\"ListItem\",\"position\":1,\"name\":\"Home\",\"item\":\"https:\/\/inmocosta.com\/fr\/\"},{\"@type\":\"ListItem\",\"position\":2,\"name\":\"Propri\u00e9t\u00e9s\",\"item\":\"https:\/\/inmocosta.com\/fr\/properties\/\"},{\"@type\":\"ListItem\",\"position\":3,\"name\":\"Appartement \u00e0 vendre au centre de L&#8217;Estartit.\"}]},{\"@type\":\"WebSite\",\"@id\":\"https:\/\/inmocosta.com\/fr\/#website\",\"url\":\"https:\/\/inmocosta.com\/fr\/\",\"name\":\"- Inmocosta API l&#039;Estartit\",\"description\":\"Ag\u00e8ncia immobiliaria dedicada exclusivament a la compra venda d\u00b4immobles . L&#039;assessorem en la compra del seu habitatge. Comprar cases, pisos, apartaments.\",\"publisher\":{\"@id\":\"https:\/\/inmocosta.com\/fr\/#organization\"},\"potentialAction\":[{\"@type\":\"SearchAction\",\"target\":{\"@type\":\"EntryPoint\",\"urlTemplate\":\"https:\/\/inmocosta.com\/fr\/?s={search_term_string}\"},\"query-input\":\"required name=search_term_string\"}],\"inLanguage\":\"fr-FR\"},{\"@type\":\"Organization\",\"@id\":\"https:\/\/inmocosta.com\/fr\/#organization\",\"name\":\"Inmocosta API L'Estartit\",\"url\":\"https:\/\/inmocosta.com\/fr\/\",\"logo\":{\"@type\":\"ImageObject\",\"inLanguage\":\"fr-FR\",\"@id\":\"https:\/\/inmocosta.com\/fr\/#\/schema\/logo\/image\/\",\"url\":\"https:\/\/inmocosta.com\/wp-content\/uploads\/2025\/01\/imatge_usuari.png\",\"contentUrl\":\"https:\/\/inmocosta.com\/wp-content\/uploads\/2025\/01\/imatge_usuari.png\",\"width\":500,\"height\":500,\"caption\":\"Inmocosta API L'Estartit\"},\"image\":{\"@id\":\"https:\/\/inmocosta.com\/fr\/#\/schema\/logo\/image\/\"},\"sameAs\":[\"https:\/\/www.facebook.com\/inmocostaapi\/\",\"https:\/\/www.instagram.com\/inmocosta_api\/\",\"https:\/\/www.youtube.com\/channel\/UCidmbkY6BpJG9MA_OQUZgYQ\"]}]}<\/script>\n<!-- \/ Yoast SEO plugin. -->","yoast_head_json":{"title":"Appartement \u00e0 vendre au centre de L'Estartit. - Inmocosta API l&#039;Estartit","description":"Appartement \u00e0 vendre situ\u00e9e au centre de L'Estartit, \u00e0 seulement 300 m\u00e8tres de la plage et de la promenade maritime. - InmoCosta API Estartit.","robots":{"index":"index","follow":"follow","max-snippet":"max-snippet:-1","max-image-preview":"max-image-preview:large","max-video-preview":"max-video-preview:-1"},"canonical":"https:\/\/inmocosta.com\/fr\/properties\/appartement-a-vendre-au-centre-de-lestartit\/","og_locale":"fr_FR","og_type":"article","og_title":"Appartement \u00e0 vendre au centre de L'Estartit. - Inmocosta API l&#039;Estartit","og_description":"Appartement \u00e0 vendre situ\u00e9e au centre de L'Estartit, \u00e0 seulement 300 m\u00e8tres de la plage et de la promenade maritime. - InmoCosta API Estartit.","og_url":"https:\/\/inmocosta.com\/fr\/properties\/appartement-a-vendre-au-centre-de-lestartit\/","og_site_name":"- Inmocosta API l&#039;Estartit","article_publisher":"https:\/\/www.facebook.com\/inmocostaapi\/","article_modified_time":"2025-09-15T09:42:14+00:00","og_image":[{"width":800,"height":600,"url":"https:\/\/inmocosta.com\/wp-content\/uploads\/2025\/09\/2290-Montgri-3o-5a-InmoCosta-API-Estartit-Balco-1.jpeg","type":"image\/jpeg"}],"twitter_card":"summary_large_image","twitter_misc":{"Dur\u00e9e de lecture estim\u00e9e":"1 minute"},"schema":{"@context":"https:\/\/schema.org","@graph":[{"@type":"WebPage","@id":"https:\/\/inmocosta.com\/fr\/properties\/appartement-a-vendre-au-centre-de-lestartit\/","url":"https:\/\/inmocosta.com\/fr\/properties\/appartement-a-vendre-au-centre-de-lestartit\/","name":"Appartement \u00e0 vendre au centre de L'Estartit. - Inmocosta API l&#039;Estartit","isPartOf":{"@id":"https:\/\/inmocosta.com\/fr\/#website"},"datePublished":"2025-09-15T08:24:47+00:00","dateModified":"2025-09-15T09:42:14+00:00","description":"Appartement \u00e0 vendre situ\u00e9e au centre de L'Estartit, \u00e0 seulement 300 m\u00e8tres de la plage et de la promenade maritime. - InmoCosta API Estartit.","breadcrumb":{"@id":"https:\/\/inmocosta.com\/fr\/properties\/appartement-a-vendre-au-centre-de-lestartit\/#breadcrumb"},"inLanguage":"fr-FR","potentialAction":[{"@type":"ReadAction","target":["https:\/\/inmocosta.com\/fr\/properties\/appartement-a-vendre-au-centre-de-lestartit\/"]}]},{"@type":"BreadcrumbList","@id":"https:\/\/inmocosta.com\/fr\/properties\/appartement-a-vendre-au-centre-de-lestartit\/#breadcrumb","itemListElement":[{"@type":"ListItem","position":1,"name":"Home","item":"https:\/\/inmocosta.com\/fr\/"},{"@type":"ListItem","position":2,"name":"Propri\u00e9t\u00e9s","item":"https:\/\/inmocosta.com\/fr\/properties\/"},{"@type":"ListItem","position":3,"name":"Appartement \u00e0 vendre au centre de L&#8217;Estartit."}]},{"@type":"WebSite","@id":"https:\/\/inmocosta.com\/fr\/#website","url":"https:\/\/inmocosta.com\/fr\/","name":"- Inmocosta API l&#039;Estartit","description":"Ag\u00e8ncia immobiliaria dedicada exclusivament a la compra venda d\u00b4immobles . L&#039;assessorem en la compra del seu habitatge. Comprar cases, pisos, apartaments.","publisher":{"@id":"https:\/\/inmocosta.com\/fr\/#organization"},"potentialAction":[{"@type":"SearchAction","target":{"@type":"EntryPoint","urlTemplate":"https:\/\/inmocosta.com\/fr\/?s={search_term_string}"},"query-input":"required name=search_term_string"}],"inLanguage":"fr-FR"},{"@type":"Organization","@id":"https:\/\/inmocosta.com\/fr\/#organization","name":"Inmocosta API L'Estartit","url":"https:\/\/inmocosta.com\/fr\/","logo":{"@type":"ImageObject","inLanguage":"fr-FR","@id":"https:\/\/inmocosta.com\/fr\/#\/schema\/logo\/image\/","url":"https:\/\/inmocosta.com\/wp-content\/uploads\/2025\/01\/imatge_usuari.png","contentUrl":"https:\/\/inmocosta.com\/wp-content\/uploads\/2025\/01\/imatge_usuari.png","width":500,"height":500,"caption":"Inmocosta API L'Estartit"},"image":{"@id":"https:\/\/inmocosta.com\/fr\/#\/schema\/logo\/image\/"},"sameAs":["https:\/\/www.facebook.com\/inmocostaapi\/","https:\/\/www.instagram.com\/inmocosta_api\/","https:\/\/www.youtube.com\/channel\/UCidmbkY6BpJG9MA_OQUZgYQ"]}]}},"_links":{"self":[{"href":"https:\/\/inmocosta.com\/fr\/wp-json\/wp\/v2\/estate_property\/85314","targetHints":{"allow":["GET"]}}],"collection":[{"href":"https:\/\/inmocosta.com\/fr\/wp-json\/wp\/v2\/estate_property"}],"about":[{"href":"https:\/\/inmocosta.com\/fr\/wp-json\/wp\/v2\/types\/estate_property"}],"replies":[{"embeddable":true,"href":"https:\/\/inmocosta.com\/fr\/wp-json\/wp\/v2\/comments?post=85314"}],"wp:featuredmedia":[{"embeddable":true,"href":"https:\/\/inmocosta.com\/fr\/wp-json\/wp\/v2\/media\/85267"}],"wp:attachment":[{"href":"https:\/\/inmocosta.com\/fr\/wp-json\/wp\/v2\/media?parent=85314"}],"wp:term":[{"taxonomy":"property_category","embeddable":true,"href":"https:\/\/inmocosta.com\/fr\/wp-json\/wp\/v2\/property_category?post=85314"},{"taxonomy":"property_action_category","embeddable":true,"href":"https:\/\/inmocosta.com\/fr\/wp-json\/wp\/v2\/property_action_category?post=85314"},{"taxonomy":"property_city","embeddable":true,"href":"https:\/\/inmocosta.com\/fr\/wp-json\/wp\/v2\/property_city?post=85314"},{"taxonomy":"property_area","embeddable":true,"href":"https:\/\/inmocosta.com\/fr\/wp-json\/wp\/v2\/property_area?post=85314"},{"taxonomy":"property_county_state","embeddable":true,"href":"https:\/\/inmocosta.com\/fr\/wp-json\/wp\/v2\/property_county_state?post=85314"},{"taxonomy":"property_features","embeddable":true,"href":"https:\/\/inmocosta.com\/fr\/wp-json\/wp\/v2\/property_features?post=85314"},{"taxonomy":"property_status","embeddable":true,"href":"https:\/\/inmocosta.com\/fr\/wp-json\/wp\/v2\/property_status?post=85314"}],"curies":[{"name":"wp","href":"https:\/\/api.w.org\/{rel}","templated":true}]}}