{"id":85409,"date":"2025-10-06T13:59:51","date_gmt":"2025-10-06T12:59:51","guid":{"rendered":"https:\/\/inmocosta.com\/properties\/terreny-edificable-en-venda-a-parlava-baix-emporda\/"},"modified":"2025-10-29T15:48:30","modified_gmt":"2025-10-29T14:48:30","slug":"terrain-constructible-a-vendre-a-parlava-baix-emporda","status":"publish","type":"estate_property","link":"https:\/\/inmocosta.com\/fr\/properties\/terrain-constructible-a-vendre-a-parlava-baix-emporda\/","title":{"rendered":"Terrain constructible \u00e0 vendre \u00e0 Parlav\u00e0, Baix Empord\u00e0."},"content":{"rendered":"<p>[vc_row][vc_column][vc_column_text]<\/p>\n<h3>Terrain constructible \u00e0 vendre \u00e0 Parlav\u00e0, Baix Empord\u00e0.<\/h3>\n<p>Parcelle de terrain constructible \u00e0 vendre \u00e0 Parlav\u00e0, situ\u00e9e dans un quartier r\u00e9sidentiel calme du village, id\u00e9ale pour ceux qui recherchent la tranquillit\u00e9 et la proximit\u00e9 de la nature.<\/p>\n<p>La parcelle a une superficie totale de 487 m\u00e8tres carr\u00e9s.<\/p>\n<p>Selon la r\u00e9glementation urbanistique, la construction d&rsquo;une maison individuelle d&rsquo;une surface b\u00e2tie maximale de 350 m\u00e8tres carr\u00e9s est autoris\u00e9e.<\/p>\n<p>Pour plus d&rsquo;informations sur ce terrain et ses possibilit\u00e9s de construction, n&rsquo;h\u00e9sitez pas \u00e0 nous contacter.[\/vc_column_text][\/vc_column][\/vc_row]<\/p>\n","protected":false},"excerpt":{"rendered":"<p>[vc_row][vc_column][vc_column_text] Terrain constructible \u00e0 vendre \u00e0 Parlav\u00e0, Baix Empord\u00e0. Parcelle de terrain constructible \u00e0 vendre \u00e0 Parlav\u00e0, situ\u00e9e dans un quartier r\u00e9sidentiel calme du village, id\u00e9ale pour ceux qui recherchent la tranquillit\u00e9 et la proximit\u00e9 de la nature. La parcelle a une superficie totale de 487 m\u00e8tres carr\u00e9s. Selon la r\u00e9glementation urbanistique, la construction d&rsquo;une maison individuelle d&rsquo;une surface b\u00e2tie maximale de 350 m\u00e8tres &#8230;<\/p>\n","protected":false},"featured_media":86657,"comment_status":"closed","ping_status":"closed","template":"","property_category":[147,146,148],"property_action_category":[156],"property_city":[3189],"property_area":[3178],"property_county_state":[75],"property_features":[],"property_status":[],"class_list":["post-85409","estate_property","type-estate_property","status-publish","has-post-thumbnail","hentry","property_category-appartement","property_category-maison","property_category-terrain","property_action_category-en-vente","property_city-parlava-fr","property_area-zona-residencial-fr","property_county_state-baix-emporda"],"yoast_head":"<!-- This site is optimized with the Yoast SEO plugin v21.8 - https:\/\/yoast.com\/wordpress\/plugins\/seo\/ -->\n<title>Terrain constructible \u00e0 vendre \u00e0 Parlav\u00e0, Baix Empord\u00e0. - Inmocosta API l&#039;Estartit<\/title>\n<meta name=\"description\" content=\"Terrain constructible \u00e0 vendre \u00e0 Parlav\u00e0, Baix Empord\u00e0. - InmoCosta API Estartit.\" \/>\n<meta name=\"robots\" content=\"index, follow, max-snippet:-1, max-image-preview:large, max-video-preview:-1\" \/>\n<link rel=\"canonical\" href=\"https:\/\/inmocosta.com\/fr\/properties\/terrain-constructible-a-vendre-a-parlava-baix-emporda\/\" \/>\n<meta property=\"og:locale\" content=\"fr_FR\" \/>\n<meta property=\"og:type\" content=\"article\" \/>\n<meta property=\"og:title\" content=\"Terrain constructible \u00e0 vendre \u00e0 Parlav\u00e0, Baix Empord\u00e0. - Inmocosta API l&#039;Estartit\" \/>\n<meta property=\"og:description\" content=\"Terrain constructible \u00e0 vendre \u00e0 Parlav\u00e0, Baix Empord\u00e0. - InmoCosta API Estartit.\" \/>\n<meta property=\"og:url\" content=\"https:\/\/inmocosta.com\/fr\/properties\/terrain-constructible-a-vendre-a-parlava-baix-emporda\/\" \/>\n<meta property=\"og:site_name\" content=\"- Inmocosta API l&#039;Estartit\" \/>\n<meta property=\"article:publisher\" content=\"https:\/\/www.facebook.com\/inmocostaapi\/\" \/>\n<meta property=\"article:modified_time\" content=\"2025-10-29T14:48:30+00:00\" \/>\n<meta property=\"og:image\" content=\"https:\/\/inmocosta.com\/wp-content\/uploads\/2025\/10\/Captura-de-pantalla-2025-10-03-a-les-12.38.57-scaled.jpeg\" \/>\n\t<meta property=\"og:image:width\" content=\"2560\" \/>\n\t<meta property=\"og:image:height\" content=\"1193\" \/>\n\t<meta property=\"og:image:type\" content=\"image\/jpeg\" \/>\n<meta name=\"twitter:card\" content=\"summary_large_image\" \/>\n<meta name=\"twitter:label1\" content=\"Dur\u00e9e de lecture estim\u00e9e\" \/>\n\t<meta name=\"twitter:data1\" content=\"1 minute\" \/>\n<script type=\"application\/ld+json\" class=\"yoast-schema-graph\">{\"@context\":\"https:\/\/schema.org\",\"@graph\":[{\"@type\":\"WebPage\",\"@id\":\"https:\/\/inmocosta.com\/fr\/properties\/terrain-constructible-a-vendre-a-parlava-baix-emporda\/\",\"url\":\"https:\/\/inmocosta.com\/fr\/properties\/terrain-constructible-a-vendre-a-parlava-baix-emporda\/\",\"name\":\"Terrain constructible \u00e0 vendre \u00e0 Parlav\u00e0, Baix Empord\u00e0. - Inmocosta API l&#039;Estartit\",\"isPartOf\":{\"@id\":\"https:\/\/inmocosta.com\/fr\/#website\"},\"datePublished\":\"2025-10-06T12:59:51+00:00\",\"dateModified\":\"2025-10-29T14:48:30+00:00\",\"description\":\"Terrain constructible \u00e0 vendre \u00e0 Parlav\u00e0, Baix Empord\u00e0. - InmoCosta API Estartit.\",\"breadcrumb\":{\"@id\":\"https:\/\/inmocosta.com\/fr\/properties\/terrain-constructible-a-vendre-a-parlava-baix-emporda\/#breadcrumb\"},\"inLanguage\":\"fr-FR\",\"potentialAction\":[{\"@type\":\"ReadAction\",\"target\":[\"https:\/\/inmocosta.com\/fr\/properties\/terrain-constructible-a-vendre-a-parlava-baix-emporda\/\"]}]},{\"@type\":\"BreadcrumbList\",\"@id\":\"https:\/\/inmocosta.com\/fr\/properties\/terrain-constructible-a-vendre-a-parlava-baix-emporda\/#breadcrumb\",\"itemListElement\":[{\"@type\":\"ListItem\",\"position\":1,\"name\":\"Home\",\"item\":\"https:\/\/inmocosta.com\/fr\/\"},{\"@type\":\"ListItem\",\"position\":2,\"name\":\"Propri\u00e9t\u00e9s\",\"item\":\"https:\/\/inmocosta.com\/fr\/properties\/\"},{\"@type\":\"ListItem\",\"position\":3,\"name\":\"Terrain constructible \u00e0 vendre \u00e0 Parlav\u00e0, Baix Empord\u00e0.\"}]},{\"@type\":\"WebSite\",\"@id\":\"https:\/\/inmocosta.com\/fr\/#website\",\"url\":\"https:\/\/inmocosta.com\/fr\/\",\"name\":\"- Inmocosta API l&#039;Estartit\",\"description\":\"Ag\u00e8ncia immobiliaria dedicada exclusivament a la compra venda d\u00b4immobles . L&#039;assessorem en la compra del seu habitatge. Comprar cases, pisos, apartaments.\",\"publisher\":{\"@id\":\"https:\/\/inmocosta.com\/fr\/#organization\"},\"potentialAction\":[{\"@type\":\"SearchAction\",\"target\":{\"@type\":\"EntryPoint\",\"urlTemplate\":\"https:\/\/inmocosta.com\/fr\/?s={search_term_string}\"},\"query-input\":\"required name=search_term_string\"}],\"inLanguage\":\"fr-FR\"},{\"@type\":\"Organization\",\"@id\":\"https:\/\/inmocosta.com\/fr\/#organization\",\"name\":\"Inmocosta API L'Estartit\",\"url\":\"https:\/\/inmocosta.com\/fr\/\",\"logo\":{\"@type\":\"ImageObject\",\"inLanguage\":\"fr-FR\",\"@id\":\"https:\/\/inmocosta.com\/fr\/#\/schema\/logo\/image\/\",\"url\":\"https:\/\/inmocosta.com\/wp-content\/uploads\/2025\/01\/imatge_usuari.png\",\"contentUrl\":\"https:\/\/inmocosta.com\/wp-content\/uploads\/2025\/01\/imatge_usuari.png\",\"width\":500,\"height\":500,\"caption\":\"Inmocosta API L'Estartit\"},\"image\":{\"@id\":\"https:\/\/inmocosta.com\/fr\/#\/schema\/logo\/image\/\"},\"sameAs\":[\"https:\/\/www.facebook.com\/inmocostaapi\/\",\"https:\/\/www.instagram.com\/inmocosta_api\/\",\"https:\/\/www.youtube.com\/channel\/UCidmbkY6BpJG9MA_OQUZgYQ\"]}]}<\/script>\n<!-- \/ Yoast SEO plugin. -->","yoast_head_json":{"title":"Terrain constructible \u00e0 vendre \u00e0 Parlav\u00e0, Baix Empord\u00e0. - Inmocosta API l&#039;Estartit","description":"Terrain constructible \u00e0 vendre \u00e0 Parlav\u00e0, Baix Empord\u00e0. - InmoCosta API Estartit.","robots":{"index":"index","follow":"follow","max-snippet":"max-snippet:-1","max-image-preview":"max-image-preview:large","max-video-preview":"max-video-preview:-1"},"canonical":"https:\/\/inmocosta.com\/fr\/properties\/terrain-constructible-a-vendre-a-parlava-baix-emporda\/","og_locale":"fr_FR","og_type":"article","og_title":"Terrain constructible \u00e0 vendre \u00e0 Parlav\u00e0, Baix Empord\u00e0. - Inmocosta API l&#039;Estartit","og_description":"Terrain constructible \u00e0 vendre \u00e0 Parlav\u00e0, Baix Empord\u00e0. - InmoCosta API Estartit.","og_url":"https:\/\/inmocosta.com\/fr\/properties\/terrain-constructible-a-vendre-a-parlava-baix-emporda\/","og_site_name":"- Inmocosta API l&#039;Estartit","article_publisher":"https:\/\/www.facebook.com\/inmocostaapi\/","article_modified_time":"2025-10-29T14:48:30+00:00","og_image":[{"width":2560,"height":1193,"url":"https:\/\/inmocosta.com\/wp-content\/uploads\/2025\/10\/Captura-de-pantalla-2025-10-03-a-les-12.38.57-scaled.jpeg","type":"image\/jpeg"}],"twitter_card":"summary_large_image","twitter_misc":{"Dur\u00e9e de lecture estim\u00e9e":"1 minute"},"schema":{"@context":"https:\/\/schema.org","@graph":[{"@type":"WebPage","@id":"https:\/\/inmocosta.com\/fr\/properties\/terrain-constructible-a-vendre-a-parlava-baix-emporda\/","url":"https:\/\/inmocosta.com\/fr\/properties\/terrain-constructible-a-vendre-a-parlava-baix-emporda\/","name":"Terrain constructible \u00e0 vendre \u00e0 Parlav\u00e0, Baix Empord\u00e0. - Inmocosta API l&#039;Estartit","isPartOf":{"@id":"https:\/\/inmocosta.com\/fr\/#website"},"datePublished":"2025-10-06T12:59:51+00:00","dateModified":"2025-10-29T14:48:30+00:00","description":"Terrain constructible \u00e0 vendre \u00e0 Parlav\u00e0, Baix Empord\u00e0. - InmoCosta API Estartit.","breadcrumb":{"@id":"https:\/\/inmocosta.com\/fr\/properties\/terrain-constructible-a-vendre-a-parlava-baix-emporda\/#breadcrumb"},"inLanguage":"fr-FR","potentialAction":[{"@type":"ReadAction","target":["https:\/\/inmocosta.com\/fr\/properties\/terrain-constructible-a-vendre-a-parlava-baix-emporda\/"]}]},{"@type":"BreadcrumbList","@id":"https:\/\/inmocosta.com\/fr\/properties\/terrain-constructible-a-vendre-a-parlava-baix-emporda\/#breadcrumb","itemListElement":[{"@type":"ListItem","position":1,"name":"Home","item":"https:\/\/inmocosta.com\/fr\/"},{"@type":"ListItem","position":2,"name":"Propri\u00e9t\u00e9s","item":"https:\/\/inmocosta.com\/fr\/properties\/"},{"@type":"ListItem","position":3,"name":"Terrain constructible \u00e0 vendre \u00e0 Parlav\u00e0, Baix Empord\u00e0."}]},{"@type":"WebSite","@id":"https:\/\/inmocosta.com\/fr\/#website","url":"https:\/\/inmocosta.com\/fr\/","name":"- Inmocosta API l&#039;Estartit","description":"Ag\u00e8ncia immobiliaria dedicada exclusivament a la compra venda d\u00b4immobles . L&#039;assessorem en la compra del seu habitatge. Comprar cases, pisos, apartaments.","publisher":{"@id":"https:\/\/inmocosta.com\/fr\/#organization"},"potentialAction":[{"@type":"SearchAction","target":{"@type":"EntryPoint","urlTemplate":"https:\/\/inmocosta.com\/fr\/?s={search_term_string}"},"query-input":"required name=search_term_string"}],"inLanguage":"fr-FR"},{"@type":"Organization","@id":"https:\/\/inmocosta.com\/fr\/#organization","name":"Inmocosta API L'Estartit","url":"https:\/\/inmocosta.com\/fr\/","logo":{"@type":"ImageObject","inLanguage":"fr-FR","@id":"https:\/\/inmocosta.com\/fr\/#\/schema\/logo\/image\/","url":"https:\/\/inmocosta.com\/wp-content\/uploads\/2025\/01\/imatge_usuari.png","contentUrl":"https:\/\/inmocosta.com\/wp-content\/uploads\/2025\/01\/imatge_usuari.png","width":500,"height":500,"caption":"Inmocosta API L'Estartit"},"image":{"@id":"https:\/\/inmocosta.com\/fr\/#\/schema\/logo\/image\/"},"sameAs":["https:\/\/www.facebook.com\/inmocostaapi\/","https:\/\/www.instagram.com\/inmocosta_api\/","https:\/\/www.youtube.com\/channel\/UCidmbkY6BpJG9MA_OQUZgYQ"]}]}},"_links":{"self":[{"href":"https:\/\/inmocosta.com\/fr\/wp-json\/wp\/v2\/estate_property\/85409","targetHints":{"allow":["GET"]}}],"collection":[{"href":"https:\/\/inmocosta.com\/fr\/wp-json\/wp\/v2\/estate_property"}],"about":[{"href":"https:\/\/inmocosta.com\/fr\/wp-json\/wp\/v2\/types\/estate_property"}],"replies":[{"embeddable":true,"href":"https:\/\/inmocosta.com\/fr\/wp-json\/wp\/v2\/comments?post=85409"}],"wp:featuredmedia":[{"embeddable":true,"href":"https:\/\/inmocosta.com\/fr\/wp-json\/wp\/v2\/media\/86657"}],"wp:attachment":[{"href":"https:\/\/inmocosta.com\/fr\/wp-json\/wp\/v2\/media?parent=85409"}],"wp:term":[{"taxonomy":"property_category","embeddable":true,"href":"https:\/\/inmocosta.com\/fr\/wp-json\/wp\/v2\/property_category?post=85409"},{"taxonomy":"property_action_category","embeddable":true,"href":"https:\/\/inmocosta.com\/fr\/wp-json\/wp\/v2\/property_action_category?post=85409"},{"taxonomy":"property_city","embeddable":true,"href":"https:\/\/inmocosta.com\/fr\/wp-json\/wp\/v2\/property_city?post=85409"},{"taxonomy":"property_area","embeddable":true,"href":"https:\/\/inmocosta.com\/fr\/wp-json\/wp\/v2\/property_area?post=85409"},{"taxonomy":"property_county_state","embeddable":true,"href":"https:\/\/inmocosta.com\/fr\/wp-json\/wp\/v2\/property_county_state?post=85409"},{"taxonomy":"property_features","embeddable":true,"href":"https:\/\/inmocosta.com\/fr\/wp-json\/wp\/v2\/property_features?post=85409"},{"taxonomy":"property_status","embeddable":true,"href":"https:\/\/inmocosta.com\/fr\/wp-json\/wp\/v2\/property_status?post=85409"}],"curies":[{"name":"wp","href":"https:\/\/api.w.org\/{rel}","templated":true}]}}