{"id":85628,"date":"2025-10-21T10:52:27","date_gmt":"2025-10-21T09:52:27","guid":{"rendered":"https:\/\/inmocosta.com\/properties\/apartament-duplex-en-venda-a-cala-la-fosca-palamos\/"},"modified":"2025-10-29T14:41:25","modified_gmt":"2025-10-29T13:41:25","slug":"appartement-en-duplex-a-vendre-a-cala-la-fosca-palamos","status":"publish","type":"estate_property","link":"https:\/\/inmocosta.com\/fr\/properties\/appartement-en-duplex-a-vendre-a-cala-la-fosca-palamos\/","title":{"rendered":"Appartement en duplex \u00e0 vendre \u00e0 Cala la Fosca, Palam\u00f3s."},"content":{"rendered":"<p>[vc_row][vc_column][vc_column_text]<\/p>\n<h3>Appartement en duplex \u00e0 vendre \u00e0 Cala la Fosca, Palam\u00f3s.<\/h3>\n<p>Bel appartement en duplex situ\u00e9 en deuxi\u00e8me ligne de mer, dans le quartier calme de Cala la Fosca, \u00e0 Palam\u00f3s, \u00e0 seulement 50 m\u00e8tres de la plage.<\/p>\n<p>Le logement dispose d&rsquo;une surface construite de 123 m\u00e8tres carr\u00e9s r\u00e9partie sur deux \u00e9tages.<\/p>\n<p>Au rez-de-chauss\u00e9e, on trouve un grand hall d&rsquo;entr\u00e9e, deux chambres doubles, une salle de bain compl\u00e8te, une cuisine ind\u00e9pendante avec passe-plat communiquant avec le spacieux salon-salle \u00e0 manger, qui donne acc\u00e8s \u00e0 une agr\u00e9able terrasse orient\u00e9e au sud b\u00e9n\u00e9ficiant du soleil toute la journ\u00e9e.<\/p>\n<p>\u00c0 l&rsquo;\u00e9tages sup\u00e9rieur se trouvent deux autres chambres, une double et une simple, toutes deux avec acc\u00e8s \u00e0 une grande terrasse. \u00c0 ce m\u00eame \u00e9tage se trouve \u00e9galement une deuxi\u00e8me salle de bain compl\u00e8te avec douche.<\/p>\n<p>Le prix comprend une place de parking priv\u00e9e au sous-sol de l&rsquo;immeuble ainsi qu&rsquo;un d\u00e9barras id\u00e9al pour ranger des v\u00e9los ou du mat\u00e9riel de plage.<\/p>\n<p>Une excellente opportunit\u00e9 aussi bien comme r\u00e9sidence secondaire au bord de la mer que pour y vivre toute l&rsquo;ann\u00e9e.[\/vc_column_text][\/vc_column][\/vc_row][vc_row][vc_column][vc_separator][\/vc_column][\/vc_row][vc_row][vc_column][vc_custom_heading text=\u00a0\u00bbTour Virtuel:\u00a0\u00bb font_container=\u00a0\u00bbtag:h2|text_align:left|color:%23d0b08c\u00a0\u00bb][\/vc_column][\/vc_row][vc_row][vc_column][vc_raw_html]JTNDaWZyYW1lJTIwd2lkdGglM0QlMjc3MjUlMjclMjBoZWlnaHQlM0QlMjc0NTAlMjclMjBzcmMlM0QlMjdodHRwcyUzQSUyRiUyRm5vZGFsdmlldy5jb20lMkZzJTJGMzdYVkJuX2MxN3FPclJCcF9LZ0lDQiUyNyUyMGZyYW1lYm9yZGVyJTNEJTI3MCUyNyUyMGFsbG93ZnVsbHNjcmVlbiUyMGFsbG93JTNEJTI3eHItc3BhdGlhbC10cmFja2luZyUyNyUzRSUzQyUyRmlmcmFtZSUzRQ==[\/vc_raw_html][\/vc_column][\/vc_row]<\/p>\n","protected":false},"excerpt":{"rendered":"<p>[vc_row][vc_column][vc_column_text] Appartement en duplex \u00e0 vendre \u00e0 Cala la Fosca, Palam\u00f3s. Bel appartement en duplex situ\u00e9 en deuxi\u00e8me ligne de mer, dans le quartier calme de Cala la Fosca, \u00e0 Palam\u00f3s, \u00e0 seulement 50 m\u00e8tres de la plage. Le logement dispose d&rsquo;une surface construite de 123 m\u00e8tres carr\u00e9s r\u00e9partie sur deux \u00e9tages. Au rez-de-chauss\u00e9e, on trouve un grand hall d&rsquo;entr\u00e9e, deux chambres doubles, une &#8230;<\/p>\n","protected":false},"featured_media":85533,"comment_status":"closed","ping_status":"closed","template":"","property_category":[147],"property_action_category":[156],"property_city":[3268],"property_area":[3269],"property_county_state":[75,74],"property_features":[3173,3219,3105,3138,3168,3114,3179,3128,3191,3186,3171,3180,3120],"property_status":[],"class_list":["post-85628","estate_property","type-estate_property","status-publish","has-post-thumbnail","hentry","property_category-appartement","property_action_category-en-vente","property_city-palamos-fr","property_area-cala-la-fosca-fr","property_county_state-baix-emporda","property_county_state-costa-brava","property_features-alarm-fr","property_features-attic-fr","property_features-balcony-fr","property_features-double-glass-windows-fr","property_features-fitted-wardrobe-fr","property_features-furnished-fr","property_features-garage-fr","property_features-heating-fr","property_features-large-rooms-fr","property_features-parking-place-fr","property_features-quiet-location-fr","property_features-storage-fr","property_features-terrace-fr"],"yoast_head":"<!-- This site is optimized with the Yoast SEO plugin v21.8 - https:\/\/yoast.com\/wordpress\/plugins\/seo\/ -->\n<title>Appartement en duplex \u00e0 vendre \u00e0 Cala la Fosca, Palam\u00f3s. - Inmocosta API l&#039;Estartit<\/title>\n<meta name=\"description\" content=\"Appartement en duplex \u00e0 vendre situ\u00e9e a cote de la mer \u00e0 Cala la Fosca, Palam\u00f3s.- InmoCosta API Estartit\" \/>\n<meta name=\"robots\" content=\"index, follow, max-snippet:-1, max-image-preview:large, max-video-preview:-1\" \/>\n<link rel=\"canonical\" href=\"https:\/\/inmocosta.com\/fr\/properties\/appartement-en-duplex-a-vendre-a-cala-la-fosca-palamos\/\" \/>\n<meta property=\"og:locale\" content=\"fr_FR\" \/>\n<meta property=\"og:type\" content=\"article\" \/>\n<meta property=\"og:title\" content=\"Appartement en duplex \u00e0 vendre \u00e0 Cala la Fosca, Palam\u00f3s. - Inmocosta API l&#039;Estartit\" \/>\n<meta property=\"og:description\" content=\"Appartement en duplex \u00e0 vendre situ\u00e9e a cote de la mer \u00e0 Cala la Fosca, Palam\u00f3s.- InmoCosta API Estartit\" \/>\n<meta property=\"og:url\" content=\"https:\/\/inmocosta.com\/fr\/properties\/appartement-en-duplex-a-vendre-a-cala-la-fosca-palamos\/\" \/>\n<meta property=\"og:site_name\" content=\"- Inmocosta API l&#039;Estartit\" \/>\n<meta property=\"article:publisher\" content=\"https:\/\/www.facebook.com\/inmocostaapi\/\" \/>\n<meta property=\"article:modified_time\" content=\"2025-10-29T13:41:25+00:00\" \/>\n<meta property=\"og:image\" content=\"https:\/\/inmocosta.com\/wp-content\/uploads\/2025\/10\/2293-La-Fosca-InmoCosta-API-Estartit-Terrassa-pb.jpg\" \/>\n\t<meta property=\"og:image:width\" content=\"800\" \/>\n\t<meta property=\"og:image:height\" content=\"600\" \/>\n\t<meta property=\"og:image:type\" content=\"image\/jpeg\" \/>\n<meta name=\"twitter:card\" content=\"summary_large_image\" \/>\n<meta name=\"twitter:label1\" content=\"Dur\u00e9e de lecture estim\u00e9e\" \/>\n\t<meta name=\"twitter:data1\" content=\"2 minutes\" \/>\n<script type=\"application\/ld+json\" class=\"yoast-schema-graph\">{\"@context\":\"https:\/\/schema.org\",\"@graph\":[{\"@type\":\"WebPage\",\"@id\":\"https:\/\/inmocosta.com\/fr\/properties\/appartement-en-duplex-a-vendre-a-cala-la-fosca-palamos\/\",\"url\":\"https:\/\/inmocosta.com\/fr\/properties\/appartement-en-duplex-a-vendre-a-cala-la-fosca-palamos\/\",\"name\":\"Appartement en duplex \u00e0 vendre \u00e0 Cala la Fosca, Palam\u00f3s. - Inmocosta API l&#039;Estartit\",\"isPartOf\":{\"@id\":\"https:\/\/inmocosta.com\/fr\/#website\"},\"datePublished\":\"2025-10-21T09:52:27+00:00\",\"dateModified\":\"2025-10-29T13:41:25+00:00\",\"description\":\"Appartement en duplex \u00e0 vendre situ\u00e9e a cote de la mer \u00e0 Cala la Fosca, Palam\u00f3s.- InmoCosta API Estartit\",\"breadcrumb\":{\"@id\":\"https:\/\/inmocosta.com\/fr\/properties\/appartement-en-duplex-a-vendre-a-cala-la-fosca-palamos\/#breadcrumb\"},\"inLanguage\":\"fr-FR\",\"potentialAction\":[{\"@type\":\"ReadAction\",\"target\":[\"https:\/\/inmocosta.com\/fr\/properties\/appartement-en-duplex-a-vendre-a-cala-la-fosca-palamos\/\"]}]},{\"@type\":\"BreadcrumbList\",\"@id\":\"https:\/\/inmocosta.com\/fr\/properties\/appartement-en-duplex-a-vendre-a-cala-la-fosca-palamos\/#breadcrumb\",\"itemListElement\":[{\"@type\":\"ListItem\",\"position\":1,\"name\":\"Home\",\"item\":\"https:\/\/inmocosta.com\/fr\/\"},{\"@type\":\"ListItem\",\"position\":2,\"name\":\"Propri\u00e9t\u00e9s\",\"item\":\"https:\/\/inmocosta.com\/fr\/properties\/\"},{\"@type\":\"ListItem\",\"position\":3,\"name\":\"Appartement en duplex \u00e0 vendre \u00e0 Cala la Fosca, Palam\u00f3s.\"}]},{\"@type\":\"WebSite\",\"@id\":\"https:\/\/inmocosta.com\/fr\/#website\",\"url\":\"https:\/\/inmocosta.com\/fr\/\",\"name\":\"- Inmocosta API l&#039;Estartit\",\"description\":\"Ag\u00e8ncia immobiliaria dedicada exclusivament a la compra venda d\u00b4immobles . L&#039;assessorem en la compra del seu habitatge. Comprar cases, pisos, apartaments.\",\"publisher\":{\"@id\":\"https:\/\/inmocosta.com\/fr\/#organization\"},\"potentialAction\":[{\"@type\":\"SearchAction\",\"target\":{\"@type\":\"EntryPoint\",\"urlTemplate\":\"https:\/\/inmocosta.com\/fr\/?s={search_term_string}\"},\"query-input\":\"required name=search_term_string\"}],\"inLanguage\":\"fr-FR\"},{\"@type\":\"Organization\",\"@id\":\"https:\/\/inmocosta.com\/fr\/#organization\",\"name\":\"Inmocosta API L'Estartit\",\"url\":\"https:\/\/inmocosta.com\/fr\/\",\"logo\":{\"@type\":\"ImageObject\",\"inLanguage\":\"fr-FR\",\"@id\":\"https:\/\/inmocosta.com\/fr\/#\/schema\/logo\/image\/\",\"url\":\"https:\/\/inmocosta.com\/wp-content\/uploads\/2025\/01\/imatge_usuari.png\",\"contentUrl\":\"https:\/\/inmocosta.com\/wp-content\/uploads\/2025\/01\/imatge_usuari.png\",\"width\":500,\"height\":500,\"caption\":\"Inmocosta API L'Estartit\"},\"image\":{\"@id\":\"https:\/\/inmocosta.com\/fr\/#\/schema\/logo\/image\/\"},\"sameAs\":[\"https:\/\/www.facebook.com\/inmocostaapi\/\",\"https:\/\/www.instagram.com\/inmocosta_api\/\",\"https:\/\/www.youtube.com\/channel\/UCidmbkY6BpJG9MA_OQUZgYQ\"]}]}<\/script>\n<!-- \/ Yoast SEO plugin. -->","yoast_head_json":{"title":"Appartement en duplex \u00e0 vendre \u00e0 Cala la Fosca, Palam\u00f3s. - Inmocosta API l&#039;Estartit","description":"Appartement en duplex \u00e0 vendre situ\u00e9e a cote de la mer \u00e0 Cala la Fosca, Palam\u00f3s.- InmoCosta API Estartit","robots":{"index":"index","follow":"follow","max-snippet":"max-snippet:-1","max-image-preview":"max-image-preview:large","max-video-preview":"max-video-preview:-1"},"canonical":"https:\/\/inmocosta.com\/fr\/properties\/appartement-en-duplex-a-vendre-a-cala-la-fosca-palamos\/","og_locale":"fr_FR","og_type":"article","og_title":"Appartement en duplex \u00e0 vendre \u00e0 Cala la Fosca, Palam\u00f3s. - Inmocosta API l&#039;Estartit","og_description":"Appartement en duplex \u00e0 vendre situ\u00e9e a cote de la mer \u00e0 Cala la Fosca, Palam\u00f3s.- InmoCosta API Estartit","og_url":"https:\/\/inmocosta.com\/fr\/properties\/appartement-en-duplex-a-vendre-a-cala-la-fosca-palamos\/","og_site_name":"- Inmocosta API l&#039;Estartit","article_publisher":"https:\/\/www.facebook.com\/inmocostaapi\/","article_modified_time":"2025-10-29T13:41:25+00:00","og_image":[{"width":800,"height":600,"url":"https:\/\/inmocosta.com\/wp-content\/uploads\/2025\/10\/2293-La-Fosca-InmoCosta-API-Estartit-Terrassa-pb.jpg","type":"image\/jpeg"}],"twitter_card":"summary_large_image","twitter_misc":{"Dur\u00e9e de lecture estim\u00e9e":"2 minutes"},"schema":{"@context":"https:\/\/schema.org","@graph":[{"@type":"WebPage","@id":"https:\/\/inmocosta.com\/fr\/properties\/appartement-en-duplex-a-vendre-a-cala-la-fosca-palamos\/","url":"https:\/\/inmocosta.com\/fr\/properties\/appartement-en-duplex-a-vendre-a-cala-la-fosca-palamos\/","name":"Appartement en duplex \u00e0 vendre \u00e0 Cala la Fosca, Palam\u00f3s. - Inmocosta API l&#039;Estartit","isPartOf":{"@id":"https:\/\/inmocosta.com\/fr\/#website"},"datePublished":"2025-10-21T09:52:27+00:00","dateModified":"2025-10-29T13:41:25+00:00","description":"Appartement en duplex \u00e0 vendre situ\u00e9e a cote de la mer \u00e0 Cala la Fosca, Palam\u00f3s.- InmoCosta API Estartit","breadcrumb":{"@id":"https:\/\/inmocosta.com\/fr\/properties\/appartement-en-duplex-a-vendre-a-cala-la-fosca-palamos\/#breadcrumb"},"inLanguage":"fr-FR","potentialAction":[{"@type":"ReadAction","target":["https:\/\/inmocosta.com\/fr\/properties\/appartement-en-duplex-a-vendre-a-cala-la-fosca-palamos\/"]}]},{"@type":"BreadcrumbList","@id":"https:\/\/inmocosta.com\/fr\/properties\/appartement-en-duplex-a-vendre-a-cala-la-fosca-palamos\/#breadcrumb","itemListElement":[{"@type":"ListItem","position":1,"name":"Home","item":"https:\/\/inmocosta.com\/fr\/"},{"@type":"ListItem","position":2,"name":"Propri\u00e9t\u00e9s","item":"https:\/\/inmocosta.com\/fr\/properties\/"},{"@type":"ListItem","position":3,"name":"Appartement en duplex \u00e0 vendre \u00e0 Cala la Fosca, Palam\u00f3s."}]},{"@type":"WebSite","@id":"https:\/\/inmocosta.com\/fr\/#website","url":"https:\/\/inmocosta.com\/fr\/","name":"- Inmocosta API l&#039;Estartit","description":"Ag\u00e8ncia immobiliaria dedicada exclusivament a la compra venda d\u00b4immobles . L&#039;assessorem en la compra del seu habitatge. Comprar cases, pisos, apartaments.","publisher":{"@id":"https:\/\/inmocosta.com\/fr\/#organization"},"potentialAction":[{"@type":"SearchAction","target":{"@type":"EntryPoint","urlTemplate":"https:\/\/inmocosta.com\/fr\/?s={search_term_string}"},"query-input":"required name=search_term_string"}],"inLanguage":"fr-FR"},{"@type":"Organization","@id":"https:\/\/inmocosta.com\/fr\/#organization","name":"Inmocosta API L'Estartit","url":"https:\/\/inmocosta.com\/fr\/","logo":{"@type":"ImageObject","inLanguage":"fr-FR","@id":"https:\/\/inmocosta.com\/fr\/#\/schema\/logo\/image\/","url":"https:\/\/inmocosta.com\/wp-content\/uploads\/2025\/01\/imatge_usuari.png","contentUrl":"https:\/\/inmocosta.com\/wp-content\/uploads\/2025\/01\/imatge_usuari.png","width":500,"height":500,"caption":"Inmocosta API L'Estartit"},"image":{"@id":"https:\/\/inmocosta.com\/fr\/#\/schema\/logo\/image\/"},"sameAs":["https:\/\/www.facebook.com\/inmocostaapi\/","https:\/\/www.instagram.com\/inmocosta_api\/","https:\/\/www.youtube.com\/channel\/UCidmbkY6BpJG9MA_OQUZgYQ"]}]}},"_links":{"self":[{"href":"https:\/\/inmocosta.com\/fr\/wp-json\/wp\/v2\/estate_property\/85628","targetHints":{"allow":["GET"]}}],"collection":[{"href":"https:\/\/inmocosta.com\/fr\/wp-json\/wp\/v2\/estate_property"}],"about":[{"href":"https:\/\/inmocosta.com\/fr\/wp-json\/wp\/v2\/types\/estate_property"}],"replies":[{"embeddable":true,"href":"https:\/\/inmocosta.com\/fr\/wp-json\/wp\/v2\/comments?post=85628"}],"wp:featuredmedia":[{"embeddable":true,"href":"https:\/\/inmocosta.com\/fr\/wp-json\/wp\/v2\/media\/85533"}],"wp:attachment":[{"href":"https:\/\/inmocosta.com\/fr\/wp-json\/wp\/v2\/media?parent=85628"}],"wp:term":[{"taxonomy":"property_category","embeddable":true,"href":"https:\/\/inmocosta.com\/fr\/wp-json\/wp\/v2\/property_category?post=85628"},{"taxonomy":"property_action_category","embeddable":true,"href":"https:\/\/inmocosta.com\/fr\/wp-json\/wp\/v2\/property_action_category?post=85628"},{"taxonomy":"property_city","embeddable":true,"href":"https:\/\/inmocosta.com\/fr\/wp-json\/wp\/v2\/property_city?post=85628"},{"taxonomy":"property_area","embeddable":true,"href":"https:\/\/inmocosta.com\/fr\/wp-json\/wp\/v2\/property_area?post=85628"},{"taxonomy":"property_county_state","embeddable":true,"href":"https:\/\/inmocosta.com\/fr\/wp-json\/wp\/v2\/property_county_state?post=85628"},{"taxonomy":"property_features","embeddable":true,"href":"https:\/\/inmocosta.com\/fr\/wp-json\/wp\/v2\/property_features?post=85628"},{"taxonomy":"property_status","embeddable":true,"href":"https:\/\/inmocosta.com\/fr\/wp-json\/wp\/v2\/property_status?post=85628"}],"curies":[{"name":"wp","href":"https:\/\/api.w.org\/{rel}","templated":true}]}}