{"id":85991,"date":"2025-11-14T13:00:29","date_gmt":"2025-11-14T12:00:29","guid":{"rendered":"https:\/\/inmocosta.com\/properties\/casa-adossada-a-lurbanitzacio-torre-vella-lestartit\/"},"modified":"2026-01-31T11:19:34","modified_gmt":"2026-01-31T10:19:34","slug":"maison-mitoyenne-dans-lurbanisation-torre-vella-lestartit","status":"publish","type":"estate_property","link":"https:\/\/inmocosta.com\/fr\/properties\/maison-mitoyenne-dans-lurbanisation-torre-vella-lestartit\/","title":{"rendered":"Maison mitoyenne dans l&rsquo;Urbanisation Torre Vella, L&rsquo;Estartit."},"content":{"rendered":"<p>[vc_row][vc_column][vc_column_text]<\/p>\n<h3>Maison mitoyenne dans l&rsquo;Urbanisation Torre Vella, L&rsquo;Estartit.<\/h3>\n<p>Maison mitoyenne situ\u00e9e dans la tranquille Urbanisation Torre Vella, entre L&rsquo;Estartit et Torroella de Montgr\u00ed, \u00e0 quelques minutes en voiture de la plage.<\/p>\n<p>Elle dispose d&rsquo;una surface construite d&rsquo;environ 65 m\u00e8tres carr\u00e9s r\u00e9partis sur deux \u00e9tages.<\/p>\n<p>Au rez-de-chauss\u00e9e, on trouve l&rsquo;entr\u00e9e avec grand espace ext\u00e9rieur, cuisine ind\u00e9pendante, WC et salon-salle \u00e0 manger avec chemin\u00e9e, avec acc\u00e8s direct au jardin et \u00e0 la terrasse priv\u00e9e.<\/p>\n<p>\u00c0 l&rsquo;\u00e9tage, il y a deux chambres doubles et une salle de bain compl\u00e8te avec baignoire. L&rsquo;une des chambres dispose d&rsquo;un acc\u00e8s \u00e0 un balcon offrant une vue d\u00e9gag\u00e9e sur l&rsquo;environnement.<\/p>\n<p>La maison est tr\u00e8s bien entretenue et \u00e9quip\u00e9e de double vitrage et de climatisation avec pompe \u00e0 chaleur. Id\u00e9ale pour vivre toute l&rsquo;ann\u00e9e ou pour des s\u00e9jours temporaires.[\/vc_column_text][\/vc_column][\/vc_row][vc_row][vc_column][vc_separator][\/vc_column][\/vc_row][vc_row][vc_column][vc_custom_heading text=\u00a0\u00bbTour Virtuel:\u00a0\u00bb font_container=\u00a0\u00bbtag:h2|text_align:left|color:%23d0b08c\u00a0\u00bb][\/vc_column][\/vc_row][vc_row][vc_column][vc_raw_html]JTNDaWZyYW1lJTIwd2lkdGglM0QlMjc3MjUlMjclMjBoZWlnaHQlM0QlMjc0NTAlMjclMjBzcmMlM0QlMjdodHRwcyUzQSUyRiUyRm15Lm1hdHRlcnBvcnQuY29tJTJGc2hvdyUyRiUzRm0lM0RkYmhYbmd4Umt6ZSUyNyUyMGZyYW1lYm9yZGVyJTNEJTI3MCUyNyUyMGFsbG93ZnVsbHNjcmVlbiUyMGFsbG93JTNEJTI3eHItc3BhdGlhbC10cmFja2luZyUyNyUzRSUzQyUyRmlmcmFtZSUzRQ==[\/vc_raw_html][\/vc_column][\/vc_row]<\/p>\n","protected":false},"excerpt":{"rendered":"<p>[vc_row][vc_column][vc_column_text] Maison mitoyenne dans l&rsquo;Urbanisation Torre Vella, L&rsquo;Estartit. Maison mitoyenne situ\u00e9e dans la tranquille Urbanisation Torre Vella, entre L&rsquo;Estartit et Torroella de Montgr\u00ed, \u00e0 quelques minutes en voiture de la plage. Elle dispose d&rsquo;una surface construite d&rsquo;environ 65 m\u00e8tres carr\u00e9s r\u00e9partis sur deux \u00e9tages. Au rez-de-chauss\u00e9e, on trouve l&rsquo;entr\u00e9e avec grand espace ext\u00e9rieur, cuisine ind\u00e9pendante, WC et salon-salle \u00e0 manger avec chemin\u00e9e, avec acc\u00e8s &#8230;<\/p>\n","protected":false},"featured_media":85980,"comment_status":"closed","ping_status":"closed","template":"","property_category":[146],"property_action_category":[156],"property_city":[163],"property_area":[236],"property_county_state":[75,74],"property_features":[3123,3105,3138,3167,3168,3229,3128,3096,3186,3171,3120],"property_status":[],"class_list":["post-85991","estate_property","type-estate_property","status-publish","has-post-thumbnail","hentry","property_category-maison","property_action_category-en-vente","property_city-lestartit","property_area-torre-vella-fr","property_county_state-baix-emporda","property_county_state-costa-brava","property_features-air-aconditioning-fr","property_features-balcony-fr","property_features-double-glass-windows-fr","property_features-fireplace-fr","property_features-fitted-wardrobe-fr","property_features-front-yard-fr","property_features-heating-fr","property_features-mountain-views-fr","property_features-parking-place-fr","property_features-quiet-location-fr","property_features-terrace-fr"],"yoast_head":"<!-- This site is optimized with the Yoast SEO plugin v21.8 - https:\/\/yoast.com\/wordpress\/plugins\/seo\/ -->\n<title>Maison mitoyenne dans l&#039;Urbanisation Torre Vella, L&#039;Estartit. - Inmocosta API l&#039;Estartit<\/title>\n<meta name=\"description\" content=\"Maison mitoyenne a vendre, situ\u00e9e dans l&#039;Urbanisation Torre Vella, L&#039;Estartit.- InmoCosta API Estartit.\" \/>\n<meta name=\"robots\" content=\"index, follow, max-snippet:-1, max-image-preview:large, max-video-preview:-1\" \/>\n<link rel=\"canonical\" href=\"https:\/\/inmocosta.com\/fr\/properties\/maison-mitoyenne-dans-lurbanisation-torre-vella-lestartit\/\" \/>\n<meta property=\"og:locale\" content=\"fr_FR\" \/>\n<meta property=\"og:type\" content=\"article\" \/>\n<meta property=\"og:title\" content=\"Maison mitoyenne dans l&#039;Urbanisation Torre Vella, L&#039;Estartit. - Inmocosta API l&#039;Estartit\" \/>\n<meta property=\"og:description\" content=\"Maison mitoyenne a vendre, situ\u00e9e dans l&#039;Urbanisation Torre Vella, L&#039;Estartit.- InmoCosta API Estartit.\" \/>\n<meta property=\"og:url\" content=\"https:\/\/inmocosta.com\/fr\/properties\/maison-mitoyenne-dans-lurbanisation-torre-vella-lestartit\/\" \/>\n<meta property=\"og:site_name\" content=\"- Inmocosta API l&#039;Estartit\" \/>\n<meta property=\"article:publisher\" content=\"https:\/\/www.facebook.com\/inmocostaapi\/\" \/>\n<meta property=\"article:modified_time\" content=\"2026-01-31T10:19:34+00:00\" \/>\n<meta property=\"og:image\" content=\"https:\/\/inmocosta.com\/wp-content\/uploads\/2025\/11\/2299-Falset-22-InmoCosta-API-Estartit-Jardi-2.jpg\" \/>\n\t<meta property=\"og:image:width\" content=\"800\" \/>\n\t<meta property=\"og:image:height\" content=\"600\" \/>\n\t<meta property=\"og:image:type\" content=\"image\/jpeg\" \/>\n<meta name=\"twitter:card\" content=\"summary_large_image\" \/>\n<meta name=\"twitter:label1\" content=\"Dur\u00e9e de lecture estim\u00e9e\" \/>\n\t<meta name=\"twitter:data1\" content=\"1 minute\" \/>\n<script type=\"application\/ld+json\" class=\"yoast-schema-graph\">{\"@context\":\"https:\/\/schema.org\",\"@graph\":[{\"@type\":\"WebPage\",\"@id\":\"https:\/\/inmocosta.com\/fr\/properties\/maison-mitoyenne-dans-lurbanisation-torre-vella-lestartit\/\",\"url\":\"https:\/\/inmocosta.com\/fr\/properties\/maison-mitoyenne-dans-lurbanisation-torre-vella-lestartit\/\",\"name\":\"Maison mitoyenne dans l'Urbanisation Torre Vella, L'Estartit. - Inmocosta API l&#039;Estartit\",\"isPartOf\":{\"@id\":\"https:\/\/inmocosta.com\/fr\/#website\"},\"datePublished\":\"2025-11-14T12:00:29+00:00\",\"dateModified\":\"2026-01-31T10:19:34+00:00\",\"description\":\"Maison mitoyenne a vendre, situ\u00e9e dans l'Urbanisation Torre Vella, L'Estartit.- InmoCosta API Estartit.\",\"breadcrumb\":{\"@id\":\"https:\/\/inmocosta.com\/fr\/properties\/maison-mitoyenne-dans-lurbanisation-torre-vella-lestartit\/#breadcrumb\"},\"inLanguage\":\"fr-FR\",\"potentialAction\":[{\"@type\":\"ReadAction\",\"target\":[\"https:\/\/inmocosta.com\/fr\/properties\/maison-mitoyenne-dans-lurbanisation-torre-vella-lestartit\/\"]}]},{\"@type\":\"BreadcrumbList\",\"@id\":\"https:\/\/inmocosta.com\/fr\/properties\/maison-mitoyenne-dans-lurbanisation-torre-vella-lestartit\/#breadcrumb\",\"itemListElement\":[{\"@type\":\"ListItem\",\"position\":1,\"name\":\"Home\",\"item\":\"https:\/\/inmocosta.com\/fr\/\"},{\"@type\":\"ListItem\",\"position\":2,\"name\":\"Propri\u00e9t\u00e9s\",\"item\":\"https:\/\/inmocosta.com\/fr\/properties\/\"},{\"@type\":\"ListItem\",\"position\":3,\"name\":\"Maison mitoyenne dans l&#8217;Urbanisation Torre Vella, L&#8217;Estartit.\"}]},{\"@type\":\"WebSite\",\"@id\":\"https:\/\/inmocosta.com\/fr\/#website\",\"url\":\"https:\/\/inmocosta.com\/fr\/\",\"name\":\"- Inmocosta API l&#039;Estartit\",\"description\":\"Ag\u00e8ncia immobiliaria dedicada exclusivament a la compra venda d\u00b4immobles . L&#039;assessorem en la compra del seu habitatge. Comprar cases, pisos, apartaments.\",\"publisher\":{\"@id\":\"https:\/\/inmocosta.com\/fr\/#organization\"},\"potentialAction\":[{\"@type\":\"SearchAction\",\"target\":{\"@type\":\"EntryPoint\",\"urlTemplate\":\"https:\/\/inmocosta.com\/fr\/?s={search_term_string}\"},\"query-input\":\"required name=search_term_string\"}],\"inLanguage\":\"fr-FR\"},{\"@type\":\"Organization\",\"@id\":\"https:\/\/inmocosta.com\/fr\/#organization\",\"name\":\"Inmocosta API L'Estartit\",\"url\":\"https:\/\/inmocosta.com\/fr\/\",\"logo\":{\"@type\":\"ImageObject\",\"inLanguage\":\"fr-FR\",\"@id\":\"https:\/\/inmocosta.com\/fr\/#\/schema\/logo\/image\/\",\"url\":\"https:\/\/inmocosta.com\/wp-content\/uploads\/2025\/01\/imatge_usuari.png\",\"contentUrl\":\"https:\/\/inmocosta.com\/wp-content\/uploads\/2025\/01\/imatge_usuari.png\",\"width\":500,\"height\":500,\"caption\":\"Inmocosta API L'Estartit\"},\"image\":{\"@id\":\"https:\/\/inmocosta.com\/fr\/#\/schema\/logo\/image\/\"},\"sameAs\":[\"https:\/\/www.facebook.com\/inmocostaapi\/\",\"https:\/\/www.instagram.com\/inmocosta_api\/\",\"https:\/\/www.youtube.com\/channel\/UCidmbkY6BpJG9MA_OQUZgYQ\"]}]}<\/script>\n<!-- \/ Yoast SEO plugin. -->","yoast_head_json":{"title":"Maison mitoyenne dans l'Urbanisation Torre Vella, L'Estartit. - Inmocosta API l&#039;Estartit","description":"Maison mitoyenne a vendre, situ\u00e9e dans l'Urbanisation Torre Vella, L'Estartit.- InmoCosta API Estartit.","robots":{"index":"index","follow":"follow","max-snippet":"max-snippet:-1","max-image-preview":"max-image-preview:large","max-video-preview":"max-video-preview:-1"},"canonical":"https:\/\/inmocosta.com\/fr\/properties\/maison-mitoyenne-dans-lurbanisation-torre-vella-lestartit\/","og_locale":"fr_FR","og_type":"article","og_title":"Maison mitoyenne dans l'Urbanisation Torre Vella, L'Estartit. - Inmocosta API l&#039;Estartit","og_description":"Maison mitoyenne a vendre, situ\u00e9e dans l'Urbanisation Torre Vella, L'Estartit.- InmoCosta API Estartit.","og_url":"https:\/\/inmocosta.com\/fr\/properties\/maison-mitoyenne-dans-lurbanisation-torre-vella-lestartit\/","og_site_name":"- Inmocosta API l&#039;Estartit","article_publisher":"https:\/\/www.facebook.com\/inmocostaapi\/","article_modified_time":"2026-01-31T10:19:34+00:00","og_image":[{"width":800,"height":600,"url":"https:\/\/inmocosta.com\/wp-content\/uploads\/2025\/11\/2299-Falset-22-InmoCosta-API-Estartit-Jardi-2.jpg","type":"image\/jpeg"}],"twitter_card":"summary_large_image","twitter_misc":{"Dur\u00e9e de lecture estim\u00e9e":"1 minute"},"schema":{"@context":"https:\/\/schema.org","@graph":[{"@type":"WebPage","@id":"https:\/\/inmocosta.com\/fr\/properties\/maison-mitoyenne-dans-lurbanisation-torre-vella-lestartit\/","url":"https:\/\/inmocosta.com\/fr\/properties\/maison-mitoyenne-dans-lurbanisation-torre-vella-lestartit\/","name":"Maison mitoyenne dans l'Urbanisation Torre Vella, L'Estartit. - Inmocosta API l&#039;Estartit","isPartOf":{"@id":"https:\/\/inmocosta.com\/fr\/#website"},"datePublished":"2025-11-14T12:00:29+00:00","dateModified":"2026-01-31T10:19:34+00:00","description":"Maison mitoyenne a vendre, situ\u00e9e dans l'Urbanisation Torre Vella, L'Estartit.- InmoCosta API Estartit.","breadcrumb":{"@id":"https:\/\/inmocosta.com\/fr\/properties\/maison-mitoyenne-dans-lurbanisation-torre-vella-lestartit\/#breadcrumb"},"inLanguage":"fr-FR","potentialAction":[{"@type":"ReadAction","target":["https:\/\/inmocosta.com\/fr\/properties\/maison-mitoyenne-dans-lurbanisation-torre-vella-lestartit\/"]}]},{"@type":"BreadcrumbList","@id":"https:\/\/inmocosta.com\/fr\/properties\/maison-mitoyenne-dans-lurbanisation-torre-vella-lestartit\/#breadcrumb","itemListElement":[{"@type":"ListItem","position":1,"name":"Home","item":"https:\/\/inmocosta.com\/fr\/"},{"@type":"ListItem","position":2,"name":"Propri\u00e9t\u00e9s","item":"https:\/\/inmocosta.com\/fr\/properties\/"},{"@type":"ListItem","position":3,"name":"Maison mitoyenne dans l&#8217;Urbanisation Torre Vella, L&#8217;Estartit."}]},{"@type":"WebSite","@id":"https:\/\/inmocosta.com\/fr\/#website","url":"https:\/\/inmocosta.com\/fr\/","name":"- Inmocosta API l&#039;Estartit","description":"Ag\u00e8ncia immobiliaria dedicada exclusivament a la compra venda d\u00b4immobles . L&#039;assessorem en la compra del seu habitatge. Comprar cases, pisos, apartaments.","publisher":{"@id":"https:\/\/inmocosta.com\/fr\/#organization"},"potentialAction":[{"@type":"SearchAction","target":{"@type":"EntryPoint","urlTemplate":"https:\/\/inmocosta.com\/fr\/?s={search_term_string}"},"query-input":"required name=search_term_string"}],"inLanguage":"fr-FR"},{"@type":"Organization","@id":"https:\/\/inmocosta.com\/fr\/#organization","name":"Inmocosta API L'Estartit","url":"https:\/\/inmocosta.com\/fr\/","logo":{"@type":"ImageObject","inLanguage":"fr-FR","@id":"https:\/\/inmocosta.com\/fr\/#\/schema\/logo\/image\/","url":"https:\/\/inmocosta.com\/wp-content\/uploads\/2025\/01\/imatge_usuari.png","contentUrl":"https:\/\/inmocosta.com\/wp-content\/uploads\/2025\/01\/imatge_usuari.png","width":500,"height":500,"caption":"Inmocosta API L'Estartit"},"image":{"@id":"https:\/\/inmocosta.com\/fr\/#\/schema\/logo\/image\/"},"sameAs":["https:\/\/www.facebook.com\/inmocostaapi\/","https:\/\/www.instagram.com\/inmocosta_api\/","https:\/\/www.youtube.com\/channel\/UCidmbkY6BpJG9MA_OQUZgYQ"]}]}},"_links":{"self":[{"href":"https:\/\/inmocosta.com\/fr\/wp-json\/wp\/v2\/estate_property\/85991","targetHints":{"allow":["GET"]}}],"collection":[{"href":"https:\/\/inmocosta.com\/fr\/wp-json\/wp\/v2\/estate_property"}],"about":[{"href":"https:\/\/inmocosta.com\/fr\/wp-json\/wp\/v2\/types\/estate_property"}],"replies":[{"embeddable":true,"href":"https:\/\/inmocosta.com\/fr\/wp-json\/wp\/v2\/comments?post=85991"}],"wp:featuredmedia":[{"embeddable":true,"href":"https:\/\/inmocosta.com\/fr\/wp-json\/wp\/v2\/media\/85980"}],"wp:attachment":[{"href":"https:\/\/inmocosta.com\/fr\/wp-json\/wp\/v2\/media?parent=85991"}],"wp:term":[{"taxonomy":"property_category","embeddable":true,"href":"https:\/\/inmocosta.com\/fr\/wp-json\/wp\/v2\/property_category?post=85991"},{"taxonomy":"property_action_category","embeddable":true,"href":"https:\/\/inmocosta.com\/fr\/wp-json\/wp\/v2\/property_action_category?post=85991"},{"taxonomy":"property_city","embeddable":true,"href":"https:\/\/inmocosta.com\/fr\/wp-json\/wp\/v2\/property_city?post=85991"},{"taxonomy":"property_area","embeddable":true,"href":"https:\/\/inmocosta.com\/fr\/wp-json\/wp\/v2\/property_area?post=85991"},{"taxonomy":"property_county_state","embeddable":true,"href":"https:\/\/inmocosta.com\/fr\/wp-json\/wp\/v2\/property_county_state?post=85991"},{"taxonomy":"property_features","embeddable":true,"href":"https:\/\/inmocosta.com\/fr\/wp-json\/wp\/v2\/property_features?post=85991"},{"taxonomy":"property_status","embeddable":true,"href":"https:\/\/inmocosta.com\/fr\/wp-json\/wp\/v2\/property_status?post=85991"}],"curies":[{"name":"wp","href":"https:\/\/api.w.org\/{rel}","templated":true}]}}