{"id":86278,"date":"2026-01-14T16:18:24","date_gmt":"2026-01-14T15:18:24","guid":{"rendered":"https:\/\/inmocosta.com\/properties\/casa-adossada-amb-garatge-al-centre-de-lestartit\/"},"modified":"2026-01-31T10:03:16","modified_gmt":"2026-01-31T09:03:16","slug":"maison-mitoyenne-avec-garage-au-centre-de-lestartit","status":"publish","type":"estate_property","link":"https:\/\/inmocosta.com\/fr\/properties\/maison-mitoyenne-avec-garage-au-centre-de-lestartit\/","title":{"rendered":"Maison mitoyenne avec garage au centre de L&rsquo;Estartit."},"content":{"rendered":"<p>[vc_row][vc_column][vc_column_text]<\/p>\n<h3>Maison mitoyenne avec garage au centre de L&rsquo;Estartit.<\/h3>\n<p>Maison mitoyenne avec garage situ\u00e9e au centre de L&rsquo;Estartit, \u00e0 seulement 300 m\u00e8tres de la plage et de la promenade maritime.<\/p>\n<p>Implant\u00e9e sur un terrain d&rsquo;environ 190 m\u00e8tres carr\u00e9s, la propri\u00e9t\u00e9 dispose d&rsquo;environ 150 m\u00e8tres carr\u00e9s construits, r\u00e9partis sur deux niveaux, ainsi que d&rsquo;un jardin entourant presque l&rsquo;ensemble de la maison.<\/p>\n<p>Au rez-de-chauss\u00e9e se trouvent le garage priv\u00e9 pour un v\u00e9hicule, l&rsquo;entr\u00e9e principale avec un petit hall, deux chambres doubles et une salle de bain compl\u00e8te.<\/p>\n<p>Le premier \u00e9tage comprend la partie principale de la maison, avec un salon-salle \u00e0 manger dot\u00e9 d&rsquo;une chemin\u00e9e et un acc\u00e8s \u00e0 une terrasse qui entoure une grande partie de l&rsquo;habitation et offre une vue sur le Rocamaura. \u00c0 c\u00f4t\u00e9 du salon se trouvent la cuisine ind\u00e9pendante, la chambre principale et une seconde salle de bain compl\u00e8te.<\/p>\n<p>La maison est \u00e9quip\u00e9e d&rsquo;un chauffage \u00e9lectrique central et de fen\u00eatres \u00e0 double vitrage, permettant une utilisation agr\u00e9able tout au long de l&rsquo;ann\u00e9e.[\/vc_column_text][\/vc_column][\/vc_row][vc_row][vc_column][vc_separator][\/vc_column][\/vc_row][vc_row][vc_column][vc_custom_heading text=\u00a0\u00bbTour Virtuel:\u00a0\u00bb font_container=\u00a0\u00bbtag:h2|text_align:left|color:%23d0b08c\u00a0\u00bb][\/vc_column][\/vc_row][vc_row][vc_column][vc_raw_html]JTNDaWZyYW1lJTIwd2lkdGglM0QlMjc3MjUlMjclMjBoZWlnaHQlM0QlMjc0NTAlMjclMjBzcmMlM0QlMjdodHRwcyUzQSUyRiUyRm5vZGFsdmlldy5jb20lMkZzJTJGMWtsYnFZdV9MRWRCS3E0dkt0T0NUciUyNyUyMGZyYW1lYm9yZGVyJTNEJTI3MCUyNyUyMGFsbG93ZnVsbHNjcmVlbiUyMGFsbG93JTNEJTI3eHItc3BhdGlhbC10cmFja2luZyUyNyUzRSUzQyUyRmlmcmFtZSUzRQ==[\/vc_raw_html][\/vc_column][\/vc_row]<\/p>\n","protected":false},"excerpt":{"rendered":"<p>[vc_row][vc_column][vc_column_text] Maison mitoyenne avec garage au centre de L&rsquo;Estartit. Maison mitoyenne avec garage situ\u00e9e au centre de L&rsquo;Estartit, \u00e0 seulement 300 m\u00e8tres de la plage et de la promenade maritime. Implant\u00e9e sur un terrain d&rsquo;environ 190 m\u00e8tres carr\u00e9s, la propri\u00e9t\u00e9 dispose d&rsquo;environ 150 m\u00e8tres carr\u00e9s construits, r\u00e9partis sur deux niveaux, ainsi que d&rsquo;un jardin entourant presque l&rsquo;ensemble de la maison. Au rez-de-chauss\u00e9e se trouvent &#8230;<\/p>\n","protected":false},"featured_media":86171,"comment_status":"closed","ping_status":"closed","template":"","property_category":[146],"property_action_category":[156],"property_city":[163],"property_area":[226],"property_county_state":[75,74],"property_features":[3165,3105,3153,3138,3190,3167,3168,3229,3114,3179,3128,3096,3186,3180,3120],"property_status":[3162],"class_list":["post-86278","estate_property","type-estate_property","status-publish","has-post-thumbnail","hentry","property_category-maison","property_action_category-en-vente","property_city-lestartit","property_area-centre","property_county_state-baix-emporda","property_county_state-costa-brava","property_features-back-yard-fr","property_features-balcony-fr","property_features-center-of-the-village-fr","property_features-double-glass-windows-fr","property_features-fenced-yard-fr","property_features-fireplace-fr","property_features-fitted-wardrobe-fr","property_features-front-yard-fr","property_features-furnished-fr","property_features-garage-fr","property_features-heating-fr","property_features-mountain-views-fr","property_features-parking-place-fr","property_features-storage-fr","property_features-terrace-fr","property_status-venut-vendido-vendue-sold-fr"],"yoast_head":"<!-- This site is optimized with the Yoast SEO plugin v21.8 - https:\/\/yoast.com\/wordpress\/plugins\/seo\/ -->\n<title>Maison mitoyenne avec garage au centre de L&#039;Estartit. - Inmocosta API l&#039;Estartit<\/title>\n<meta name=\"description\" content=\"Maison mitoyenne avec garage, situ\u00e9e au centre de L&#039;Estartit, \u00e0 seulement 300 m\u00e8tres de la plage. - InmoCosta API Estartit.\" \/>\n<meta name=\"robots\" content=\"index, follow, max-snippet:-1, max-image-preview:large, max-video-preview:-1\" \/>\n<link rel=\"canonical\" href=\"https:\/\/inmocosta.com\/fr\/properties\/maison-mitoyenne-avec-garage-au-centre-de-lestartit\/\" \/>\n<meta property=\"og:locale\" content=\"fr_FR\" \/>\n<meta property=\"og:type\" content=\"article\" \/>\n<meta property=\"og:title\" content=\"Maison mitoyenne avec garage au centre de L&#039;Estartit. - Inmocosta API l&#039;Estartit\" \/>\n<meta property=\"og:description\" content=\"Maison mitoyenne avec garage, situ\u00e9e au centre de L&#039;Estartit, \u00e0 seulement 300 m\u00e8tres de la plage. - InmoCosta API Estartit.\" \/>\n<meta property=\"og:url\" content=\"https:\/\/inmocosta.com\/fr\/properties\/maison-mitoyenne-avec-garage-au-centre-de-lestartit\/\" \/>\n<meta property=\"og:site_name\" content=\"- Inmocosta API l&#039;Estartit\" \/>\n<meta property=\"article:publisher\" content=\"https:\/\/www.facebook.com\/inmocostaapi\/\" \/>\n<meta property=\"article:modified_time\" content=\"2026-01-31T09:03:16+00:00\" \/>\n<meta property=\"og:image\" content=\"https:\/\/inmocosta.com\/wp-content\/uploads\/2026\/01\/2302-Avinguda-de-Grecia-InmoCosta-API-Estartit-Facana--scaled.jpg\" \/>\n\t<meta property=\"og:image:width\" content=\"2560\" \/>\n\t<meta property=\"og:image:height\" content=\"1920\" \/>\n\t<meta property=\"og:image:type\" content=\"image\/jpeg\" \/>\n<meta name=\"twitter:card\" content=\"summary_large_image\" \/>\n<meta name=\"twitter:label1\" content=\"Dur\u00e9e de lecture estim\u00e9e\" \/>\n\t<meta name=\"twitter:data1\" content=\"2 minutes\" \/>\n<script type=\"application\/ld+json\" class=\"yoast-schema-graph\">{\"@context\":\"https:\/\/schema.org\",\"@graph\":[{\"@type\":\"WebPage\",\"@id\":\"https:\/\/inmocosta.com\/fr\/properties\/maison-mitoyenne-avec-garage-au-centre-de-lestartit\/\",\"url\":\"https:\/\/inmocosta.com\/fr\/properties\/maison-mitoyenne-avec-garage-au-centre-de-lestartit\/\",\"name\":\"Maison mitoyenne avec garage au centre de L'Estartit. - Inmocosta API l&#039;Estartit\",\"isPartOf\":{\"@id\":\"https:\/\/inmocosta.com\/fr\/#website\"},\"datePublished\":\"2026-01-14T15:18:24+00:00\",\"dateModified\":\"2026-01-31T09:03:16+00:00\",\"description\":\"Maison mitoyenne avec garage, situ\u00e9e au centre de L'Estartit, \u00e0 seulement 300 m\u00e8tres de la plage. - InmoCosta API Estartit.\",\"breadcrumb\":{\"@id\":\"https:\/\/inmocosta.com\/fr\/properties\/maison-mitoyenne-avec-garage-au-centre-de-lestartit\/#breadcrumb\"},\"inLanguage\":\"fr-FR\",\"potentialAction\":[{\"@type\":\"ReadAction\",\"target\":[\"https:\/\/inmocosta.com\/fr\/properties\/maison-mitoyenne-avec-garage-au-centre-de-lestartit\/\"]}]},{\"@type\":\"BreadcrumbList\",\"@id\":\"https:\/\/inmocosta.com\/fr\/properties\/maison-mitoyenne-avec-garage-au-centre-de-lestartit\/#breadcrumb\",\"itemListElement\":[{\"@type\":\"ListItem\",\"position\":1,\"name\":\"Home\",\"item\":\"https:\/\/inmocosta.com\/fr\/\"},{\"@type\":\"ListItem\",\"position\":2,\"name\":\"Propri\u00e9t\u00e9s\",\"item\":\"https:\/\/inmocosta.com\/fr\/properties\/\"},{\"@type\":\"ListItem\",\"position\":3,\"name\":\"Maison mitoyenne avec garage au centre de L&#8217;Estartit.\"}]},{\"@type\":\"WebSite\",\"@id\":\"https:\/\/inmocosta.com\/fr\/#website\",\"url\":\"https:\/\/inmocosta.com\/fr\/\",\"name\":\"- Inmocosta API l&#039;Estartit\",\"description\":\"Ag\u00e8ncia immobiliaria dedicada exclusivament a la compra venda d\u00b4immobles . L&#039;assessorem en la compra del seu habitatge. Comprar cases, pisos, apartaments.\",\"publisher\":{\"@id\":\"https:\/\/inmocosta.com\/fr\/#organization\"},\"potentialAction\":[{\"@type\":\"SearchAction\",\"target\":{\"@type\":\"EntryPoint\",\"urlTemplate\":\"https:\/\/inmocosta.com\/fr\/?s={search_term_string}\"},\"query-input\":\"required name=search_term_string\"}],\"inLanguage\":\"fr-FR\"},{\"@type\":\"Organization\",\"@id\":\"https:\/\/inmocosta.com\/fr\/#organization\",\"name\":\"Inmocosta API L'Estartit\",\"url\":\"https:\/\/inmocosta.com\/fr\/\",\"logo\":{\"@type\":\"ImageObject\",\"inLanguage\":\"fr-FR\",\"@id\":\"https:\/\/inmocosta.com\/fr\/#\/schema\/logo\/image\/\",\"url\":\"https:\/\/inmocosta.com\/wp-content\/uploads\/2025\/01\/imatge_usuari.png\",\"contentUrl\":\"https:\/\/inmocosta.com\/wp-content\/uploads\/2025\/01\/imatge_usuari.png\",\"width\":500,\"height\":500,\"caption\":\"Inmocosta API L'Estartit\"},\"image\":{\"@id\":\"https:\/\/inmocosta.com\/fr\/#\/schema\/logo\/image\/\"},\"sameAs\":[\"https:\/\/www.facebook.com\/inmocostaapi\/\",\"https:\/\/www.instagram.com\/inmocosta_api\/\",\"https:\/\/www.youtube.com\/channel\/UCidmbkY6BpJG9MA_OQUZgYQ\"]}]}<\/script>\n<!-- \/ Yoast SEO plugin. -->","yoast_head_json":{"title":"Maison mitoyenne avec garage au centre de L'Estartit. - Inmocosta API l&#039;Estartit","description":"Maison mitoyenne avec garage, situ\u00e9e au centre de L'Estartit, \u00e0 seulement 300 m\u00e8tres de la plage. - InmoCosta API Estartit.","robots":{"index":"index","follow":"follow","max-snippet":"max-snippet:-1","max-image-preview":"max-image-preview:large","max-video-preview":"max-video-preview:-1"},"canonical":"https:\/\/inmocosta.com\/fr\/properties\/maison-mitoyenne-avec-garage-au-centre-de-lestartit\/","og_locale":"fr_FR","og_type":"article","og_title":"Maison mitoyenne avec garage au centre de L'Estartit. - Inmocosta API l&#039;Estartit","og_description":"Maison mitoyenne avec garage, situ\u00e9e au centre de L'Estartit, \u00e0 seulement 300 m\u00e8tres de la plage. - InmoCosta API Estartit.","og_url":"https:\/\/inmocosta.com\/fr\/properties\/maison-mitoyenne-avec-garage-au-centre-de-lestartit\/","og_site_name":"- Inmocosta API l&#039;Estartit","article_publisher":"https:\/\/www.facebook.com\/inmocostaapi\/","article_modified_time":"2026-01-31T09:03:16+00:00","og_image":[{"width":2560,"height":1920,"url":"https:\/\/inmocosta.com\/wp-content\/uploads\/2026\/01\/2302-Avinguda-de-Grecia-InmoCosta-API-Estartit-Facana--scaled.jpg","type":"image\/jpeg"}],"twitter_card":"summary_large_image","twitter_misc":{"Dur\u00e9e de lecture estim\u00e9e":"2 minutes"},"schema":{"@context":"https:\/\/schema.org","@graph":[{"@type":"WebPage","@id":"https:\/\/inmocosta.com\/fr\/properties\/maison-mitoyenne-avec-garage-au-centre-de-lestartit\/","url":"https:\/\/inmocosta.com\/fr\/properties\/maison-mitoyenne-avec-garage-au-centre-de-lestartit\/","name":"Maison mitoyenne avec garage au centre de L'Estartit. - Inmocosta API l&#039;Estartit","isPartOf":{"@id":"https:\/\/inmocosta.com\/fr\/#website"},"datePublished":"2026-01-14T15:18:24+00:00","dateModified":"2026-01-31T09:03:16+00:00","description":"Maison mitoyenne avec garage, situ\u00e9e au centre de L'Estartit, \u00e0 seulement 300 m\u00e8tres de la plage. - InmoCosta API Estartit.","breadcrumb":{"@id":"https:\/\/inmocosta.com\/fr\/properties\/maison-mitoyenne-avec-garage-au-centre-de-lestartit\/#breadcrumb"},"inLanguage":"fr-FR","potentialAction":[{"@type":"ReadAction","target":["https:\/\/inmocosta.com\/fr\/properties\/maison-mitoyenne-avec-garage-au-centre-de-lestartit\/"]}]},{"@type":"BreadcrumbList","@id":"https:\/\/inmocosta.com\/fr\/properties\/maison-mitoyenne-avec-garage-au-centre-de-lestartit\/#breadcrumb","itemListElement":[{"@type":"ListItem","position":1,"name":"Home","item":"https:\/\/inmocosta.com\/fr\/"},{"@type":"ListItem","position":2,"name":"Propri\u00e9t\u00e9s","item":"https:\/\/inmocosta.com\/fr\/properties\/"},{"@type":"ListItem","position":3,"name":"Maison mitoyenne avec garage au centre de L&#8217;Estartit."}]},{"@type":"WebSite","@id":"https:\/\/inmocosta.com\/fr\/#website","url":"https:\/\/inmocosta.com\/fr\/","name":"- Inmocosta API l&#039;Estartit","description":"Ag\u00e8ncia immobiliaria dedicada exclusivament a la compra venda d\u00b4immobles . L&#039;assessorem en la compra del seu habitatge. Comprar cases, pisos, apartaments.","publisher":{"@id":"https:\/\/inmocosta.com\/fr\/#organization"},"potentialAction":[{"@type":"SearchAction","target":{"@type":"EntryPoint","urlTemplate":"https:\/\/inmocosta.com\/fr\/?s={search_term_string}"},"query-input":"required name=search_term_string"}],"inLanguage":"fr-FR"},{"@type":"Organization","@id":"https:\/\/inmocosta.com\/fr\/#organization","name":"Inmocosta API L'Estartit","url":"https:\/\/inmocosta.com\/fr\/","logo":{"@type":"ImageObject","inLanguage":"fr-FR","@id":"https:\/\/inmocosta.com\/fr\/#\/schema\/logo\/image\/","url":"https:\/\/inmocosta.com\/wp-content\/uploads\/2025\/01\/imatge_usuari.png","contentUrl":"https:\/\/inmocosta.com\/wp-content\/uploads\/2025\/01\/imatge_usuari.png","width":500,"height":500,"caption":"Inmocosta API L'Estartit"},"image":{"@id":"https:\/\/inmocosta.com\/fr\/#\/schema\/logo\/image\/"},"sameAs":["https:\/\/www.facebook.com\/inmocostaapi\/","https:\/\/www.instagram.com\/inmocosta_api\/","https:\/\/www.youtube.com\/channel\/UCidmbkY6BpJG9MA_OQUZgYQ"]}]}},"_links":{"self":[{"href":"https:\/\/inmocosta.com\/fr\/wp-json\/wp\/v2\/estate_property\/86278","targetHints":{"allow":["GET"]}}],"collection":[{"href":"https:\/\/inmocosta.com\/fr\/wp-json\/wp\/v2\/estate_property"}],"about":[{"href":"https:\/\/inmocosta.com\/fr\/wp-json\/wp\/v2\/types\/estate_property"}],"replies":[{"embeddable":true,"href":"https:\/\/inmocosta.com\/fr\/wp-json\/wp\/v2\/comments?post=86278"}],"wp:featuredmedia":[{"embeddable":true,"href":"https:\/\/inmocosta.com\/fr\/wp-json\/wp\/v2\/media\/86171"}],"wp:attachment":[{"href":"https:\/\/inmocosta.com\/fr\/wp-json\/wp\/v2\/media?parent=86278"}],"wp:term":[{"taxonomy":"property_category","embeddable":true,"href":"https:\/\/inmocosta.com\/fr\/wp-json\/wp\/v2\/property_category?post=86278"},{"taxonomy":"property_action_category","embeddable":true,"href":"https:\/\/inmocosta.com\/fr\/wp-json\/wp\/v2\/property_action_category?post=86278"},{"taxonomy":"property_city","embeddable":true,"href":"https:\/\/inmocosta.com\/fr\/wp-json\/wp\/v2\/property_city?post=86278"},{"taxonomy":"property_area","embeddable":true,"href":"https:\/\/inmocosta.com\/fr\/wp-json\/wp\/v2\/property_area?post=86278"},{"taxonomy":"property_county_state","embeddable":true,"href":"https:\/\/inmocosta.com\/fr\/wp-json\/wp\/v2\/property_county_state?post=86278"},{"taxonomy":"property_features","embeddable":true,"href":"https:\/\/inmocosta.com\/fr\/wp-json\/wp\/v2\/property_features?post=86278"},{"taxonomy":"property_status","embeddable":true,"href":"https:\/\/inmocosta.com\/fr\/wp-json\/wp\/v2\/property_status?post=86278"}],"curies":[{"name":"wp","href":"https:\/\/api.w.org\/{rel}","templated":true}]}}