{"id":86669,"date":"2026-02-26T11:18:04","date_gmt":"2026-02-26T10:18:04","guid":{"rendered":"https:\/\/inmocosta.com\/properties\/casa-independent-a-flaca\/"},"modified":"2026-02-27T15:38:07","modified_gmt":"2026-02-27T14:38:07","slug":"casa-independent-a-flaca","status":"publish","type":"estate_property","link":"https:\/\/inmocosta.com\/fr\/properties\/casa-independent-a-flaca\/","title":{"rendered":"Maison individuelle \u00e0 Fla\u00e7\u00e0"},"content":{"rendered":"<p>[vc_row][vc_column][vc_column_text]<\/p>\n<h3 data-start=\"179\" data-end=\"487\">Maison individuelle \u00e0 Fla\u00e7\u00e0<\/h3>\n<p data-start=\"0\" data-end=\"352\"><strong data-start=\"0\" data-end=\"56\">Grande maison individuelle situ\u00e9e au centre de Fla\u00e7\u00e0<\/strong>, dans un environnement calme avec tous les services accessibles \u00e0 pied : commerces, \u00e9cole, pharmacie. Elle se distingue par son excellente communication, \u00e0 seulement 20 minutes de G\u00e9rone en voiture et 15 minutes en train, avec une gare dans la m\u00eame commune et une liaison directe avec Barcelone.<\/p>\n<p data-start=\"354\" data-end=\"472\">La propri\u00e9t\u00e9 est implant\u00e9e sur un terrain d\u2019environ 360 m\u00b2 et dispose de 316 m\u00b2 construits r\u00e9partis sur trois niveaux.<\/p>\n<p data-start=\"474\" data-end=\"789\">Au rez-de-chauss\u00e9e, nous trouvons une vaste entr\u00e9e qui m\u00e8ne au salon avec chemin\u00e9e, \u00e0 la salle \u00e0 manger, \u00e0 une cuisine ind\u00e9pendante avec buanderie, \u00e0 une chambre en suite, \u00e0 des espaces auxiliaires et \u00e0 l\u2019acc\u00e8s au jardin avec terrasse et barbecue. Elle dispose \u00e9galement d\u2019un acc\u00e8s pour les v\u00e9hicules depuis la rue.<\/p>\n<p data-start=\"791\" data-end=\"911\">Le premier \u00e9tage comprend quatre chambres doubles, dont deux avec acc\u00e8s au balcon, ainsi qu\u2019une salle de bains compl\u00e8te.<\/p>\n<p data-start=\"913\" data-end=\"1029\">Le dernier \u00e9tage offre un espace type combles actuellement utilis\u00e9 comme d\u00e9barras, avec acc\u00e8s \u00e0 une grande terrasse.<\/p>\n<p data-start=\"1031\" data-end=\"1272\">La maison conserve des \u00e9l\u00e9ments d\u2019origine qui lui conf\u00e8rent beaucoup de caract\u00e8re. Bien qu\u2019elle n\u00e9cessite une r\u00e9novation, elle dispose d\u00e9j\u00e0 de menuiseries avec double vitrage et de la climatisation avec pompe \u00e0 chaleur dans certaines pi\u00e8ces.<\/p>\n<p data-start=\"1274\" data-end=\"1448\">Une propri\u00e9t\u00e9 avec une grande superficie et des espaces ext\u00e9rieurs, id\u00e9ale pour ceux qui recherchent la tranquillit\u00e9 sans s\u2019\u00e9loigner de G\u00e9rone et avec de bonnes connexions.<\/p>\n<p>[\/vc_column_text][\/vc_column][\/vc_row][vc_row][vc_column][vc_separator][\/vc_column][\/vc_row]<\/p>\n","protected":false},"excerpt":{"rendered":"<p>[vc_row][vc_column][vc_column_text] Maison individuelle \u00e0 Fla\u00e7\u00e0 Grande maison individuelle situ\u00e9e au centre de Fla\u00e7\u00e0, dans un environnement calme avec tous les services accessibles \u00e0 pied : commerces, \u00e9cole, pharmacie. Elle se distingue par son excellente communication, \u00e0 seulement 20 minutes de G\u00e9rone en voiture et 15 minutes en train, avec une gare dans la m\u00eame commune et une liaison directe avec Barcelone. La propri\u00e9t\u00e9 est &#8230;<\/p>\n","protected":false},"featured_media":86561,"comment_status":"closed","ping_status":"closed","template":"","property_category":[146],"property_action_category":[156],"property_city":[3278],"property_area":[3279],"property_county_state":[75,2488],"property_features":[3123,3173,3166,3208,3179,3186,3192,3120],"property_status":[],"class_list":["post-86669","estate_property","type-estate_property","status-publish","has-post-thumbnail","hentry","property_category-maison","property_action_category-en-vente","property_city-flaca-fr","property_area-flaca-fr","property_county_state-baix-emporda","property_county_state-girones","property_features-air-aconditioning-fr","property_features-alarm-fr","property_features-bbq-fr","property_features-chill-out-area-fr","property_features-garage-fr","property_features-parking-place-fr","property_features-parking-space-for-various-cars-fr","property_features-terrace-fr"],"yoast_head":"<!-- This site is optimized with the Yoast SEO plugin v21.8 - https:\/\/yoast.com\/wordpress\/plugins\/seo\/ -->\n<title>Maison individuelle \u00e0 Fla\u00e7\u00e0 - Inmocosta API l&#039;Estartit<\/title>\n<meta name=\"description\" content=\"Maison individuelle situ\u00e9e dans la rue principale de Fla\u00e7\u00e0, \u00e0 20 minutes en voiture de G\u00e9rone \u2013 Inmocosta API Estartit\" \/>\n<meta name=\"robots\" content=\"index, follow, max-snippet:-1, max-image-preview:large, max-video-preview:-1\" \/>\n<link rel=\"canonical\" href=\"https:\/\/inmocosta.com\/fr\/properties\/casa-independent-a-flaca\/\" \/>\n<meta property=\"og:locale\" content=\"fr_FR\" \/>\n<meta property=\"og:type\" content=\"article\" \/>\n<meta property=\"og:title\" content=\"Maison individuelle \u00e0 Fla\u00e7\u00e0 - Inmocosta API l&#039;Estartit\" \/>\n<meta property=\"og:description\" content=\"Maison individuelle situ\u00e9e dans la rue principale de Fla\u00e7\u00e0, \u00e0 20 minutes en voiture de G\u00e9rone \u2013 Inmocosta API Estartit\" \/>\n<meta property=\"og:url\" content=\"https:\/\/inmocosta.com\/fr\/properties\/casa-independent-a-flaca\/\" \/>\n<meta property=\"og:site_name\" content=\"- Inmocosta API l&#039;Estartit\" \/>\n<meta property=\"article:publisher\" content=\"https:\/\/www.facebook.com\/inmocostaapi\/\" \/>\n<meta property=\"article:modified_time\" content=\"2026-02-27T14:38:07+00:00\" \/>\n<meta property=\"og:image\" content=\"https:\/\/inmocosta.com\/wp-content\/uploads\/2026\/02\/ChatGPT-Image-23-feb-2026-10_29_12.jpg\" \/>\n\t<meta property=\"og:image:width\" content=\"600\" \/>\n\t<meta property=\"og:image:height\" content=\"600\" \/>\n\t<meta property=\"og:image:type\" content=\"image\/jpeg\" \/>\n<meta name=\"twitter:card\" content=\"summary_large_image\" \/>\n<meta name=\"twitter:label1\" content=\"Dur\u00e9e de lecture estim\u00e9e\" \/>\n\t<meta name=\"twitter:data1\" content=\"2 minutes\" \/>\n<script type=\"application\/ld+json\" class=\"yoast-schema-graph\">{\"@context\":\"https:\/\/schema.org\",\"@graph\":[{\"@type\":\"WebPage\",\"@id\":\"https:\/\/inmocosta.com\/fr\/properties\/casa-independent-a-flaca\/\",\"url\":\"https:\/\/inmocosta.com\/fr\/properties\/casa-independent-a-flaca\/\",\"name\":\"Maison individuelle \u00e0 Fla\u00e7\u00e0 - Inmocosta API l&#039;Estartit\",\"isPartOf\":{\"@id\":\"https:\/\/inmocosta.com\/fr\/#website\"},\"datePublished\":\"2026-02-26T10:18:04+00:00\",\"dateModified\":\"2026-02-27T14:38:07+00:00\",\"description\":\"Maison individuelle situ\u00e9e dans la rue principale de Fla\u00e7\u00e0, \u00e0 20 minutes en voiture de G\u00e9rone \u2013 Inmocosta API Estartit\",\"breadcrumb\":{\"@id\":\"https:\/\/inmocosta.com\/fr\/properties\/casa-independent-a-flaca\/#breadcrumb\"},\"inLanguage\":\"fr-FR\",\"potentialAction\":[{\"@type\":\"ReadAction\",\"target\":[\"https:\/\/inmocosta.com\/fr\/properties\/casa-independent-a-flaca\/\"]}]},{\"@type\":\"BreadcrumbList\",\"@id\":\"https:\/\/inmocosta.com\/fr\/properties\/casa-independent-a-flaca\/#breadcrumb\",\"itemListElement\":[{\"@type\":\"ListItem\",\"position\":1,\"name\":\"Home\",\"item\":\"https:\/\/inmocosta.com\/fr\/\"},{\"@type\":\"ListItem\",\"position\":2,\"name\":\"Propri\u00e9t\u00e9s\",\"item\":\"https:\/\/inmocosta.com\/fr\/properties\/\"},{\"@type\":\"ListItem\",\"position\":3,\"name\":\"Maison individuelle \u00e0 Fla\u00e7\u00e0\"}]},{\"@type\":\"WebSite\",\"@id\":\"https:\/\/inmocosta.com\/fr\/#website\",\"url\":\"https:\/\/inmocosta.com\/fr\/\",\"name\":\"- Inmocosta API l&#039;Estartit\",\"description\":\"Ag\u00e8ncia immobiliaria dedicada exclusivament a la compra venda d\u00b4immobles . L&#039;assessorem en la compra del seu habitatge. Comprar cases, pisos, apartaments.\",\"publisher\":{\"@id\":\"https:\/\/inmocosta.com\/fr\/#organization\"},\"potentialAction\":[{\"@type\":\"SearchAction\",\"target\":{\"@type\":\"EntryPoint\",\"urlTemplate\":\"https:\/\/inmocosta.com\/fr\/?s={search_term_string}\"},\"query-input\":\"required name=search_term_string\"}],\"inLanguage\":\"fr-FR\"},{\"@type\":\"Organization\",\"@id\":\"https:\/\/inmocosta.com\/fr\/#organization\",\"name\":\"Inmocosta API L'Estartit\",\"url\":\"https:\/\/inmocosta.com\/fr\/\",\"logo\":{\"@type\":\"ImageObject\",\"inLanguage\":\"fr-FR\",\"@id\":\"https:\/\/inmocosta.com\/fr\/#\/schema\/logo\/image\/\",\"url\":\"https:\/\/inmocosta.com\/wp-content\/uploads\/2025\/01\/imatge_usuari.png\",\"contentUrl\":\"https:\/\/inmocosta.com\/wp-content\/uploads\/2025\/01\/imatge_usuari.png\",\"width\":500,\"height\":500,\"caption\":\"Inmocosta API L'Estartit\"},\"image\":{\"@id\":\"https:\/\/inmocosta.com\/fr\/#\/schema\/logo\/image\/\"},\"sameAs\":[\"https:\/\/www.facebook.com\/inmocostaapi\/\",\"https:\/\/www.instagram.com\/inmocosta_api\/\",\"https:\/\/www.youtube.com\/channel\/UCidmbkY6BpJG9MA_OQUZgYQ\"]}]}<\/script>\n<!-- \/ Yoast SEO plugin. -->","yoast_head_json":{"title":"Maison individuelle \u00e0 Fla\u00e7\u00e0 - Inmocosta API l&#039;Estartit","description":"Maison individuelle situ\u00e9e dans la rue principale de Fla\u00e7\u00e0, \u00e0 20 minutes en voiture de G\u00e9rone \u2013 Inmocosta API Estartit","robots":{"index":"index","follow":"follow","max-snippet":"max-snippet:-1","max-image-preview":"max-image-preview:large","max-video-preview":"max-video-preview:-1"},"canonical":"https:\/\/inmocosta.com\/fr\/properties\/casa-independent-a-flaca\/","og_locale":"fr_FR","og_type":"article","og_title":"Maison individuelle \u00e0 Fla\u00e7\u00e0 - Inmocosta API l&#039;Estartit","og_description":"Maison individuelle situ\u00e9e dans la rue principale de Fla\u00e7\u00e0, \u00e0 20 minutes en voiture de G\u00e9rone \u2013 Inmocosta API Estartit","og_url":"https:\/\/inmocosta.com\/fr\/properties\/casa-independent-a-flaca\/","og_site_name":"- Inmocosta API l&#039;Estartit","article_publisher":"https:\/\/www.facebook.com\/inmocostaapi\/","article_modified_time":"2026-02-27T14:38:07+00:00","og_image":[{"width":600,"height":600,"url":"https:\/\/inmocosta.com\/wp-content\/uploads\/2026\/02\/ChatGPT-Image-23-feb-2026-10_29_12.jpg","type":"image\/jpeg"}],"twitter_card":"summary_large_image","twitter_misc":{"Dur\u00e9e de lecture estim\u00e9e":"2 minutes"},"schema":{"@context":"https:\/\/schema.org","@graph":[{"@type":"WebPage","@id":"https:\/\/inmocosta.com\/fr\/properties\/casa-independent-a-flaca\/","url":"https:\/\/inmocosta.com\/fr\/properties\/casa-independent-a-flaca\/","name":"Maison individuelle \u00e0 Fla\u00e7\u00e0 - Inmocosta API l&#039;Estartit","isPartOf":{"@id":"https:\/\/inmocosta.com\/fr\/#website"},"datePublished":"2026-02-26T10:18:04+00:00","dateModified":"2026-02-27T14:38:07+00:00","description":"Maison individuelle situ\u00e9e dans la rue principale de Fla\u00e7\u00e0, \u00e0 20 minutes en voiture de G\u00e9rone \u2013 Inmocosta API Estartit","breadcrumb":{"@id":"https:\/\/inmocosta.com\/fr\/properties\/casa-independent-a-flaca\/#breadcrumb"},"inLanguage":"fr-FR","potentialAction":[{"@type":"ReadAction","target":["https:\/\/inmocosta.com\/fr\/properties\/casa-independent-a-flaca\/"]}]},{"@type":"BreadcrumbList","@id":"https:\/\/inmocosta.com\/fr\/properties\/casa-independent-a-flaca\/#breadcrumb","itemListElement":[{"@type":"ListItem","position":1,"name":"Home","item":"https:\/\/inmocosta.com\/fr\/"},{"@type":"ListItem","position":2,"name":"Propri\u00e9t\u00e9s","item":"https:\/\/inmocosta.com\/fr\/properties\/"},{"@type":"ListItem","position":3,"name":"Maison individuelle \u00e0 Fla\u00e7\u00e0"}]},{"@type":"WebSite","@id":"https:\/\/inmocosta.com\/fr\/#website","url":"https:\/\/inmocosta.com\/fr\/","name":"- Inmocosta API l&#039;Estartit","description":"Ag\u00e8ncia immobiliaria dedicada exclusivament a la compra venda d\u00b4immobles . L&#039;assessorem en la compra del seu habitatge. Comprar cases, pisos, apartaments.","publisher":{"@id":"https:\/\/inmocosta.com\/fr\/#organization"},"potentialAction":[{"@type":"SearchAction","target":{"@type":"EntryPoint","urlTemplate":"https:\/\/inmocosta.com\/fr\/?s={search_term_string}"},"query-input":"required name=search_term_string"}],"inLanguage":"fr-FR"},{"@type":"Organization","@id":"https:\/\/inmocosta.com\/fr\/#organization","name":"Inmocosta API L'Estartit","url":"https:\/\/inmocosta.com\/fr\/","logo":{"@type":"ImageObject","inLanguage":"fr-FR","@id":"https:\/\/inmocosta.com\/fr\/#\/schema\/logo\/image\/","url":"https:\/\/inmocosta.com\/wp-content\/uploads\/2025\/01\/imatge_usuari.png","contentUrl":"https:\/\/inmocosta.com\/wp-content\/uploads\/2025\/01\/imatge_usuari.png","width":500,"height":500,"caption":"Inmocosta API L'Estartit"},"image":{"@id":"https:\/\/inmocosta.com\/fr\/#\/schema\/logo\/image\/"},"sameAs":["https:\/\/www.facebook.com\/inmocostaapi\/","https:\/\/www.instagram.com\/inmocosta_api\/","https:\/\/www.youtube.com\/channel\/UCidmbkY6BpJG9MA_OQUZgYQ"]}]}},"_links":{"self":[{"href":"https:\/\/inmocosta.com\/fr\/wp-json\/wp\/v2\/estate_property\/86669","targetHints":{"allow":["GET"]}}],"collection":[{"href":"https:\/\/inmocosta.com\/fr\/wp-json\/wp\/v2\/estate_property"}],"about":[{"href":"https:\/\/inmocosta.com\/fr\/wp-json\/wp\/v2\/types\/estate_property"}],"replies":[{"embeddable":true,"href":"https:\/\/inmocosta.com\/fr\/wp-json\/wp\/v2\/comments?post=86669"}],"wp:featuredmedia":[{"embeddable":true,"href":"https:\/\/inmocosta.com\/fr\/wp-json\/wp\/v2\/media\/86561"}],"wp:attachment":[{"href":"https:\/\/inmocosta.com\/fr\/wp-json\/wp\/v2\/media?parent=86669"}],"wp:term":[{"taxonomy":"property_category","embeddable":true,"href":"https:\/\/inmocosta.com\/fr\/wp-json\/wp\/v2\/property_category?post=86669"},{"taxonomy":"property_action_category","embeddable":true,"href":"https:\/\/inmocosta.com\/fr\/wp-json\/wp\/v2\/property_action_category?post=86669"},{"taxonomy":"property_city","embeddable":true,"href":"https:\/\/inmocosta.com\/fr\/wp-json\/wp\/v2\/property_city?post=86669"},{"taxonomy":"property_area","embeddable":true,"href":"https:\/\/inmocosta.com\/fr\/wp-json\/wp\/v2\/property_area?post=86669"},{"taxonomy":"property_county_state","embeddable":true,"href":"https:\/\/inmocosta.com\/fr\/wp-json\/wp\/v2\/property_county_state?post=86669"},{"taxonomy":"property_features","embeddable":true,"href":"https:\/\/inmocosta.com\/fr\/wp-json\/wp\/v2\/property_features?post=86669"},{"taxonomy":"property_status","embeddable":true,"href":"https:\/\/inmocosta.com\/fr\/wp-json\/wp\/v2\/property_status?post=86669"}],"curies":[{"name":"wp","href":"https:\/\/api.w.org\/{rel}","templated":true}]}}